{"id":30782,"date":"2024-02-04T18:37:48","date_gmt":"2024-02-05T00:37:48","guid":{"rendered":"https:\/\/amberadvocate.org\/staff-bio\/janell-rasmussen\/"},"modified":"2025-10-23T15:38:52","modified_gmt":"2025-10-23T20:38:52","slug":"janell-rasmussen","status":"publish","type":"staff-bio","link":"https:\/\/amberadvocate.org\/es\/staff-bio\/janell-rasmussen\/","title":{"rendered":"Janell Rasmussen"},"template":"","class_list":["post-30782","staff-bio","type-staff-bio","status-publish","hentry"],"meta_box":{"staff_bio_staff_bio_headshot":[],"staff_bio_staff_bio_title":"Director del NCJTC y administrador de AATTAP","staff_bio_staff_bio_email":"","staff_bio_staff_bio_email_btn_text":"Env\u00eda un correo electr\u00f3nico a Janell","staff_bio_staff_bio_about_btn_text":"Sobre Janell","staff_bio_staff_bio_description":"<p><strong>Janell Rasmussen<\/strong> es la directora del Centro Nacional de Capacitaci\u00f3n en Justicia Penal (NCJTC) del Fox Valley Technical College. El Departamento de Justicia de EE. UU. ha confiado al NCJTC la tarea de proporcionar la lista m\u00e1s extensa y completa del pa\u00eds de iniciativas de capacitaci\u00f3n y asistencia t\u00e9cnica impartidas por los principales expertos del pa\u00eds en justicia penal. <\/p>\n<p>Como parte de su funci\u00f3n de liderazgo en el NCJTC, desde 2020 Rasmussen ha ejercido como administradora del Programa de Capacitaci\u00f3n y Asistencia T\u00e9cnica de Alerta AMBER (AATTAP) financiado con fondos federales y de la iniciativa Alerta AMBER en Territorios Indios (AIIC). El AATTAP y el AIIC han trabajado con miles de funcionarios de seguridad p\u00fablica estatales, locales y tribales en todo Estados Unidos, y en territorios estadounidenses y pa\u00edses fronterizos como Canad\u00e1 y M\u00e9xico, para aumentar sus capacidades de respuesta, fomentar relaciones de trabajo colaborativas y garantizar la preparaci\u00f3n tecnol\u00f3gica en caso de que un ni\u00f1o desaparezca. <\/p>\n<p>Antes de unirse al NCJTC en 2016, Rasmussen pas\u00f3 m\u00e1s de dos d\u00e9cadas trabajando en seguridad p\u00fablica para desarrollar, implementar y operar m\u00faltiples programas policiales a nivel estatal que han tenido un gran \u00e9xito y reconocimiento a nivel nacional.<\/p>\n<p>Durante sus 16 a\u00f1os de permanencia en la Oficina de Aprehensi\u00f3n Criminal de Minnesota (BCA), Rasmussen fue responsable del desarrollo y las operaciones de m\u00faltiples programas a nivel estatal, incluido el Plan de Alerta AMBER de Minnesota, el Centro de Intercambio de Informaci\u00f3n sobre Ni\u00f1os Desaparecidos, el Programa de Comunicaci\u00f3n y Oficial de Servicio, la Conferencia sobre Delitos contra Ni\u00f1os en Territorios Indios y la Iniciativa del Presidente sobre Personas Desaparecidas y No Identificadas. Sus funciones en la BCA abarcaron desde Directora de Capacitaci\u00f3n y Educaci\u00f3n en Justicia Penal hasta Coordinadora Legislativa y de Medios de Comunicaci\u00f3n. <\/p>\n<p>Rasmussen tambi\u00e9n trabaj\u00f3 en protecci\u00f3n infantil durante cinco a\u00f1os como Subdirectora en la Archidi\u00f3cesis de St. Paul y Minneapolis.<\/p>\n<p>Janell ha recibido certificaciones de la Escuela de Capacitaci\u00f3n del Bur\u00f3 Federal de Investigaci\u00f3n \u2013 Programa de Desarrollo de Instructores; Asociaci\u00f3n Internacional de Jefes de Polic\u00eda \u2013 Programa de Liderazgo en Organizaciones Policiales; Colegio Judicial Nacional \u2013 Programa de Desarrollo de la Facultad Tribal; y numerosos certificados de capacitaci\u00f3n sobre una multitud de temas, incluyendo gesti\u00f3n, liderazgo, trata de personas, Alertas AMBER, violencia dom\u00e9stica, recursos de investigaci\u00f3n, intercambio de informaci\u00f3n, gesti\u00f3n de proyectos y desarrollo de programas.<\/p>\n"},"publishpress_future_workflow_manual_trigger":{"enabledWorkflows":[]},"_links":{"self":[{"href":"https:\/\/amberadvocate.org\/es\/wp-json\/wp\/v2\/staff-bio\/30782","targetHints":{"allow":["GET"]}}],"collection":[{"href":"https:\/\/amberadvocate.org\/es\/wp-json\/wp\/v2\/staff-bio"}],"about":[{"href":"https:\/\/amberadvocate.org\/es\/wp-json\/wp\/v2\/types\/staff-bio"}],"wp:attachment":[{"href":"https:\/\/amberadvocate.org\/es\/wp-json\/wp\/v2\/media?parent=30782"}],"curies":[{"name":"wp","href":"https:\/\/api.w.org\/{rel}","templated":true}]}}