{"id":30323,"date":"2024-04-03T15:56:32","date_gmt":"2024-04-03T20:56:32","guid":{"rendered":"https:\/\/amberadvocate.org\/webinarios-a-la-carta\/"},"modified":"2025-12-01T07:41:47","modified_gmt":"2025-12-01T13:41:47","slug":"webinarios-a-la-carta","status":"publish","type":"page","link":"https:\/\/amberadvocate.org\/es\/sobre-nuestra-formacion\/webinarios-a-la-carta\/","title":{"rendered":"Webinarios a la carta"},"content":{"rendered":"<div id=\"pl-30323\"  class=\"panel-layout\" ><div id=\"pg-30323-0\"  class=\"panel-grid panel-no-style\" ><div id=\"pgc-30323-0-0\"  class=\"panel-grid-cell\" ><div id=\"panel-30323-0-0-0\" class=\"so-panel widget widget_sow-editor panel-first-child panel-last-child\" data-index=\"0\" ><div\n\t\t\t\n\t\t\tclass=\"so-widget-sow-editor so-widget-sow-editor-base\"\n\t\t\t\n\t\t>\n<div class=\"siteorigin-widget-tinymce textwidget\">\n\t<p>Utilice los siguientes filtros para seleccionar un seminario web a la carta.<\/p>\n<\/div>\n<\/div><\/div><\/div><\/div><div id=\"pg-30323-1\"  class=\"panel-grid panel-no-style\" ><div id=\"pgc-30323-1-0\"  class=\"panel-grid-cell\" ><div id=\"panel-30323-1-0-0\" class=\"widget_text so-panel widget widget_custom_html panel-first-child panel-last-child\" data-index=\"1\" ><div class=\"textwidget custom-html-widget\"><div class=\"facetwp-facet facetwp-facet-webinars_sub_category_select facetwp-type-dropdown\" data-name=\"webinars_sub_category_select\" data-type=\"dropdown\"><\/div><\/div><\/div><\/div><div id=\"pgc-30323-1-1\"  class=\"panel-grid-cell\" ><div id=\"panel-30323-1-1-0\" class=\"widget_text so-panel widget widget_custom_html panel-first-child panel-last-child\" data-index=\"2\" ><div class=\"textwidget custom-html-widget\">    <form class=\"aa-facet-search-wrapper\" role=\"search\" aria-label=\"Site search\" onsubmit=\"return false;\">\n        <div class=\"facetwp-facet facetwp-facet-public_resources_search facetwp-type-search\" data-name=\"public_resources_search\" data-type=\"search\"><\/div>        <button id=\"aa-submit-facet\" type=\"button\" class=\"btn\" aria-label=\"Env\u00eda\">\n            Env\u00eda        <\/button>\n        <button id=\"aa-clear-facet\" type=\"button\" class=\"btn\" aria-label=\"Borrar\">\n            Borrar        <\/button>\n    <\/form>\n    <\/div><\/div><\/div><\/div><div id=\"pg-30323-2\"  class=\"panel-grid panel-no-style\" ><div id=\"pgc-30323-2-0\"  class=\"panel-grid-cell\" ><div id=\"panel-30323-2-0-0\" class=\"widget_text so-panel widget widget_custom_html panel-first-child panel-last-child\" data-index=\"3\" ><div class=\"textwidget custom-html-widget\"><div class=\"facetwp-template\" data-name=\"webinars_output\"><div class=\"aa-card-container public-resources-card-container\">\n\n<div class=\"aa-card aa-card--split-section-header align-left\" role=\"article\" aria-labelledby=\"card-title-1\">\n    <div class=\"aa-card-header\">\n        <div class=\"aa-card-img\" style=\"background-image:url(https:\/\/amberadvocate.org\/wp-content\/uploads\/2026\/04\/Ashley-Johnson-Barr-Pt2_Webinar_900x595.jpg); background-position: center center;\"            aria-hidden=\"true\">\n            <div class=\"aa-card-category-and-date-wrapper\"><div class=\"aa-card-category\">Webinar<\/div><div class=\"aa-card-date-wrapper\"><div class=\"aa-card-date\"><span class=\"aa-card-date-start\">May 19, 2026<\/span><\/div><\/div><\/div>        <\/div>\n    <\/div>\n    <div class=\"aa-card-body \">\n        <h4 id=\"card-title-1\" class=\"aa-card-title\">Respuesta al secuestro de Ashley Johnson Barr: colaboraci\u00f3n entre la comunidad y el estado<\/h4>\n                <div class=\"aa-card-copy-and-btn-stretch-height-wrapper\">\n            <p>Esta presentaci\u00f3n destaca la respuesta al secuestro de Ashley Johnson-Barr, de 10 a\u00f1os, el 6 de septiembre de 2018 en...<\/p>            <div class=\"aa-card-btn-wrapper\">\n                <a target=\"_blank\" class=\"btn sm blue\" href=\"https:\/\/ncjtc.fvtc.edu\/trainings\/TR03252921\/TRI3252981\/responding-to-the-abduction-of-ashley-johnson-barr-community-and-state-collaboration\"\n                    aria-label=\"Respuesta al secuestro de Ashley Johnson Barr: colaboraci\u00f3n entre la comunidad y el estado \u2014 opens in a new tab\">\n                    Inscr\u00edbase en el seminario web                <\/a>\n            <\/div>\n        <\/div> <!-- end aa-card-copy-and-btn-stretch-height-wrapper -->\n    <\/div><!-- end aa-card-body -->\n    <div class=\"aa-card-footer\">\n    <\/div> <!-- end aa-card-footer -->\n<\/div>\n\n<div class=\"aa-card aa-card--split-section-header align-left\" role=\"article\" aria-labelledby=\"card-title-1\">\n    <div class=\"aa-card-header\">\n        <div class=\"aa-card-img\" style=\"background-image:url(https:\/\/amberadvocate.org\/wp-content\/uploads\/2026\/02\/Missing-Children-Investigation_magnifying-glass-phone.png); background-position: center center;\"            aria-hidden=\"true\">\n            <div class=\"aa-card-category-and-date-wrapper\"><div class=\"aa-card-category\">Webinar<\/div><div class=\"aa-card-date-wrapper\"><div class=\"aa-card-date\"><span class=\"aa-card-date-start\">Jul 16, 2026<\/span><\/div><\/div><\/div>        <\/div>\n    <\/div>\n    <div class=\"aa-card-body \">\n        <h4 id=\"card-title-1\" class=\"aa-card-title\">Investigaciones de Ni\u00f1os Desaparecidos, Parte 2: Redacci\u00f3n de la Orden Judicial y Descodificaci\u00f3n de la Devoluci\u00f3n<\/h4>\n                <div class=\"aa-card-copy-and-btn-stretch-height-wrapper\">\n            <p>Las investigaciones de ni\u00f1os desaparecidos comienzan cada vez m\u00e1s con pruebas digitales y de redes sociales. La segunda parte de...<\/p>            <div class=\"aa-card-btn-wrapper\">\n                <a target=\"_blank\" class=\"btn sm blue\" href=\"https:\/\/ncjtc.fvtc.edu\/trainings\/TR03164800\/TRI3164801\/missing-children-investigations-part-2-writing-the-warrant-and-decoding-the-return\"\n                    aria-label=\"Investigaciones de Ni\u00f1os Desaparecidos, Parte 2: Redacci\u00f3n de la Orden Judicial y Descodificaci\u00f3n de la Devoluci\u00f3n \u2014 opens in a new tab\">\n                    Inscr\u00edbase en el seminario web                <\/a>\n            <\/div>\n        <\/div> <!-- end aa-card-copy-and-btn-stretch-height-wrapper -->\n    <\/div><!-- end aa-card-body -->\n    <div class=\"aa-card-footer\">\n    <\/div> <!-- end aa-card-footer -->\n<\/div>\n\n<div class=\"aa-card aa-card--split-section-header align-left\" role=\"article\" aria-labelledby=\"card-title-1\">\n    <div class=\"aa-card-header\">\n        <div class=\"aa-card-img\" style=\"background-image:url(https:\/\/amberadvocate.org\/wp-content\/uploads\/2025\/09\/Missing-in-Alaska-The-Ashley-Johnson-Barr-Story-2.jpg); background-position: center center;\"            aria-hidden=\"true\">\n            <div class=\"aa-card-category-and-date-wrapper\"><div class=\"aa-card-category\">Webinar<\/div><div class=\"aa-card-date-wrapper\"><div class=\"aa-card-date\"><span class=\"aa-card-date-start\">Oct 02, 2025<\/span><\/div><\/div><\/div>        <\/div>\n    <\/div>\n    <div class=\"aa-card-body \">\n        <h4 id=\"card-title-1\" class=\"aa-card-title\">Desaparecida en Alaska: la historia de Ashley Johnson-Barr<\/h4>\n                <div class=\"aa-card-copy-and-btn-stretch-height-wrapper\">\n            <p>Esta presentaci\u00f3n destaca la tr\u00e1gica historia de Ashley Johnson-Barr, una ni\u00f1a de 10 a\u00f1os secuestrada en Kotzebue, Alaska. Explore los...<\/p>            <div class=\"aa-card-btn-wrapper\">\n                <a target=\"_blank\" class=\"btn sm blue\" href=\"https:\/\/ncjtc.fvtc.edu\/trainings\/TR03067219\/TRI3067240\/missing-in-alaska-the-ashley-johnson-barr-story-1\"\n                    aria-label=\"Desaparecida en Alaska: la historia de Ashley Johnson-Barr \u2014 opens in a new tab\">\n                    Ver Webinar                <\/a>\n            <\/div>\n        <\/div> <!-- end aa-card-copy-and-btn-stretch-height-wrapper -->\n    <\/div><!-- end aa-card-body -->\n    <div class=\"aa-card-footer\">\n    <\/div> <!-- end aa-card-footer -->\n<\/div>\n\n<div class=\"aa-card aa-card--split-section-header align-left\" role=\"article\" aria-labelledby=\"card-title-1\">\n    <div class=\"aa-card-header\">\n        <div class=\"aa-card-img\" style=\"background-image:url(https:\/\/amberadvocate.org\/wp-content\/uploads\/2025\/08\/Survivor-Stories-From-Abduction-to-Advocate-2.jpg); background-position: center center;\"            aria-hidden=\"true\">\n            <div class=\"aa-card-category-and-date-wrapper\"><div class=\"aa-card-category\">Webinar<\/div><div class=\"aa-card-date-wrapper\"><div class=\"aa-card-date\"><span class=\"aa-card-date-start\">Sep 17, 2025<\/span><\/div><\/div><\/div>        <\/div>\n    <\/div>\n    <div class=\"aa-card-body \">\n        <h4 id=\"card-title-1\" class=\"aa-card-title\">Historias de supervivientes: de secuestro a defensor<\/h4>\n                <div class=\"aa-card-copy-and-btn-stretch-height-wrapper\">\n            <p>\u00danase a la Dra. Noelle Hunter, superviviente de la sustracci\u00f3n internacional de menores por parte de uno de los progenitores...<\/p>            <div class=\"aa-card-btn-wrapper\">\n                <a target=\"_blank\" class=\"btn sm blue\" href=\"https:\/\/ncjtc.fvtc.edu\/trainings\/TR03045107\/TRI3045124\/survivor-stories-from-abduction-to-advocate-1\"\n                    aria-label=\"Historias de supervivientes: de secuestro a defensor \u2014 opens in a new tab\">\n                    Ver Webinar                <\/a>\n            <\/div>\n        <\/div> <!-- end aa-card-copy-and-btn-stretch-height-wrapper -->\n    <\/div><!-- end aa-card-body -->\n    <div class=\"aa-card-footer\">\n    <\/div> <!-- end aa-card-footer -->\n<\/div>\n\n<div class=\"aa-card aa-card--split-section-header align-left\" role=\"article\" aria-labelledby=\"card-title-1\">\n    <div class=\"aa-card-header\">\n        <div class=\"aa-card-img\" style=\"background-image:url(https:\/\/amberadvocate.org\/wp-content\/uploads\/2025\/08\/Critical-First-Steps-Assessment-Techniques-in-Missing-Children-Incidents.jpg); background-position: center center;\"            aria-hidden=\"true\">\n            <div class=\"aa-card-category-and-date-wrapper\"><div class=\"aa-card-category\">Webinar<\/div><div class=\"aa-card-date-wrapper\"><div class=\"aa-card-date\"><span class=\"aa-card-date-start\">Sep 03, 2025<\/span><\/div><\/div><\/div>        <\/div>\n    <\/div>\n    <div class=\"aa-card-body \">\n        <h4 id=\"card-title-1\" class=\"aa-card-title\">Primeros pasos cr\u00edticos: t\u00e9cnicas de evaluaci\u00f3n en incidentes de ni\u00f1os desaparecidos<\/h4>\n                <div class=\"aa-card-copy-and-btn-stretch-height-wrapper\">\n            <p>Identifique las cinco categor\u00edas clave de casos de ni\u00f1os desaparecidos y explore c\u00f3mo detectar las se\u00f1ales de advertencia que colocan...<\/p>            <div class=\"aa-card-btn-wrapper\">\n                <a target=\"_blank\" class=\"btn sm blue\" href=\"https:\/\/ncjtc.fvtc.edu\/trainings\/TR03023284\/TRI3023286\/critical-first-steps-assessment-techniques-in-missing-children-incidents-1\"\n                    aria-label=\"Primeros pasos cr\u00edticos: t\u00e9cnicas de evaluaci\u00f3n en incidentes de ni\u00f1os desaparecidos \u2014 opens in a new tab\">\n                    Ver Webinar                <\/a>\n            <\/div>\n        <\/div> <!-- end aa-card-copy-and-btn-stretch-height-wrapper -->\n    <\/div><!-- end aa-card-body -->\n    <div class=\"aa-card-footer\">\n    <\/div> <!-- end aa-card-footer -->\n<\/div>\n\n<div class=\"aa-card aa-card--split-section-header align-left\" role=\"article\" aria-labelledby=\"card-title-1\">\n    <div class=\"aa-card-header\">\n        <div class=\"aa-card-img\" style=\"background-image:url(https:\/\/amberadvocate.org\/wp-content\/uploads\/2025\/08\/Every-Second-Counts-Enhancing-NCIC-Entry-for-Missing-Children.jpg); background-position: center center;\"            aria-hidden=\"true\">\n            <div class=\"aa-card-category-and-date-wrapper\"><div class=\"aa-card-category\">Webinar<\/div><div class=\"aa-card-date-wrapper\"><div class=\"aa-card-date\"><span class=\"aa-card-date-start\">Aug 06, 2025<\/span><\/div><\/div><\/div>        <\/div>\n    <\/div>\n    <div class=\"aa-card-body \">\n        <h4 id=\"card-title-1\" class=\"aa-card-title\">Cada segundo cuenta: mejora de la entrada al NCIC para ni\u00f1os desaparecidos<\/h4>\n                <div class=\"aa-card-copy-and-btn-stretch-height-wrapper\">\n            <p>Los operadores del 911, los agentes del orden y el personal de apoyo son la primera l\u00ednea para garantizar que...<\/p>            <div class=\"aa-card-btn-wrapper\">\n                <a target=\"_blank\" class=\"btn sm blue\" href=\"https:\/\/ncjtc.fvtc.edu\/trainings\/TR02990695\/TRI2990696\/every-second-counts-enhancing-ncic-entry-for-missing-children-1\"\n                    aria-label=\"Cada segundo cuenta: mejora de la entrada al NCIC para ni\u00f1os desaparecidos \u2014 opens in a new tab\">\n                    Ver Webinar                <\/a>\n            <\/div>\n        <\/div> <!-- end aa-card-copy-and-btn-stretch-height-wrapper -->\n    <\/div><!-- end aa-card-body -->\n    <div class=\"aa-card-footer\">\n    <\/div> <!-- end aa-card-footer -->\n<\/div>\n\n<div class=\"aa-card aa-card--split-section-header align-left\" role=\"article\" aria-labelledby=\"card-title-1\">\n    <div class=\"aa-card-header\">\n        <div class=\"aa-card-img\" style=\"background-image:url(https:\/\/amberadvocate.org\/wp-content\/uploads\/2025\/07\/Behavioral-Analysis-Criminal-Profiling-in-Non-Familial-Child-Abduction-Investigations.jpg); background-position: center center;\"            aria-hidden=\"true\">\n            <div class=\"aa-card-category-and-date-wrapper\"><div class=\"aa-card-category\">Webinar<\/div><div class=\"aa-card-date-wrapper\"><div class=\"aa-card-date\"><span class=\"aa-card-date-start\">Jul 23, 2025<\/span><\/div><\/div><\/div>        <\/div>\n    <\/div>\n    <div class=\"aa-card-body \">\n        <h4 id=\"card-title-1\" class=\"aa-card-title\">An\u00e1lisis del comportamiento: elaboraci\u00f3n de perfiles criminales en investigaciones de secuestro infantil no familiar<\/h4>\n                <div class=\"aa-card-copy-and-btn-stretch-height-wrapper\">\n            <p>Desarrolle la capacidad de evaluar los elementos de comportamiento de la desaparici\u00f3n de un ni\u00f1o en relaci\u00f3n con los perfiles...<\/p>            <div class=\"aa-card-btn-wrapper\">\n                <a target=\"_blank\" class=\"btn sm blue\" href=\"https:\/\/ncjtc.fvtc.edu\/trainings\/TR02980835\/TRI2980845\/behavioral-analysis-criminal-profiling-in-non-familial-child-abduction-investigations-1\"\n                    aria-label=\"An\u00e1lisis del comportamiento: elaboraci\u00f3n de perfiles criminales en investigaciones de secuestro infantil no familiar \u2014 opens in a new tab\">\n                    Ver Webinar                <\/a>\n            <\/div>\n        <\/div> <!-- end aa-card-copy-and-btn-stretch-height-wrapper -->\n    <\/div><!-- end aa-card-body -->\n    <div class=\"aa-card-footer\">\n    <\/div> <!-- end aa-card-footer -->\n<\/div>\n\n<div class=\"aa-card aa-card--split-section-header align-left\" role=\"article\" aria-labelledby=\"card-title-1\">\n    <div class=\"aa-card-header\">\n        <div class=\"aa-card-img\" style=\"background-image:url(https:\/\/amberadvocate.org\/wp-content\/uploads\/2025\/06\/A-Conversational-Approach-to-Interrogation-of-Child-Abduction-Suspects-Focusing-on-Cases-Involving-Sexual-Assault-and-Homicide.jpg); background-position: center center;\"            aria-hidden=\"true\">\n            <div class=\"aa-card-category-and-date-wrapper\"><div class=\"aa-card-category\">Webinar<\/div><div class=\"aa-card-date-wrapper\"><div class=\"aa-card-date\"><span class=\"aa-card-date-start\">Jun 18, 2025<\/span><\/div><\/div><\/div>        <\/div>\n    <\/div>\n    <div class=\"aa-card-body \">\n        <h4 id=\"card-title-1\" class=\"aa-card-title\">Un enfoque conversacional para el interrogatorio de sospechosos de secuestro de menores: Centr\u00e1ndose en casos relacionados con agresi\u00f3n sexual y homicidio<\/h4>\n                <div class=\"aa-card-copy-and-btn-stretch-height-wrapper\">\n            <p>Examine un enfoque no confrontacional y basado en la relaci\u00f3n para entrevistar a sospechosos en casos de secuestro de menores...<\/p>            <div class=\"aa-card-btn-wrapper\">\n                <a target=\"_blank\" class=\"btn sm blue\" href=\"https:\/\/ncjtc.fvtc.edu\/trainings\/TR02946365\/TRI2946373\/a-conversational-approach-to-interrogation-of-child-abduction-suspects-focusing-on-cases-involving-1\"\n                    aria-label=\"Un enfoque conversacional para el interrogatorio de sospechosos de secuestro de menores: Centr\u00e1ndose en casos relacionados con agresi\u00f3n sexual y homicidio \u2014 opens in a new tab\">\n                    Ver Webinar                <\/a>\n            <\/div>\n        <\/div> <!-- end aa-card-copy-and-btn-stretch-height-wrapper -->\n    <\/div><!-- end aa-card-body -->\n    <div class=\"aa-card-footer\">\n    <\/div> <!-- end aa-card-footer -->\n<\/div>\n\n<div class=\"aa-card aa-card--split-section-header align-left\" role=\"article\" aria-labelledby=\"card-title-1\">\n    <div class=\"aa-card-header\">\n        <div class=\"aa-card-img\" style=\"background-image:url(https:\/\/amberadvocate.org\/wp-content\/uploads\/2025\/06\/Harnessing-Digital-Evidence-to-Find-Missing-and-Abducted-Children.jpg); background-position: center center;\"            aria-hidden=\"true\">\n            <div class=\"aa-card-category-and-date-wrapper\"><div class=\"aa-card-category\">Webinar<\/div><div class=\"aa-card-date-wrapper\"><div class=\"aa-card-date\"><span class=\"aa-card-date-start\">Jun 04, 2025<\/span><\/div><\/div><\/div>        <\/div>\n    <\/div>\n    <div class=\"aa-card-body \">\n        <h4 id=\"card-title-1\" class=\"aa-card-title\">Aprovechamiento de la evidencia digital para encontrar ni\u00f1os desaparecidos y secuestrados<\/h4>\n                <div class=\"aa-card-copy-and-btn-stretch-height-wrapper\">\n            <p>Profesionales de las fuerzas del orden, \u00fananse a nosotros para aprender a aprovechar la evidencia digital para localizar a ni\u00f1os...<\/p>            <div class=\"aa-card-btn-wrapper\">\n                <a target=\"_blank\" class=\"btn sm blue\" href=\"https:\/\/ncjtc.fvtc.edu\/trainings\/TR02934000\/TRI2934004\/harnessing-digital-evidence-to-find-missing-and-abducted-children-1\"\n                    aria-label=\"Aprovechamiento de la evidencia digital para encontrar ni\u00f1os desaparecidos y secuestrados \u2014 opens in a new tab\">\n                    Ver Webinar                <\/a>\n            <\/div>\n        <\/div> <!-- end aa-card-copy-and-btn-stretch-height-wrapper -->\n    <\/div><!-- end aa-card-body -->\n    <div class=\"aa-card-footer\">\n    <\/div> <!-- end aa-card-footer -->\n<\/div>\n\n<div class=\"aa-card aa-card--split-section-header align-left\" role=\"article\" aria-labelledby=\"card-title-1\">\n    <div class=\"aa-card-header\">\n        <div class=\"aa-card-img\" style=\"background-image:url(https:\/\/amberadvocate.org\/wp-content\/uploads\/2025\/04\/Child-Abduction-Response-Team-CART-The-New-Jersey-Model.jpg); background-position: center center;\"            aria-hidden=\"true\">\n            <div class=\"aa-card-category-and-date-wrapper\"><div class=\"aa-card-category\">Webinar<\/div><div class=\"aa-card-date-wrapper\"><div class=\"aa-card-date\"><span class=\"aa-card-date-start\">Apr 23, 2025<\/span><\/div><\/div><\/div>        <\/div>\n    <\/div>\n    <div class=\"aa-card-body \">\n        <h4 id=\"card-title-1\" class=\"aa-card-title\">Equipo de respuesta ante el secuestro de menores (CART): el modelo de Nueva Jersey<\/h4>\n                <div class=\"aa-card-copy-and-btn-stretch-height-wrapper\">\n            <p>Explore la historia y el desarrollo del modelo del Equipo de Respuesta ante el Secuestro de Menores (CART) de Nueva...<\/p>            <div class=\"aa-card-btn-wrapper\">\n                <a target=\"_blank\" class=\"btn sm blue\" href=\"https:\/\/ncjtc.fvtc.edu\/trainings\/TR02883190\/TRI2883201\/child-abduction-response-team-cart-the-new-jersey-model-1\"\n                    aria-label=\"Equipo de respuesta ante el secuestro de menores (CART): el modelo de Nueva Jersey \u2014 opens in a new tab\">\n                    Ver Webinar                <\/a>\n            <\/div>\n        <\/div> <!-- end aa-card-copy-and-btn-stretch-height-wrapper -->\n    <\/div><!-- end aa-card-body -->\n    <div class=\"aa-card-footer\">\n    <\/div> <!-- end aa-card-footer -->\n<\/div>\n\n<div class=\"aa-card aa-card--split-section-header align-left\" role=\"article\" aria-labelledby=\"card-title-1\">\n    <div class=\"aa-card-header\">\n        <div class=\"aa-card-img\" style=\"background-image:url(https:\/\/amberadvocate.org\/wp-content\/uploads\/2025\/04\/Southern-Border-Cross-Border-Child-Abduction-Investigations.jpg); background-position: center center;\"            aria-hidden=\"true\">\n            <div class=\"aa-card-category-and-date-wrapper\"><div class=\"aa-card-category\">Webinar<\/div><div class=\"aa-card-date-wrapper\"><div class=\"aa-card-date\"><span class=\"aa-card-date-start\">Apr 09, 2025<\/span><\/div><\/div><\/div>        <\/div>\n    <\/div>\n    <div class=\"aa-card-body \">\n        <h4 id=\"card-title-1\" class=\"aa-card-title\">Frontera sur: investigaciones de sustracci\u00f3n transfronteriza de menores<\/h4>\n                <div class=\"aa-card-copy-and-btn-stretch-height-wrapper\">\n            <p>Cada a\u00f1o, ni\u00f1os son sustra\u00eddos ilegalmente de los Estados Unidos a M\u00e9xico, dejando atr\u00e1s a familias devastadas e iniciando complejas...<\/p>            <div class=\"aa-card-btn-wrapper\">\n                <a target=\"_blank\" class=\"btn sm blue\" href=\"https:\/\/ncjtc.fvtc.edu\/trainings\/TR02872192\/TRI2872332\/southern-border-cross-border-child-abduction-investigations-1\"\n                    aria-label=\"Frontera sur: investigaciones de sustracci\u00f3n transfronteriza de menores \u2014 opens in a new tab\">\n                    Ver Webinar                <\/a>\n            <\/div>\n        <\/div> <!-- end aa-card-copy-and-btn-stretch-height-wrapper -->\n    <\/div><!-- end aa-card-body -->\n    <div class=\"aa-card-footer\">\n    <\/div> <!-- end aa-card-footer -->\n<\/div>\n\n<div class=\"aa-card aa-card--split-section-header align-left\" role=\"article\" aria-labelledby=\"card-title-1\">\n    <div class=\"aa-card-header\">\n        <div class=\"aa-card-img\" style=\"background-image:url(https:\/\/amberadvocate.org\/wp-content\/uploads\/2025\/04\/AMBER-Alert-Activate-or-Dont-Activate.jpg); background-position: center center;\"            aria-hidden=\"true\">\n            <div class=\"aa-card-category-and-date-wrapper\"><div class=\"aa-card-category\">Webinar<\/div><div class=\"aa-card-date-wrapper\"><div class=\"aa-card-date\"><span class=\"aa-card-date-start\">Mar 26, 2025<\/span><\/div><\/div><\/div>        <\/div>\n    <\/div>\n    <div class=\"aa-card-body \">\n        <h4 id=\"card-title-1\" class=\"aa-card-title\">Alerta AMBER: activar o no activar<\/h4>\n                <div class=\"aa-card-copy-and-btn-stretch-height-wrapper\">\n            <p>\u00danase a nosotros en una clase interactiva dise\u00f1ada para coordinadores de Alertas AMBER y personal de gesti\u00f3n de emergencias, donde...<\/p>            <div class=\"aa-card-btn-wrapper\">\n                <a target=\"_blank\" class=\"btn sm blue\" href=\"https:\/\/ncjtc.fvtc.edu\/trainings\/TR02859695\/TRI2859696\/amber-alert-activate-or-dont-activate-1\"\n                    aria-label=\"Alerta AMBER: activar o no activar \u2014 opens in a new tab\">\n                    Ver Webinar                <\/a>\n            <\/div>\n        <\/div> <!-- end aa-card-copy-and-btn-stretch-height-wrapper -->\n    <\/div><!-- end aa-card-body -->\n    <div class=\"aa-card-footer\">\n    <\/div> <!-- end aa-card-footer -->\n<\/div>\n\n<div class=\"aa-card aa-card--split-section-header align-left\" role=\"article\" aria-labelledby=\"card-title-1\">\n    <div class=\"aa-card-header\">\n        <div class=\"aa-card-img\" style=\"background-image:url(https:\/\/amberadvocate.org\/wp-content\/uploads\/2025\/03\/Unsolved-Child-Abduction-Cases-When-All-Leads-Have-Been-Exhausted-Exclusive-Content.jpg); background-position: center center;\"            aria-hidden=\"true\">\n            <div class=\"aa-card-category-and-date-wrapper\"><div class=\"aa-card-category\">Webinar<\/div><div class=\"aa-card-date-wrapper\"><div class=\"aa-card-date\"><span class=\"aa-card-date-start\">Mar 12, 2025<\/span><\/div><\/div><\/div>        <\/div>\n    <\/div>\n    <div class=\"aa-card-body \">\n        <h4 id=\"card-title-1\" class=\"aa-card-title\">Casos no resueltos de secuestro de menores: cuando se han agotado todas las pistas (contenido exclusivo)<\/h4>\n                <div class=\"aa-card-copy-and-btn-stretch-height-wrapper\">\n            <p>Los casos no resueltos de secuestro de menores se encuentran entre los casos m\u00e1s complejos del trabajo de investigaci\u00f3n. Este...<\/p>            <div class=\"aa-card-btn-wrapper\">\n                <a target=\"_blank\" class=\"btn sm blue\" href=\"https:\/\/ncjtc.fvtc.edu\/trainings\/TR02842650\/TRI2842697\/unsolved-child-abduction-cases-when-all-leads-have-been-exhausted-2\"\n                    aria-label=\"Casos no resueltos de secuestro de menores: cuando se han agotado todas las pistas (contenido exclusivo) \u2014 opens in a new tab\">\n                    Ver Webinar                <\/a>\n            <\/div>\n        <\/div> <!-- end aa-card-copy-and-btn-stretch-height-wrapper -->\n    <\/div><!-- end aa-card-body -->\n    <div class=\"aa-card-footer\">\n    <\/div> <!-- end aa-card-footer -->\n<\/div>\n\n<div class=\"aa-card aa-card--split-section-header align-left\" role=\"article\" aria-labelledby=\"card-title-1\">\n    <div class=\"aa-card-header\">\n        <div class=\"aa-card-img\" style=\"background-image:url(https:\/\/amberadvocate.org\/wp-content\/uploads\/2025\/03\/911-Telecommunicators-Identifying-Critical-Information-in-Missing-Children-Calls.jpg); background-position: center center;\"            aria-hidden=\"true\">\n            <div class=\"aa-card-category-and-date-wrapper\"><div class=\"aa-card-category\">Webinar<\/div><div class=\"aa-card-date-wrapper\"><div class=\"aa-card-date\"><span class=\"aa-card-date-start\">Mar 05, 2025<\/span><\/div><\/div><\/div>        <\/div>\n    <\/div>\n    <div class=\"aa-card-body \">\n        <h4 id=\"card-title-1\" class=\"aa-card-title\">Teleoperadores del 911: identificaci\u00f3n de informaci\u00f3n cr\u00edtica en llamadas sobre ni\u00f1os desaparecidos<\/h4>\n                <div class=\"aa-card-copy-and-btn-stretch-height-wrapper\">\n            <p>Los teleoperadores del 911 son la primera l\u00ednea de respuesta en situaciones urgentes de alto riesgo, y pocos escenarios son...<\/p>            <div class=\"aa-card-btn-wrapper\">\n                <a target=\"_blank\" class=\"btn sm blue\" href=\"https:\/\/ncjtc.fvtc.edu\/trainings\/TR02832824\/TRI2832825\/911-telecommunicators-identifying-critical-information-in-missing-children-calls-1\"\n                    aria-label=\"Teleoperadores del 911: identificaci\u00f3n de informaci\u00f3n cr\u00edtica en llamadas sobre ni\u00f1os desaparecidos \u2014 opens in a new tab\">\n                    Ver Webinar                <\/a>\n            <\/div>\n        <\/div> <!-- end aa-card-copy-and-btn-stretch-height-wrapper -->\n    <\/div><!-- end aa-card-body -->\n    <div class=\"aa-card-footer\">\n    <\/div> <!-- end aa-card-footer -->\n<\/div>\n\n<div class=\"aa-card aa-card--split-section-header align-left\" role=\"article\" aria-labelledby=\"card-title-1\">\n    <div class=\"aa-card-header\">\n        <div class=\"aa-card-img\" style=\"background-image:url(https:\/\/amberadvocate.org\/wp-content\/uploads\/2024\/07\/TC-WEBINAR-THUMB.png); background-position: center center;\"            aria-hidden=\"true\">\n            <div class=\"aa-card-category-and-date-wrapper\"><div class=\"aa-card-category\">Webinar<\/div><div class=\"aa-card-date-wrapper\"><div class=\"aa-card-date\"><span class=\"aa-card-date-start\">Jul 11, 2024<\/span><\/div><\/div><\/div>        <\/div>\n    <\/div>\n    <div class=\"aa-card-body \">\n        <h4 id=\"card-title-1\" class=\"aa-card-title\">El Tr\u00e1fico Sexual de Menores y los Telecomunicadores del 911: Reconocer y Rescatar<\/h4>\n                <div class=\"aa-card-copy-and-btn-stretch-height-wrapper\">\n            <p>Los teleoperadores del 911 son los PRIMEROS en responder. Reciben la llamada de auxilio y se aseguran de que los...<\/p>            <div class=\"aa-card-btn-wrapper\">\n                <a target=\"_blank\" class=\"btn sm blue\" href=\"https:\/\/ncjtc.fvtc.edu\/trainings\/TR02530507\/TRI2530508\/child-sex-trafficking-and-911-telecommunicators-recognize-and-rescue-1\"\n                    aria-label=\"El Tr\u00e1fico Sexual de Menores y los Telecomunicadores del 911: Reconocer y Rescatar \u2014 opens in a new tab\">\n                    Ver Webinar                <\/a>\n            <\/div>\n        <\/div> <!-- end aa-card-copy-and-btn-stretch-height-wrapper -->\n    <\/div><!-- end aa-card-body -->\n    <div class=\"aa-card-footer\">\n    <\/div> <!-- end aa-card-footer -->\n<\/div>\n\n<div class=\"aa-card aa-card--split-section-header align-left\" role=\"article\" aria-labelledby=\"card-title-1\">\n    <div class=\"aa-card-header\">\n        <div class=\"aa-card-img\" style=\"background-image:url(https:\/\/amberadvocate.org\/wp-content\/uploads\/2025\/04\/Southern-Border-Cross-Border-Child-Abduction-Investigations.jpg); background-position: center center;\"            aria-hidden=\"true\">\n            <div class=\"aa-card-category-and-date-wrapper\"><div class=\"aa-card-category\">Webinar<\/div><div class=\"aa-card-date-wrapper\"><div class=\"aa-card-date\"><span class=\"aa-card-date-start\">Jun 27, 2024<\/span><\/div><\/div><\/div>        <\/div>\n    <\/div>\n    <div class=\"aa-card-body \">\n        <h4 id=\"card-title-1\" class=\"aa-card-title\">Ni\u00f1os desaparecidos y nuestra frontera mexicana<\/h4>\n                <div class=\"aa-card-copy-and-btn-stretch-height-wrapper\">\n            <p>En nuestra frontera mexicana vemos ni\u00f1os que cruzan de M\u00e9xico a Estados Unidos, y ni\u00f1os llevados de Estados Unidos a...<\/p>            <div class=\"aa-card-btn-wrapper\">\n                <a target=\"_blank\" class=\"btn sm blue\" href=\"https:\/\/ncjtc.fvtc.edu\/trainings\/TR02511848\/TRI2511854\/missing-children-and-our-mexican-border-1#panel0\"\n                    aria-label=\"Ni\u00f1os desaparecidos y nuestra frontera mexicana \u2014 opens in a new tab\">\n                    Ver Webinar                <\/a>\n            <\/div>\n        <\/div> <!-- end aa-card-copy-and-btn-stretch-height-wrapper -->\n    <\/div><!-- end aa-card-body -->\n    <div class=\"aa-card-footer\">\n    <\/div> <!-- end aa-card-footer -->\n<\/div>\n\n<div class=\"aa-card aa-card--split-section-header align-left\" role=\"article\" aria-labelledby=\"card-title-1\">\n    <div class=\"aa-card-header\">\n        <div class=\"aa-card-img\" style=\"background-image:url(https:\/\/amberadvocate.org\/wp-content\/uploads\/2024\/07\/Child-Sex-Trafficking-Prevalence-and-Path.jpg); background-position: center center;\"            aria-hidden=\"true\">\n            <div class=\"aa-card-category-and-date-wrapper\"><div class=\"aa-card-category\">Webinar<\/div><div class=\"aa-card-date-wrapper\"><div class=\"aa-card-date\"><span class=\"aa-card-date-start\">Jun 25, 2024<\/span><\/div><\/div><\/div>        <\/div>\n    <\/div>\n    <div class=\"aa-card-body \">\n        <h4 id=\"card-title-1\" class=\"aa-card-title\">Trata sexual infantil: Prevalencia y trayectoria<\/h4>\n                <div class=\"aa-card-copy-and-btn-stretch-height-wrapper\">\n            <p>Comprenda la prevalencia de la ESN y examine su naturaleza oculta a plena vista. Identifique los factores de riesgo que...<\/p>            <div class=\"aa-card-btn-wrapper\">\n                <a target=\"_blank\" class=\"btn sm blue\" href=\"https:\/\/ncjtc.fvtc.edu\/trainings\/TR02511794\/TRI2511795\/child-sex-trafficking-prevalence-and-path-1\"\n                    aria-label=\"Trata sexual infantil: Prevalencia y trayectoria \u2014 opens in a new tab\">\n                    Ver Webinar                <\/a>\n            <\/div>\n        <\/div> <!-- end aa-card-copy-and-btn-stretch-height-wrapper -->\n    <\/div><!-- end aa-card-body -->\n    <div class=\"aa-card-footer\">\n    <\/div> <!-- end aa-card-footer -->\n<\/div>\n\n<div class=\"aa-card aa-card--split-section-header align-left\" role=\"article\" aria-labelledby=\"card-title-1\">\n    <div class=\"aa-card-header\">\n        <div class=\"aa-card-img\" style=\"background-image:url(https:\/\/amberadvocate.org\/wp-content\/uploads\/2024\/05\/TR00009815_20220815102603.jpg); background-position: center center;\"            aria-hidden=\"true\">\n            <div class=\"aa-card-category-and-date-wrapper\"><div class=\"aa-card-category\">Webinar<\/div><div class=\"aa-card-date-wrapper\"><div class=\"aa-card-date\"><span class=\"aa-card-date-start\">Jun 06, 2024<\/span><\/div><\/div><\/div>        <\/div>\n    <\/div>\n    <div class=\"aa-card-body \">\n        <h4 id=\"card-title-1\" class=\"aa-card-title\">C\u00f3mo prepararse para la certificaci\u00f3n del Equipo de Respuesta a la Sustracci\u00f3n de Menores (CART)<\/h4>\n                <div class=\"aa-card-copy-and-btn-stretch-height-wrapper\">\n            <p>Cuando un ni\u00f1o desaparece, cada segundo cuenta. Un Equipo de Respuesta a la Sustracci\u00f3n de Menores (CART) es una herramienta...<\/p>            <div class=\"aa-card-btn-wrapper\">\n                <a target=\"_blank\" class=\"btn sm blue\" href=\"https:\/\/ncjtc.fvtc.edu\/trainings\/TR02470949\/TRI2470961\/how-to-prepare-for-a-child-abduction-response-team-cart-certification-1\"\n                    aria-label=\"C\u00f3mo prepararse para la certificaci\u00f3n del Equipo de Respuesta a la Sustracci\u00f3n de Menores (CART) \u2014 opens in a new tab\">\n                    Ver Webinar                <\/a>\n            <\/div>\n        <\/div> <!-- end aa-card-copy-and-btn-stretch-height-wrapper -->\n    <\/div><!-- end aa-card-body -->\n    <div class=\"aa-card-footer\">\n    <\/div> <!-- end aa-card-footer -->\n<\/div>\n<\/div><\/div>\n<div class=\"facetwp-facet facetwp-facet-webinar_pager facetwp-type-pager\" data-name=\"webinar_pager\" data-type=\"pager\"><\/div><\/div><\/div><\/div><\/div><\/div>","protected":false},"excerpt":{"rendered":"<p>Utiliza los filtros siguientes para seleccionar un Webinar a la carta.<\/p>\n","protected":false},"author":10,"featured_media":24176,"parent":30325,"menu_order":0,"comment_status":"closed","ping_status":"closed","template":"","meta":{"_bbp_topic_count":0,"_bbp_reply_count":0,"_bbp_total_topic_count":0,"_bbp_total_reply_count":0,"_bbp_voice_count":0,"_bbp_anonymous_reply_count":0,"_bbp_topic_count_hidden":0,"_bbp_reply_count_hidden":0,"_bbp_forum_subforum_count":0,"_analytify_skip_tracking":false,"footnotes":""},"class_list":["post-30323","page","type-page","status-publish","has-post-thumbnail","hentry"],"meta_box":{"aa_theme_enable_blocks_editor":"","aa_theme_featured_img_position":""},"publishpress_future_workflow_manual_trigger":{"enabledWorkflows":[]},"_links":{"self":[{"href":"https:\/\/amberadvocate.org\/es\/wp-json\/wp\/v2\/pages\/30323","targetHints":{"allow":["GET"]}}],"collection":[{"href":"https:\/\/amberadvocate.org\/es\/wp-json\/wp\/v2\/pages"}],"about":[{"href":"https:\/\/amberadvocate.org\/es\/wp-json\/wp\/v2\/types\/page"}],"author":[{"embeddable":true,"href":"https:\/\/amberadvocate.org\/es\/wp-json\/wp\/v2\/users\/10"}],"replies":[{"embeddable":true,"href":"https:\/\/amberadvocate.org\/es\/wp-json\/wp\/v2\/comments?post=30323"}],"version-history":[{"count":0,"href":"https:\/\/amberadvocate.org\/es\/wp-json\/wp\/v2\/pages\/30323\/revisions"}],"up":[{"embeddable":true,"href":"https:\/\/amberadvocate.org\/es\/wp-json\/wp\/v2\/pages\/30325"}],"wp:featuredmedia":[{"embeddable":true,"href":"https:\/\/amberadvocate.org\/es\/wp-json\/wp\/v2\/media\/24176"}],"wp:attachment":[{"href":"https:\/\/amberadvocate.org\/es\/wp-json\/wp\/v2\/media?parent=30323"}],"curies":[{"name":"wp","href":"https:\/\/api.w.org\/{rel}","templated":true}]}}