{"id":29573,"date":"2021-02-27T17:28:59","date_gmt":"2021-02-27T23:28:59","guid":{"rendered":"https:\/\/amberadvocate.org\/inicio\/"},"modified":"2026-01-05T08:46:06","modified_gmt":"2026-01-05T14:46:06","slug":"new-home","status":"publish","type":"page","link":"https:\/\/amberadvocate.org\/es\/","title":{"rendered":"Inicio"},"content":{"rendered":"<div id=\"pl-29573\"  class=\"panel-layout\" ><div id=\"pg-29573-0\"  class=\"panel-grid panel-has-style\" ><div class=\"siteorigin-panels-stretch panel-row-style panel-row-style-for-29573-0\" data-stretch-type=\"full-width-stretch\" ><div id=\"pgc-29573-0-0\"  class=\"panel-grid-cell\" ><div id=\"panel-29573-0-0-0\" class=\"so-panel widget widget_marquee-widget panel-first-child\" data-index=\"0\" ><div class=\"panel-widget-style panel-widget-style-for-29573-0-0-0\" ><div\n\t\t\t\n\t\t\tclass=\"so-widget-marquee-widget so-widget-marquee-widget-default-d75171398898-29573\"\n\t\t\t\n\t\t>\n\t\t<div class=\"aa-marquee-container\">\n\t\t\t<div class=\"aa-marquee owl-carousel\" id=\"aa_marquee_69f39a25c6a7f\">\n\t\t\t\t\t\t\t\t\t\t\t\t\t\t<div class=\"aa-marquee-slide\"  style=\"background-color: #444; background-image:url('https:\/\/amberadvocate.org\/wp-content\/uploads\/2024\/05\/6.-Gary-Timm-Hall-of-Fame-1.webp'); background-position: top center\">\n\t\t\t\t\t\t<div class=\"aa-marquee-slide-content\">\n\n\t\t\t\t\t\t\t\t\t\t\t\t\t\t<div class=\"aa-marquee-slide-title\"><h1>El Defensor AMBER<\/h1><\/div>\n\t\t\t\t\t\t\t\n\t\t\t\t\t\t\t\t\t\t\t\t\t\t<div class=\"aa-marquee-slide-subtitle subhead\">P\u00e1gina Web Oficial del Programa de Formaci\u00f3n y Asistencia T\u00e9cnica de la Alerta AMBER <br>Una iniciativa del Departamento de Justicia de EE.UU.<\/div>\n\t\t\t\t\t\t\t\n\t\t\t\t\t\t\t\n\t\t\t\t\t\t\t\t\t\t\t\t\t\t<div class=\"aa-marquee-slide-btn\"><a href=\"https:\/\/amberadvocate.org\/issue\/issue-65\/\" alt=\"Revista AMBER Advocate: N\u00famero actual\" class=\"btn\">Revista AMBER Advocate: N\u00famero actual<\/a><\/div>\n\t\t\t\t\t\t\t\n\t\t\t\t\t\t<\/div>\n\t\t\t\t\t<\/div>\n\t\t\t\t\t\t\t<\/div>\n\t\t<\/div>\n<\/div><\/div><\/div><div id=\"panel-29573-0-0-1\" class=\"so-panel widget widget_aa-callout-widget panel-last-child\" data-index=\"1\" ><div\n\t\t\t\n\t\t\tclass=\"so-widget-aa-callout-widget so-widget-aa-callout-widget-default-d75171398898-29573\"\n\t\t\t\n\t\t><div class=\"aa-callout-widget-container aa-owl-caoursel owl-carousel\">\r\n\t<div class=\"aa-callout-img-container\"><div class=\"aa-callout-img\" style=\"background-image:url(https:\/\/amberadvocate.org\/wp-content\/uploads\/2024\/05\/nofacelaptop.jpg)\"><div class=\"aa-callout-text-background\" style=\"background-color: rgba(0,0,0,0.6);\"><h2>Formaci\u00f3n  <\/h2><p>Oportunidades de formaci\u00f3n presencial y en l\u00ednea<\/p><div class=\"aa-callout-btn-wrapper\"><a class=\"btn small\" href=\"https:\/\/amberadvocate.org\/trainings\/trainings-home\/\">Saber m\u00e1s<\/a><\/div><\/div><\/div><\/div><div class=\"aa-callout-img-container\"><div class=\"aa-callout-img\" style=\"background-image:url(https:\/\/amberadvocate.org\/wp-content\/uploads\/2024\/05\/SCOCA_Thumbnail.jpg)\"><div class=\"aa-callout-text-background\" style=\"background-color: rgba(0,0,0,0.6);\"><h2>CART<\/h2><p>Programas del Equipo de Respuesta a la Sustracci\u00f3n de Menores<\/p><div class=\"aa-callout-btn-wrapper\"><a class=\"btn small\" href=\"https:\/\/amberadvocate.org\/cart\/cart-home\/\">Saber m\u00e1s<\/a><\/div><\/div><\/div><\/div><div class=\"aa-callout-img-container\"><div class=\"aa-callout-img\" style=\"background-image:url(https:\/\/amberadvocate.org\/wp-content\/uploads\/2024\/05\/stack-of-files.jpg)\"><div class=\"aa-callout-text-background\" style=\"background-color: rgba(0,0,0,0.6);\"><h2>Recursos<\/h2><p>Alerta AMBER y recursos de protecci\u00f3n de menores<\/p><div class=\"aa-callout-btn-wrapper\"><a class=\"btn small\" href=\"https:\/\/amberadvocate.org\/resources\/amber-alert-resources\/\">Saber m\u00e1s<\/a><\/div><\/div><\/div><\/div><div class=\"aa-callout-img-container\"><div class=\"aa-callout-img\" style=\"background-image:url(https:\/\/amberadvocate.org\/wp-content\/uploads\/2024\/05\/reading-magazine.jpg)\"><div class=\"aa-callout-text-background\" style=\"background-color: rgba(0,0,0,0.6);\"><h2>Revista<\/h2><p>El Defensor AMBER<\/p><div class=\"aa-callout-btn-wrapper\"><a class=\"btn small\" href=\"https:\/\/amberadvocate.org\/issue\/issue-65\/\">Saber m\u00e1s<\/a><\/div><\/div><\/div><\/div><\/div>\r\n<\/div><\/div><\/div><\/div><\/div><div id=\"pg-29573-1\"  class=\"panel-grid panel-has-style\" ><div class=\"panel-row-style panel-row-style-for-29573-1\" ><div id=\"pgc-29573-1-0\"  class=\"panel-grid-cell\" ><div id=\"panel-29573-1-0-0\" class=\"so-panel widget widget_title-widget panel-first-child\" data-index=\"2\" ><div\n\t\t\t\n\t\t\tclass=\"so-widget-title-widget so-widget-title-widget-default-d75171398898-29573\"\n\t\t\t\n\t\t>\n<!-- AA Title Widget debug: name=AA Widget ID_2042119293691cc4739f712922604829: title | title=\"Trainings Open for Registration\" -->\n\r\n<div class=\"aa-title-widget-container\">\r\n\t<div class=\"aa-title-widget-title\">\r\n\t\t<h2 class=\"default center-align\">Formaciones abiertas para la inscripci\u00f3n<\/h2>\t<\/div>\r\n\t<div class=\"aa-title-widget-subtitle subhead default center-align\">\r\n\t\t\t<\/div>\r\n<\/div>\r\n\t\t\t\r\n\r\n<\/div><\/div><div\n\t\t\t\n\t\t\tclass=\"so-widget-aa-post-loop-widget so-widget-aa-post-loop-widget-default-d75171398898-29573\"\n\t\t\t\n\t\t><script>var aaPostLoopJs = {\"query\":{\"meta_key\":\"trainings_display_date_start\",\"orderby\":\"meta_value\",\"meta_query\":{\"relation\":\"AND\",\"0\":{\"key\":\"trainings_display_date_start\",\"compare\":\"EXISTS\"},\"1\":[]},\"tax_query\":{\"relation\":\"OR\",\"0\":[{\"taxonomy\":\"training_category\",\"field\":\"slug\",\"terms\":[\"spanish-home-page-upcoming-training\"]}]},\"post_type\":[\"training\"],\"order\":\"ASC\",\"posts_per_page\":\"15\",\"post_status\":\"publish\"},\"query_vars\":{\"meta_key\":\"trainings_display_date_start\",\"orderby\":\"meta_value\",\"meta_query\":{\"relation\":\"AND\",\"0\":{\"key\":\"trainings_display_date_start\",\"compare\":\"EXISTS\"},\"1\":[]},\"tax_query\":{\"relation\":\"OR\",\"0\":[{\"taxonomy\":\"training_category\",\"field\":\"slug\",\"terms\":[\"spanish-home-page-upcoming-training\"]}]},\"post_type\":[\"training\"],\"order\":\"ASC\",\"posts_per_page\":15,\"post_status\":\"publish\",\"error\":\"\",\"m\":\"\",\"p\":0,\"post_parent\":\"\",\"subpost\":\"\",\"subpost_id\":\"\",\"attachment\":\"\",\"attachment_id\":0,\"name\":\"\",\"pagename\":\"\",\"page_id\":0,\"second\":\"\",\"minute\":\"\",\"hour\":\"\",\"day\":0,\"monthnum\":0,\"year\":0,\"w\":0,\"category_name\":\"\",\"tag\":\"\",\"cat\":\"\",\"tag_id\":\"\",\"author\":\"\",\"author_name\":\"\",\"feed\":\"\",\"tb\":\"\",\"paged\":0,\"meta_value\":\"\",\"preview\":\"\",\"s\":\"\",\"sentence\":\"\",\"title\":\"\",\"fields\":\"all\",\"menu_order\":\"\",\"embed\":\"\",\"category__in\":[],\"category__not_in\":[],\"category__and\":[],\"post__in\":[],\"post__not_in\":[],\"post_name__in\":[],\"tag__in\":[],\"tag__not_in\":[],\"tag__and\":[],\"tag_slug__in\":[],\"tag_slug__and\":[],\"post_parent__in\":[],\"post_parent__not_in\":[],\"author__in\":[],\"author__not_in\":[],\"search_columns\":[],\"ignore_sticky_posts\":false,\"suppress_filters\":false,\"cache_results\":true,\"update_post_term_cache\":true,\"update_menu_item_cache\":false,\"lazy_load_term_meta\":true,\"update_post_meta_cache\":true,\"nopaging\":false,\"comments_per_page\":\"50\",\"no_found_rows\":false,\"taxonomy\":\"training_category\",\"term\":\"spanish-home-page-upcoming-training\"},\"tax_query\":{\"queries\":{\"relation\":\"OR\",\"0\":{\"0\":{\"taxonomy\":\"training_category\",\"terms\":[\"spanish-home-page-upcoming-training\"],\"field\":\"slug\",\"operator\":\"IN\",\"include_children\":true},\"relation\":\"AND\"}},\"relation\":\"OR\",\"queried_terms\":{\"training_category\":{\"terms\":[\"spanish-home-page-upcoming-training\"],\"field\":\"slug\"}},\"primary_table\":\"wp_posts\",\"primary_id_column\":\"ID\"},\"meta_query\":{\"queries\":{\"0\":{\"key\":\"trainings_display_date_start\"},\"1\":{\"0\":{\"key\":\"trainings_display_date_start\",\"compare\":\"EXISTS\"},\"relation\":\"OR\"},\"relation\":\"AND\"},\"relation\":\"AND\",\"meta_table\":\"wp_postmeta\",\"meta_id_column\":\"post_id\",\"primary_table\":\"wp_posts\",\"primary_id_column\":\"ID\"},\"date_query\":false,\"request\":\"SELECT SQL_CALC_FOUND_ROWS  wp_posts.*\\n\\t\\t\\t\\t\\t FROM wp_posts  LEFT JOIN wp_term_relationships ON (wp_posts.ID = wp_term_relationships.object_id) INNER JOIN wp_postmeta ON ( wp_posts.ID = wp_postmeta.post_id )  INNER JOIN wp_postmeta AS mt1 ON ( wp_posts.ID = mt1.post_id ) LEFT  JOIN wp_icl_translations wpml_translations\\n\\t\\t\\t\\t\\t\\t\\tON wp_posts.ID = wpml_translations.element_id\\n\\t\\t\\t\\t\\t\\t\\t\\tAND wpml_translations.element_type = CONCAT('post_', wp_posts.post_type) \\n\\t\\t\\t\\t\\t WHERE 1=1  AND ( \\n  ( \\n    wp_term_relationships.term_taxonomy_id IN (924)\\n  )\\n) AND ( \\n  wp_postmeta.meta_key = 'trainings_display_date_start' \\n  AND \\n  ( \\n    mt1.meta_key = 'trainings_display_date_start'\\n  )\\n) AND wp_posts.post_type = 'training' AND ((wp_posts.post_status = 'publish')) AND ( ( ( wpml_translations.language_code = 'es' OR (\\n\\t\\t\\t\\t\\twpml_translations.language_code = 'en'\\n\\t\\t\\t\\t\\tAND wp_posts.post_type IN ( 'attachment' )\\n\\t\\t\\t\\t\\tAND ( ( \\n\\t\\t\\t( SELECT COUNT(element_id)\\n\\t\\t\\t  FROM wp_icl_translations\\n\\t\\t\\t  WHERE trid = wpml_translations.trid\\n\\t\\t\\t  AND language_code = 'es'\\n\\t\\t\\t) = 0\\n\\t\\t\\t ) OR ( \\n\\t\\t\\t( SELECT COUNT(element_id)\\n\\t\\t\\t\\tFROM wp_icl_translations t2\\n\\t\\t\\t\\tJOIN wp_posts p ON p.id = t2.element_id\\n\\t\\t\\t\\tWHERE t2.trid = wpml_translations.trid\\n\\t\\t\\t\\tAND t2.language_code = 'es'\\n                AND (\\n                    p.post_status = 'publish' OR p.post_status = 'private' OR \\n                    ( p.post_type='attachment' AND p.post_status = 'inherit' )\\n                )\\n\\t\\t\\t) = 0 ) ) \\n\\t\\t\\t\\t) ) AND wp_posts.post_type  IN ('post','page','attachment','wp_block','wp_template','wp_template_part','wp_navigation','state','partner-resource','cart','public-resource','articles','staff-bio','training','testimonials' )  ) OR wp_posts.post_type  NOT  IN ('post','page','attachment','wp_block','wp_template','wp_template_part','wp_navigation','state','partner-resource','cart','public-resource','articles','staff-bio','training','testimonials' )  )\\n\\t\\t\\t\\t\\t GROUP BY wp_posts.ID\\n\\t\\t\\t\\t\\t ORDER BY wp_postmeta.meta_value ASC\\n\\t\\t\\t\\t\\t LIMIT 0, 15\",\"posts\":[{\"ID\":39948,\"post_author\":\"682\",\"post_date\":\"2026-01-20 11:55:24\",\"post_date_gmt\":\"2026-01-20 17:55:24\",\"post_content\":\"\",\"post_title\":\"Investigaciones sobre el tr\\u00e1fico sexual de menores: estrategias para aumentar el n\\u00famero de enjuiciamientos de los traficantes de ni\\u00f1os desaparecidos\",\"post_excerpt\":\"\",\"post_status\":\"publish\",\"comment_status\":\"closed\",\"ping_status\":\"closed\",\"post_password\":\"\",\"post_name\":\"investigaciones-sobre-el-trafico-sexual-de-menores-estrategias-para-aumentar-el-numero-de-enjuiciamientos-de-los-traficantes-de-ninos-desaparecidos\",\"to_ping\":\"\",\"pinged\":\"\",\"post_modified\":\"2026-03-25 16:00:19\",\"post_modified_gmt\":\"2026-03-25 21:00:19\",\"post_content_filtered\":\"\",\"post_parent\":0,\"guid\":\"https:\\\/\\\/amberadvocate.org\\\/training\\\/investigaciones-sobre-el-trafico-sexual-de-menores-estrategias-para-aumentar-el-numero-de-enjuiciamientos-de-los-traficantes-de-ninos-desaparecidos\\\/\",\"menu_order\":0,\"post_type\":\"training\",\"post_mime_type\":\"\",\"comment_count\":\"0\",\"filter\":\"raw\",\"relevanssi_light_data\":\"\"},{\"ID\":40375,\"post_author\":\"682\",\"post_date\":\"2026-02-10 22:35:10\",\"post_date_gmt\":\"2026-02-11 04:35:10\",\"post_content\":\"\",\"post_title\":\"Investigaciones de tr\\u00e1fico sexual infantil para las fuerzas del orden\",\"post_excerpt\":\"\",\"post_status\":\"publish\",\"comment_status\":\"closed\",\"ping_status\":\"closed\",\"post_password\":\"\",\"post_name\":\"investigaciones-de-trafico-sexual-infantil-para-las-fuerzas-del-orden\",\"to_ping\":\"\",\"pinged\":\"\",\"post_modified\":\"2026-02-11 15:52:24\",\"post_modified_gmt\":\"2026-02-11 21:52:24\",\"post_content_filtered\":\"\",\"post_parent\":0,\"guid\":\"https:\\\/\\\/amberadvocate.org\\\/training\\\/investigaciones-de-trafico-sexual-infantil-para-las-fuerzas-del-orden\\\/\",\"menu_order\":0,\"post_type\":\"training\",\"post_mime_type\":\"\",\"comment_count\":\"0\",\"filter\":\"raw\",\"relevanssi_light_data\":\"\"},{\"ID\":40906,\"post_author\":\"682\",\"post_date\":\"2026-03-25 17:02:31\",\"post_date_gmt\":\"2026-03-25 22:02:31\",\"post_content\":\"\",\"post_title\":\"Trata sexual de menores para primeros intervinientes\",\"post_excerpt\":\"\",\"post_status\":\"publish\",\"comment_status\":\"closed\",\"ping_status\":\"closed\",\"post_password\":\"\",\"post_name\":\"trata-sexual-de-menores-para-primeros-intervinientes-3\",\"to_ping\":\"\",\"pinged\":\"\",\"post_modified\":\"2026-03-25 17:02:31\",\"post_modified_gmt\":\"2026-03-25 22:02:31\",\"post_content_filtered\":\"\",\"post_parent\":0,\"guid\":\"https:\\\/\\\/amberadvocate.org\\\/training\\\/trata-sexual-de-menores-para-primeros-intervinientes-3\\\/\",\"menu_order\":0,\"post_type\":\"training\",\"post_mime_type\":\"\",\"comment_count\":\"0\",\"filter\":\"raw\",\"relevanssi_light_data\":\"\"},{\"ID\":41280,\"post_author\":\"682\",\"post_date\":\"2026-04-21 14:07:48\",\"post_date_gmt\":\"2026-04-21 19:07:48\",\"post_content\":\"\",\"post_title\":\"Respuesta al secuestro de Ashley Johnson Barr: colaboraci\\u00f3n entre la comunidad y el estado\",\"post_excerpt\":\"\",\"post_status\":\"publish\",\"comment_status\":\"closed\",\"ping_status\":\"closed\",\"post_password\":\"\",\"post_name\":\"respuesta-al-secuestro-de-ashley-johnson-barr-colaboracion-entre-la-comunidad-y-el-estado\",\"to_ping\":\"\",\"pinged\":\"\",\"post_modified\":\"2026-04-21 14:07:48\",\"post_modified_gmt\":\"2026-04-21 19:07:48\",\"post_content_filtered\":\"\",\"post_parent\":0,\"guid\":\"https:\\\/\\\/amberadvocate.org\\\/training\\\/respuesta-al-secuestro-de-ashley-johnson-barr-colaboracion-entre-la-comunidad-y-el-estado\\\/\",\"menu_order\":0,\"post_type\":\"training\",\"post_mime_type\":\"\",\"comment_count\":\"0\",\"filter\":\"raw\",\"relevanssi_light_data\":\"\"},{\"ID\":39954,\"post_author\":\"682\",\"post_date\":\"2026-01-20 12:05:01\",\"post_date_gmt\":\"2026-01-20 18:05:01\",\"post_content\":\"\",\"post_title\":\"Estrategias y T\\u00e1cticas de Respuesta Inicial ante Incidentes de Menores Desaparecidos\",\"post_excerpt\":\"\",\"post_status\":\"publish\",\"comment_status\":\"closed\",\"ping_status\":\"closed\",\"post_password\":\"\",\"post_name\":\"estrategias-y-tacticas-de-respuesta-inicial-ante-incidentes-de-menores-desaparecidos-4\",\"to_ping\":\"\",\"pinged\":\"\",\"post_modified\":\"2026-03-25 15:56:21\",\"post_modified_gmt\":\"2026-03-25 20:56:21\",\"post_content_filtered\":\"\",\"post_parent\":0,\"guid\":\"https:\\\/\\\/amberadvocate.org\\\/training\\\/estrategias-y-tacticas-de-respuesta-inicial-ante-incidentes-de-menores-desaparecidos-4\\\/\",\"menu_order\":0,\"post_type\":\"training\",\"post_mime_type\":\"\",\"comment_count\":\"0\",\"filter\":\"raw\",\"relevanssi_light_data\":\"\"},{\"ID\":40255,\"post_author\":\"682\",\"post_date\":\"2026-02-09 17:01:38\",\"post_date_gmt\":\"2026-02-09 23:01:38\",\"post_content\":\"\",\"post_title\":\"Teleoperadores del 911 y ni\\u00f1os desaparecidos y secuestrados\",\"post_excerpt\":\"\",\"post_status\":\"publish\",\"comment_status\":\"closed\",\"ping_status\":\"closed\",\"post_password\":\"\",\"post_name\":\"teleoperadores-del-911-y-ninos-desaparecidos-y-secuestrados\",\"to_ping\":\"\",\"pinged\":\"\",\"post_modified\":\"2026-04-21 13:46:26\",\"post_modified_gmt\":\"2026-04-21 18:46:26\",\"post_content_filtered\":\"\",\"post_parent\":0,\"guid\":\"https:\\\/\\\/amberadvocate.org\\\/training\\\/teleoperadores-del-911-y-ninos-desaparecidos-y-secuestrados\\\/\",\"menu_order\":0,\"post_type\":\"training\",\"post_mime_type\":\"\",\"comment_count\":\"0\",\"filter\":\"raw\",\"relevanssi_light_data\":\"\"},{\"ID\":40305,\"post_author\":\"682\",\"post_date\":\"2026-02-10 11:50:53\",\"post_date_gmt\":\"2026-02-10 17:50:53\",\"post_content\":\"\",\"post_title\":\"Investigaciones de Ni\\u00f1os Desaparecidos, Parte 2: Redacci\\u00f3n de la Orden Judicial y Descodificaci\\u00f3n de la Devoluci\\u00f3n\",\"post_excerpt\":\"\",\"post_status\":\"publish\",\"comment_status\":\"closed\",\"ping_status\":\"closed\",\"post_password\":\"\",\"post_name\":\"investigaciones-de-ninos-desaparecidos-parte-2-redaccion-de-la-orden-judicial-y-descodificacion-de-la-devolucion\",\"to_ping\":\"\",\"pinged\":\"\",\"post_modified\":\"2026-02-10 22:25:01\",\"post_modified_gmt\":\"2026-02-11 04:25:01\",\"post_content_filtered\":\"\",\"post_parent\":0,\"guid\":\"https:\\\/\\\/amberadvocate.org\\\/training\\\/investigaciones-de-ninos-desaparecidos-parte-2-redaccion-de-la-orden-judicial-y-descodificacion-de-la-devolucion\\\/\",\"menu_order\":0,\"post_type\":\"training\",\"post_mime_type\":\"\",\"comment_count\":\"0\",\"filter\":\"raw\",\"relevanssi_light_data\":\"\"},{\"ID\":39939,\"post_author\":\"682\",\"post_date\":\"2026-01-20 10:18:22\",\"post_date_gmt\":\"2026-01-20 16:18:22\",\"post_content\":\"\",\"post_title\":\"Estrategias de investigaci\\u00f3n en casos de sustracci\\u00f3n de menores\",\"post_excerpt\":\"\",\"post_status\":\"publish\",\"comment_status\":\"closed\",\"ping_status\":\"closed\",\"post_password\":\"\",\"post_name\":\"estrategias-de-investigacion-en-casos-de-sustraccion-de-menores-3\",\"to_ping\":\"\",\"pinged\":\"\",\"post_modified\":\"2026-03-25 17:10:55\",\"post_modified_gmt\":\"2026-03-25 22:10:55\",\"post_content_filtered\":\"\",\"post_parent\":0,\"guid\":\"https:\\\/\\\/amberadvocate.org\\\/training\\\/estrategias-de-investigacion-en-casos-de-sustraccion-de-menores-3\\\/\",\"menu_order\":0,\"post_type\":\"training\",\"post_mime_type\":\"\",\"comment_count\":\"0\",\"filter\":\"raw\",\"relevanssi_light_data\":\"\"},{\"ID\":39942,\"post_author\":\"682\",\"post_date\":\"2026-01-20 10:24:47\",\"post_date_gmt\":\"2026-01-20 16:24:47\",\"post_content\":\"\",\"post_title\":\"Operaciones de b\\u00fasqueda y rastreo en sustracciones de menores\",\"post_excerpt\":\"\",\"post_status\":\"publish\",\"comment_status\":\"closed\",\"ping_status\":\"closed\",\"post_password\":\"\",\"post_name\":\"operaciones-de-busqueda-y-rastreo-en-sustracciones-de-menores-2\",\"to_ping\":\"\",\"pinged\":\"\",\"post_modified\":\"2026-04-21 14:13:31\",\"post_modified_gmt\":\"2026-04-21 19:13:31\",\"post_content_filtered\":\"\",\"post_parent\":0,\"guid\":\"https:\\\/\\\/amberadvocate.org\\\/training\\\/operaciones-de-busqueda-y-rastreo-en-sustracciones-de-menores-2\\\/\",\"menu_order\":0,\"post_type\":\"training\",\"post_mime_type\":\"\",\"comment_count\":\"0\",\"filter\":\"raw\",\"relevanssi_light_data\":\"\"},{\"ID\":39951,\"post_author\":\"682\",\"post_date\":\"2026-01-20 12:01:30\",\"post_date_gmt\":\"2026-01-20 18:01:30\",\"post_content\":\"\",\"post_title\":\"Estrategias y T\\u00e1cticas de Respuesta Inicial ante Incidentes de Menores Desaparecidos\",\"post_excerpt\":\"\",\"post_status\":\"publish\",\"comment_status\":\"closed\",\"ping_status\":\"closed\",\"post_password\":\"\",\"post_name\":\"estrategias-y-tacticas-de-respuesta-inicial-ante-incidentes-de-menores-desaparecidos-3\",\"to_ping\":\"\",\"pinged\":\"\",\"post_modified\":\"2026-01-20 12:02:54\",\"post_modified_gmt\":\"2026-01-20 18:02:54\",\"post_content_filtered\":\"\",\"post_parent\":0,\"guid\":\"https:\\\/\\\/amberadvocate.org\\\/training\\\/estrategias-y-tacticas-de-respuesta-inicial-ante-incidentes-de-menores-desaparecidos-3\\\/\",\"menu_order\":0,\"post_type\":\"training\",\"post_mime_type\":\"\",\"comment_count\":\"0\",\"filter\":\"raw\",\"relevanssi_light_data\":\"\"}],\"post_count\":10,\"current_post\":-1,\"before_loop\":true,\"in_the_loop\":false,\"post\":{\"ID\":39948,\"post_author\":\"682\",\"post_date\":\"2026-01-20 11:55:24\",\"post_date_gmt\":\"2026-01-20 17:55:24\",\"post_content\":\"\",\"post_title\":\"Investigaciones sobre el tr\\u00e1fico sexual de menores: estrategias para aumentar el n\\u00famero de enjuiciamientos de los traficantes de ni\\u00f1os desaparecidos\",\"post_excerpt\":\"\",\"post_status\":\"publish\",\"comment_status\":\"closed\",\"ping_status\":\"closed\",\"post_password\":\"\",\"post_name\":\"investigaciones-sobre-el-trafico-sexual-de-menores-estrategias-para-aumentar-el-numero-de-enjuiciamientos-de-los-traficantes-de-ninos-desaparecidos\",\"to_ping\":\"\",\"pinged\":\"\",\"post_modified\":\"2026-03-25 16:00:19\",\"post_modified_gmt\":\"2026-03-25 21:00:19\",\"post_content_filtered\":\"\",\"post_parent\":0,\"guid\":\"https:\\\/\\\/amberadvocate.org\\\/training\\\/investigaciones-sobre-el-trafico-sexual-de-menores-estrategias-para-aumentar-el-numero-de-enjuiciamientos-de-los-traficantes-de-ninos-desaparecidos\\\/\",\"menu_order\":0,\"post_type\":\"training\",\"post_mime_type\":\"\",\"comment_count\":\"0\",\"filter\":\"raw\",\"relevanssi_light_data\":\"\"},\"comment_count\":0,\"current_comment\":-1,\"found_posts\":10,\"max_num_pages\":1,\"max_num_comment_pages\":0,\"is_single\":false,\"is_preview\":false,\"is_page\":false,\"is_archive\":false,\"is_date\":false,\"is_year\":false,\"is_month\":false,\"is_day\":false,\"is_time\":false,\"is_author\":false,\"is_category\":false,\"is_tag\":false,\"is_tax\":false,\"is_search\":false,\"is_feed\":false,\"is_comment_feed\":false,\"is_trackback\":false,\"is_home\":true,\"is_privacy_policy\":false,\"is_404\":false,\"is_embed\":false,\"is_paged\":false,\"is_admin\":false,\"is_attachment\":false,\"is_singular\":false,\"is_robots\":false,\"is_favicon\":false,\"is_posts_page\":false,\"is_post_type_archive\":false,\"thumbnails_cached\":false}<\/script>    <div id=\"aa-post-loop-widget-69f39a25c8748\"class=\"aa-post-loop-widget aa-post-loop-container aa-owl-caoursel owl-carousel aa-post-loop-2-col-layout \" \n        data-layout=\"aa-post-loop-2-col-layout\" \n        data-arrows=\"true\"\n        data-autoplay=\"false\"><div class=\"aa-card align-left\" role=\"article\" aria-labelledby=\"card-title-1\">\n    <div class=\"aa-card-header\">\n        <div class=\"aa-card-img\" style=\"background-image:url(https:\/\/amberadvocate.org\/wp-content\/uploads\/2026\/01\/Inmate-handcuffed-escorted.jpg); background-position: center center;\"            aria-hidden=\"true\">\n            <div class=\"aa-card-date\"><span class=\"aa-card-date-start\">Apr 30, 2026<\/span> - <span class=\"aa-card-date-end\">May 01, 2026<span><\/div>        <\/div>\n    <\/div>\n    <div class=\"aa-card-body \">\n        <h4 id=\"card-title-1\" class=\"aa-card-title\">Investigaciones sobre el tr\u00e1fico sexual de menores: estrategias para aumentar el n\u00famero de enjuiciamientos de los traficantes de ni\u00f1os desaparecidos<\/h4>\n        <h5 class=\"aa-card-subtitle\">Ashland City, TN<\/h5>        <div class=\"aa-card-copy-and-btn-stretch-height-wrapper\">\n            <p>El tr\u00e1fico sexual infantil (TSI) no se parece a ning\u00fan otro delito. La victimizaci\u00f3n puede ocurrir cientos de veces y puede ser dif\u00edcil de identificar debido a que las v\u00edctimas son ni\u00f1os desaparecidos, junto con el control que el traficante ejerce sobre ellas. Analice el delito de TSI, su naturaleza compleja, y descubra c\u00f3mo investigar este delito en su totalidad....<\/p>            <div class=\"aa-card-btn-wrapper\">\n                <a target=\"_blank\" aria-label=\"Investigaciones sobre el tr\u00e1fico sexual de menores: estrategias para aumentar el n\u00famero de enjuiciamientos de los traficantes de ni\u00f1os desaparecidos \u2014 opens in a new tab\" class=\"btn sm blue\" href=\"https:\/\/ncjtc.fvtc.edu\/trainings\/TR01615371\/TRI3120306\/child-sex-trafficking-investigations-strategies-to-increase-prosecutions-of-traffickers-of-missing\">\n                    Saber m\u00e1s                <\/a>\n            <\/div>\n        <\/div> <!-- end aa-card-copy-and-btn-stretch-height-wrapper -->\n    <\/div><!-- end aa-card-body -->\n    <div class=\"aa-card-footer\">\n    <\/div> <!-- end aa-card-footer -->\n<\/div><div class=\"aa-card align-left\" role=\"article\" aria-labelledby=\"card-title-1\">\n    <div class=\"aa-card-header\">\n        <div class=\"aa-card-img\" style=\"background-image:url(https:\/\/amberadvocate.org\/wp-content\/uploads\/2026\/02\/Child-Sex-Trafficking-Investigations.png); background-position: center center;\"            aria-hidden=\"true\">\n            <div class=\"aa-card-date\"><span class=\"aa-card-date-start\">May 12, 2026<\/span><\/div>        <\/div>\n    <\/div>\n    <div class=\"aa-card-body \">\n        <h4 id=\"card-title-1\" class=\"aa-card-title\">Investigaciones de tr\u00e1fico sexual infantil para las fuerzas del orden<\/h4>\n        <h5 class=\"aa-card-subtitle\">Live Online Instructor Led<\/h5>        <div class=\"aa-card-copy-and-btn-stretch-height-wrapper\">\n            <p>El tr\u00e1fico sexual infantil de ni\u00f1os desaparecidos es uno de los delitos de explotaci\u00f3n infantil m\u00e1s dif\u00edciles de investigar. Examine la complejidad del delito y el modelo de negocio en el que opera, incluidos los roles del traficante, los c\u00f3mplices del traficante y los compradores. Identifique c\u00f3mo contribuye cada uno a la comisi\u00f3n del delito y qu\u00e9 pruebas est\u00e1n disponibles...<\/p>            <div class=\"aa-card-btn-wrapper\">\n                <a target=\"_blank\" aria-label=\"Investigaciones de tr\u00e1fico sexual infantil para las fuerzas del orden \u2014 opens in a new tab\" class=\"btn sm blue\" href=\"https:\/\/ncjtc.fvtc.edu\/trainings\/TR03127399\/TRI3161823\/child-sex-trafficking-investigations-for-law-enforcement\">\n                    Saber m\u00e1s                <\/a>\n            <\/div>\n        <\/div> <!-- end aa-card-copy-and-btn-stretch-height-wrapper -->\n    <\/div><!-- end aa-card-body -->\n    <div class=\"aa-card-footer\">\n    <\/div> <!-- end aa-card-footer -->\n<\/div><div class=\"aa-card align-left\" role=\"article\" aria-labelledby=\"card-title-1\">\n    <div class=\"aa-card-header\">\n        <div class=\"aa-card-img\" style=\"background-image:url(https:\/\/amberadvocate.org\/wp-content\/uploads\/2024\/05\/CST_FR_THUMBNAIL.jpg); background-position: center center;\"            aria-hidden=\"true\">\n            <div class=\"aa-card-date\"><span class=\"aa-card-date-start\">May 15, 2026<\/span><\/div>        <\/div>\n    <\/div>\n    <div class=\"aa-card-body \">\n        <h4 id=\"card-title-1\" class=\"aa-card-title\">Trata sexual de menores para primeros intervinientes<\/h4>\n        <h5 class=\"aa-card-subtitle\">Fontana, WI<\/h5>        <div class=\"aa-card-copy-and-btn-stretch-height-wrapper\">\n            <p>El tr\u00e1fico sexual infantil (CST) es un delito que permanece oculto a pesar de estar a la vista de todos. Los primeros intervinientes suelen ser los primeros miembros del sistema en entrar en contacto con una v\u00edctima de CST. Una v\u00edctima de CST ha sido intensamente manipulada para el contacto con el sistema, teme a su traficante y, a menudo,...<\/p>            <div class=\"aa-card-btn-wrapper\">\n                <a target=\"_blank\" aria-label=\"Trata sexual de menores para primeros intervinientes \u2014 opens in a new tab\" class=\"btn sm blue\" href=\"http:\/\/ncjtc.fvtc.edu\/trainings\/TR01748149\/child-sex-trafficking-for-first-responders\">\n                    Saber m\u00e1s                <\/a>\n            <\/div>\n        <\/div> <!-- end aa-card-copy-and-btn-stretch-height-wrapper -->\n    <\/div><!-- end aa-card-body -->\n    <div class=\"aa-card-footer\">\n    <\/div> <!-- end aa-card-footer -->\n<\/div><div class=\"aa-card align-left\" role=\"article\" aria-labelledby=\"card-title-1\">\n    <div class=\"aa-card-header\">\n        <div class=\"aa-card-img\" style=\"background-image:url(https:\/\/amberadvocate.org\/wp-content\/uploads\/2026\/04\/Ashley-Johnson-Barr-Pt2_Webinar_900x595.jpg); background-position: center center;\"            aria-hidden=\"true\">\n            <div class=\"aa-card-date\"><span class=\"aa-card-date-start\">May 19, 2026<\/span><\/div>        <\/div>\n    <\/div>\n    <div class=\"aa-card-body \">\n        <h4 id=\"card-title-1\" class=\"aa-card-title\">Respuesta al secuestro de Ashley Johnson Barr: colaboraci\u00f3n entre la comunidad y el estado<\/h4>\n                <div class=\"aa-card-copy-and-btn-stretch-height-wrapper\">\n            <p>Esta presentaci\u00f3n destaca la respuesta al secuestro de Ashley Johnson-Barr, de 10 a\u00f1os, el 6 de septiembre de 2018 en Kotzebue, Alaska. La presentaci\u00f3n incluir\u00e1 un panel de intervinientes que participaron en la b\u00fasqueda de Ashley, quienes aportar\u00e1n su perspectiva y experiencia durante la b\u00fasqueda y tras el incidente. Los participantes comprender\u00e1n mejor el papel de la coordinaci\u00f3n comunitaria y...<\/p>            <div class=\"aa-card-btn-wrapper\">\n                <a target=\"_blank\" aria-label=\"Respuesta al secuestro de Ashley Johnson Barr: colaboraci\u00f3n entre la comunidad y el estado \u2014 opens in a new tab\" class=\"btn sm blue\" href=\"https:\/\/ncjtc.fvtc.edu\/trainings\/TR03252921\/TRI3252981\/responding-to-the-abduction-of-ashley-johnson-barr-community-and-state-collaboration\">\n                    Inscr\u00edbase en el seminario web                <\/a>\n            <\/div>\n        <\/div> <!-- end aa-card-copy-and-btn-stretch-height-wrapper -->\n    <\/div><!-- end aa-card-body -->\n    <div class=\"aa-card-footer\">\n    <\/div> <!-- end aa-card-footer -->\n<\/div><div class=\"aa-card align-left\" role=\"article\" aria-labelledby=\"card-title-1\">\n    <div class=\"aa-card-header\">\n        <div class=\"aa-card-img\" style=\"background-image:url(https:\/\/amberadvocate.org\/wp-content\/uploads\/2025\/03\/female-patrol-2.jpg); background-position: center center;\"            aria-hidden=\"true\">\n            <div class=\"aa-card-date\"><span class=\"aa-card-date-start\">May 27, 2026<\/span><\/div>        <\/div>\n    <\/div>\n    <div class=\"aa-card-body \">\n        <h4 id=\"card-title-1\" class=\"aa-card-title\">Estrategias y T\u00e1cticas de Respuesta Inicial ante Incidentes de Menores Desaparecidos<\/h4>\n        <h5 class=\"aa-card-subtitle\">Douglas, WY<\/h5>        <div class=\"aa-card-copy-and-btn-stretch-height-wrapper\">\n            <p>En la respuesta inicial a incidentes de desaparici\u00f3n de personas en peligro o secuestro de menores, es fundamental realizar evaluaciones precisas y oportunas de la situaci\u00f3n, as\u00ed como desplegar recursos de forma inmediata. Durante esta formaci\u00f3n, los equipos de primera intervenci\u00f3n adquirir\u00e1n conocimientos sobre las actividades de investigaci\u00f3n que se llevan a cabo durante una investigaci\u00f3n de desaparici\u00f3n de personas...<\/p>            <div class=\"aa-card-btn-wrapper\">\n                <a target=\"_blank\" aria-label=\"Estrategias y T\u00e1cticas de Respuesta Inicial ante Incidentes de Menores Desaparecidos \u2014 opens in a new tab\" class=\"btn sm blue\" href=\"https:\/\/ncjtc.fvtc.edu\/trainings\/TR00006487\/TRI3136033\/initial-response-strategies-and-tactics-when-responding-to-missing-children-incidents\">\n                    Saber m\u00e1s                <\/a>\n            <\/div>\n        <\/div> <!-- end aa-card-copy-and-btn-stretch-height-wrapper -->\n    <\/div><!-- end aa-card-body -->\n    <div class=\"aa-card-footer\">\n    <\/div> <!-- end aa-card-footer -->\n<\/div><div class=\"aa-card align-left\" role=\"article\" aria-labelledby=\"card-title-1\">\n    <div class=\"aa-card-header\">\n        <div class=\"aa-card-img\" style=\"background-image:url(https:\/\/amberadvocate.org\/wp-content\/uploads\/2026\/02\/911-Telecommunicator-LOIL.png); background-position: center center;\"            aria-hidden=\"true\">\n            <div class=\"aa-card-date\"><span class=\"aa-card-date-start\">Jul 14, 2026<\/span><\/div>        <\/div>\n    <\/div>\n    <div class=\"aa-card-body \">\n        <h4 id=\"card-title-1\" class=\"aa-card-title\">Teleoperadores del 911 y ni\u00f1os desaparecidos y secuestrados<\/h4>\n        <h5 class=\"aa-card-subtitle\">Rancho Cordova, CA<\/h5>        <div class=\"aa-card-copy-and-btn-stretch-height-wrapper\">\n            <p>Los teleoperadores del 911 son los primeros en responder en los casos de ni\u00f1os desaparecidos, y desempe\u00f1an un papel fundamental para salvar vidas como enlace entre un ni\u00f1o desaparecido y su regreso seguro. Este curso interactivo dotar\u00e1 a los teleoperadores de las habilidades y los recursos esenciales necesarios para gestionar estas situaciones de alto riesgo. Mediante el an\u00e1lisis de casos...<\/p>            <div class=\"aa-card-btn-wrapper\">\n                <a target=\"_blank\" aria-label=\"Teleoperadores del 911 y ni\u00f1os desaparecidos y secuestrados \u2014 opens in a new tab\" class=\"btn sm blue\" href=\"https:\/\/ncjtc.fvtc.edu\/trainings\/TR02579542\/TRI3136075\/911-telecommunicators-and-missing-abducted-children\">\n                    Saber m\u00e1s                <\/a>\n            <\/div>\n        <\/div> <!-- end aa-card-copy-and-btn-stretch-height-wrapper -->\n    <\/div><!-- end aa-card-body -->\n    <div class=\"aa-card-footer\">\n    <\/div> <!-- end aa-card-footer -->\n<\/div><div class=\"aa-card align-left\" role=\"article\" aria-labelledby=\"card-title-1\">\n    <div class=\"aa-card-header\">\n        <div class=\"aa-card-img\" style=\"background-image:url(https:\/\/amberadvocate.org\/wp-content\/uploads\/2026\/02\/Missing-Children-Investigation_magnifying-glass-phone.png); background-position: center center;\"            aria-hidden=\"true\">\n            <div class=\"aa-card-date\"><span class=\"aa-card-date-start\">Jul 16, 2026<\/span><\/div>        <\/div>\n    <\/div>\n    <div class=\"aa-card-body \">\n        <h4 id=\"card-title-1\" class=\"aa-card-title\">Investigaciones de Ni\u00f1os Desaparecidos, Parte 2: Redacci\u00f3n de la Orden Judicial y Descodificaci\u00f3n de la Devoluci\u00f3n<\/h4>\n                <div class=\"aa-card-copy-and-btn-stretch-height-wrapper\">\n            <p>Las investigaciones de ni\u00f1os desaparecidos comienzan cada vez m\u00e1s con pruebas digitales y de redes sociales. La segunda parte de la serie de seminarios web sobre investigaciones de ni\u00f1os desaparecidos se centra en la redacci\u00f3n de \u00f3rdenes judiciales digitales y de redes sociales eficaces y en el uso correcto de los datos que se devuelven. La redacci\u00f3n de \u00f3rdenes judiciales...<\/p>            <div class=\"aa-card-btn-wrapper\">\n                <a target=\"_blank\" aria-label=\"Investigaciones de Ni\u00f1os Desaparecidos, Parte 2: Redacci\u00f3n de la Orden Judicial y Descodificaci\u00f3n de la Devoluci\u00f3n \u2014 opens in a new tab\" class=\"btn sm blue\" href=\"https:\/\/ncjtc.fvtc.edu\/trainings\/TR03164800\/TRI3164801\/missing-children-investigations-part-2-writing-the-warrant-and-decoding-the-return\">\n                    Inscr\u00edbase en el seminario web                <\/a>\n            <\/div>\n        <\/div> <!-- end aa-card-copy-and-btn-stretch-height-wrapper -->\n    <\/div><!-- end aa-card-body -->\n    <div class=\"aa-card-footer\">\n    <\/div> <!-- end aa-card-footer -->\n<\/div><div class=\"aa-card align-left\" role=\"article\" aria-labelledby=\"card-title-1\">\n    <div class=\"aa-card-header\">\n        <div class=\"aa-card-img\" style=\"background-image:url(https:\/\/amberadvocate.org\/wp-content\/uploads\/2026\/01\/Field-Investigators-at-Crime-Scene.jpg); background-position: center center;\"            aria-hidden=\"true\">\n            <div class=\"aa-card-date\"><span class=\"aa-card-date-start\">Aug 18, 2026<\/span> - <span class=\"aa-card-date-end\">Aug 19, 2026<span><\/div>        <\/div>\n    <\/div>\n    <div class=\"aa-card-body \">\n        <h4 id=\"card-title-1\" class=\"aa-card-title\">Estrategias de investigaci\u00f3n en casos de sustracci\u00f3n de menores<\/h4>\n        <h5 class=\"aa-card-subtitle\">Elkhorn, WI<\/h5>        <div class=\"aa-card-copy-and-btn-stretch-height-wrapper\">\n            <p>Comprenda, reconozca e investigue casos relacionados con ni\u00f1os desaparecidos y secuestrados. Determine los problemas de alcance y escala y c\u00f3mo gestionar un caso de ni\u00f1o desaparecido o secuestrado. Explore la recopilaci\u00f3n y el procesamiento de pruebas en la escena del crimen, la elaboraci\u00f3n de perfiles de sospechosos y las cuestiones legales, incluidas las \u00f3rdenes de registro y los interrogatorios relacionados...<\/p>            <div class=\"aa-card-btn-wrapper\">\n                <a target=\"_blank\" aria-label=\"Estrategias de investigaci\u00f3n en casos de sustracci\u00f3n de menores \u2014 opens in a new tab\" class=\"btn sm blue\" href=\"https:\/\/ncjtc.fvtc.edu\/trainings\/TR00876338\/TRI3136049\/investigative-strategies-for-child-abduction-cases-2\">\n                    Saber m\u00e1s                <\/a>\n            <\/div>\n        <\/div> <!-- end aa-card-copy-and-btn-stretch-height-wrapper -->\n    <\/div><!-- end aa-card-body -->\n    <div class=\"aa-card-footer\">\n    <\/div> <!-- end aa-card-footer -->\n<\/div><div class=\"aa-card align-left\" role=\"article\" aria-labelledby=\"card-title-1\">\n    <div class=\"aa-card-header\">\n        <div class=\"aa-card-img\" style=\"background-image:url(https:\/\/amberadvocate.org\/wp-content\/uploads\/2026\/01\/Officer-k9-dog-river-search.jpg); background-position: center center;\"            aria-hidden=\"true\">\n            <div class=\"aa-card-date\"><span class=\"aa-card-date-start\">Nov 30, 2026<\/span> - <span class=\"aa-card-date-end\">Nov 30, 2026<span><\/div>        <\/div>\n    <\/div>\n    <div class=\"aa-card-body \">\n        <h4 id=\"card-title-1\" class=\"aa-card-title\">Operaciones de b\u00fasqueda y rastreo en sustracciones de menores<\/h4>\n        <h5 class=\"aa-card-subtitle\">Salt Lake City, Utah<\/h5>        <div class=\"aa-card-copy-and-btn-stretch-height-wrapper\">\n            <p>Cuando un ni\u00f1o desaparece, cada segundo cuenta. Adquiera las habilidades esenciales necesarias para organizar y gestionar operaciones de b\u00fasqueda y rastreo eficaces para recuperar al ni\u00f1o. Identifique pruebas cruciales relacionadas con tel\u00e9fonos m\u00f3viles y tecnolog\u00eda que pueden ayudar a localizar al ni\u00f1o y rastrear al secuestrador. Explore cuestiones legales relevantes asociadas con casos penales contra quienes secuestran y da\u00f1an a...<\/p>            <div class=\"aa-card-btn-wrapper\">\n                <a target=\"_blank\" aria-label=\"Operaciones de b\u00fasqueda y rastreo en sustracciones de menores \u2014 opens in a new tab\" class=\"btn sm blue\" href=\"https:\/\/ncjtc.fvtc.edu\/trainings\/TR00000122\/TRI3120305\/search-and-canvass-operations-in-child-abductions\">\n                    Saber m\u00e1s                <\/a>\n            <\/div>\n        <\/div> <!-- end aa-card-copy-and-btn-stretch-height-wrapper -->\n    <\/div><!-- end aa-card-body -->\n    <div class=\"aa-card-footer\">\n    <\/div> <!-- end aa-card-footer -->\n<\/div><div class=\"aa-card align-left\" role=\"article\" aria-labelledby=\"card-title-1\">\n    <div class=\"aa-card-header\">\n        <div class=\"aa-card-img\" style=\"background-image:url(https:\/\/amberadvocate.org\/wp-content\/uploads\/2025\/03\/female-patrol-2.jpg); background-position: center center;\"            aria-hidden=\"true\">\n            <div class=\"aa-card-date\"><span class=\"aa-card-date-start\">Nov 30, 2026<\/span><\/div>        <\/div>\n    <\/div>\n    <div class=\"aa-card-body \">\n        <h4 id=\"card-title-1\" class=\"aa-card-title\">Estrategias y T\u00e1cticas de Respuesta Inicial ante Incidentes de Menores Desaparecidos<\/h4>\n        <h5 class=\"aa-card-subtitle\">Live Online Instructor Led<\/h5>        <div class=\"aa-card-copy-and-btn-stretch-height-wrapper\">\n            <p>En la respuesta inicial a incidentes de desaparici\u00f3n de personas en peligro o secuestro de menores, es fundamental realizar evaluaciones precisas y oportunas de la situaci\u00f3n, as\u00ed como desplegar recursos de forma inmediata. Durante esta formaci\u00f3n, los equipos de primera intervenci\u00f3n adquirir\u00e1n conocimientos sobre las actividades de investigaci\u00f3n que se llevan a cabo durante una investigaci\u00f3n de desaparici\u00f3n de personas...<\/p>            <div class=\"aa-card-btn-wrapper\">\n                <a target=\"_blank\" aria-label=\"Estrategias y T\u00e1cticas de Respuesta Inicial ante Incidentes de Menores Desaparecidos \u2014 opens in a new tab\" class=\"btn sm blue\" href=\"https:\/\/ncjtc.fvtc.edu\/trainings\/TR00006487\/TRI3120389\/initial-response-strategies-and-tactics-when-responding-to-missing-children-incidents\">\n                    Saber m\u00e1s                <\/a>\n            <\/div>\n        <\/div> <!-- end aa-card-copy-and-btn-stretch-height-wrapper -->\n    <\/div><!-- end aa-card-body -->\n    <div class=\"aa-card-footer\">\n    <\/div> <!-- end aa-card-footer -->\n<\/div><\/div> <!-- end .aa-post-loop-container -->\n<\/div><\/div><\/div><\/div><div id=\"pg-29573-2\"  class=\"panel-grid panel-no-style\" ><div id=\"pgc-29573-2-0\"  class=\"panel-grid-cell panel-grid-cell-empty\" ><\/div><div id=\"pgc-29573-2-1\"  class=\"panel-grid-cell panel-grid-cell-mobile-last\" ><div id=\"panel-29573-2-1-0\" class=\"so-panel widget widget_button-widget panel-first-child panel-last-child\" data-index=\"4\" ><div\n\t\t\t\n\t\t\tclass=\"so-widget-button-widget so-widget-button-widget-default-d75171398898-29573\"\n\t\t\t\n\t\t>\n<a href=\"https:\/\/amberadvocate.org\/trainings\/trainings-home\/#\" class=\"btn sm  full orange\"  aria-label=\"Nuestra formaci\u00f3n:&lt;br&gt;M\u00e1s informaci\u00f3n\">Nuestra formaci\u00f3n:<br>M\u00e1s informaci\u00f3n<\/a><\/div><\/div><\/div><div id=\"pgc-29573-2-2\"  class=\"panel-grid-cell panel-grid-cell-empty\" ><\/div><\/div><div id=\"pg-29573-3\"  class=\"panel-grid panel-no-style\" ><div id=\"pgc-29573-3-0\"  class=\"panel-grid-cell\" ><div id=\"panel-29573-3-0-0\" class=\"so-panel widget widget_title-widget panel-first-child\" data-index=\"5\" ><div\n\t\t\t\n\t\t\tclass=\"so-widget-title-widget so-widget-title-widget-default-d75171398898-29573\"\n\t\t\t\n\t\t>\n<!-- AA Title Widget debug: name=AA Widget ID_1159985560656d02f2d381e254238016: title | title=\"Latest AMBER Advocate News\" -->\n\r\n<div class=\"aa-title-widget-container\">\r\n\t<div class=\"aa-title-widget-title\">\r\n\t\t<h2 class=\"default center-align\">\u00daltimas noticias del Defensor AMBER<\/h2>\t<\/div>\r\n\t<div class=\"aa-title-widget-subtitle subhead default center-align\">\r\n\t\t\t<\/div>\r\n<\/div>\r\n\t\t\t\r\n\r\n<\/div><\/div><div id=\"panel-29573-3-0-1\" class=\"so-panel widget widget_aa-post-loop-widget panel-last-child\" data-index=\"6\" ><div\n\t\t\t\n\t\t\tclass=\"so-widget-aa-post-loop-widget so-widget-aa-post-loop-widget-default-d75171398898-29573\"\n\t\t\t\n\t\t><script>var aaPostLoopJs = {\"query\":{\"orderby\":\"date\",\"tax_query\":{\"relation\":\"OR\",\"0\":[{\"taxonomy\":\"magazine_category\",\"field\":\"slug\",\"terms\":[\"spanish-home-page\"]}]},\"post_type\":[\"articles\"],\"order\":\"DESC\",\"posts_per_page\":\"8\",\"post_status\":\"publish\"},\"query_vars\":{\"orderby\":\"date\",\"tax_query\":{\"relation\":\"OR\",\"0\":[{\"taxonomy\":\"magazine_category\",\"field\":\"slug\",\"terms\":[\"spanish-home-page\"]}]},\"post_type\":[\"articles\"],\"order\":\"DESC\",\"posts_per_page\":8,\"post_status\":\"publish\",\"error\":\"\",\"m\":\"\",\"p\":0,\"post_parent\":\"\",\"subpost\":\"\",\"subpost_id\":\"\",\"attachment\":\"\",\"attachment_id\":0,\"name\":\"\",\"pagename\":\"\",\"page_id\":0,\"second\":\"\",\"minute\":\"\",\"hour\":\"\",\"day\":0,\"monthnum\":0,\"year\":0,\"w\":0,\"category_name\":\"\",\"tag\":\"\",\"cat\":\"\",\"tag_id\":\"\",\"author\":\"\",\"author_name\":\"\",\"feed\":\"\",\"tb\":\"\",\"paged\":0,\"meta_key\":\"\",\"meta_value\":\"\",\"preview\":\"\",\"s\":\"\",\"sentence\":\"\",\"title\":\"\",\"fields\":\"all\",\"menu_order\":\"\",\"embed\":\"\",\"category__in\":[],\"category__not_in\":[],\"category__and\":[],\"post__in\":[],\"post__not_in\":[],\"post_name__in\":[],\"tag__in\":[],\"tag__not_in\":[],\"tag__and\":[],\"tag_slug__in\":[],\"tag_slug__and\":[],\"post_parent__in\":[],\"post_parent__not_in\":[],\"author__in\":[],\"author__not_in\":[],\"search_columns\":[],\"meta_query\":[],\"ignore_sticky_posts\":false,\"suppress_filters\":false,\"cache_results\":true,\"update_post_term_cache\":true,\"update_menu_item_cache\":false,\"lazy_load_term_meta\":true,\"update_post_meta_cache\":true,\"nopaging\":false,\"comments_per_page\":\"50\",\"no_found_rows\":false,\"taxonomy\":\"magazine_category\",\"term\":\"spanish-home-page\"},\"tax_query\":{\"queries\":{\"relation\":\"OR\",\"0\":{\"0\":{\"taxonomy\":\"magazine_category\",\"terms\":[\"spanish-home-page\"],\"field\":\"slug\",\"operator\":\"IN\",\"include_children\":true},\"relation\":\"AND\"}},\"relation\":\"OR\",\"queried_terms\":{\"magazine_category\":{\"terms\":[\"spanish-home-page\"],\"field\":\"slug\"}},\"primary_table\":\"wp_posts\",\"primary_id_column\":\"ID\"},\"meta_query\":{\"queries\":[],\"relation\":null,\"meta_table\":null,\"meta_id_column\":null,\"primary_table\":null,\"primary_id_column\":null},\"date_query\":false,\"request\":\"SELECT SQL_CALC_FOUND_ROWS  wp_posts.*\\n\\t\\t\\t\\t\\t FROM wp_posts  LEFT JOIN wp_term_relationships ON (wp_posts.ID = wp_term_relationships.object_id) LEFT  JOIN wp_icl_translations wpml_translations\\n\\t\\t\\t\\t\\t\\t\\tON wp_posts.ID = wpml_translations.element_id\\n\\t\\t\\t\\t\\t\\t\\t\\tAND wpml_translations.element_type = CONCAT('post_', wp_posts.post_type) \\n\\t\\t\\t\\t\\t WHERE 1=1  AND ( \\n  ( \\n    wp_term_relationships.term_taxonomy_id IN (1541)\\n  )\\n) AND wp_posts.post_type = 'articles' AND ((wp_posts.post_status = 'publish')) AND ( ( ( wpml_translations.language_code = 'es' OR (\\n\\t\\t\\t\\t\\twpml_translations.language_code = 'en'\\n\\t\\t\\t\\t\\tAND wp_posts.post_type IN ( 'attachment' )\\n\\t\\t\\t\\t\\tAND ( ( \\n\\t\\t\\t( SELECT COUNT(element_id)\\n\\t\\t\\t  FROM wp_icl_translations\\n\\t\\t\\t  WHERE trid = wpml_translations.trid\\n\\t\\t\\t  AND language_code = 'es'\\n\\t\\t\\t) = 0\\n\\t\\t\\t ) OR ( \\n\\t\\t\\t( SELECT COUNT(element_id)\\n\\t\\t\\t\\tFROM wp_icl_translations t2\\n\\t\\t\\t\\tJOIN wp_posts p ON p.id = t2.element_id\\n\\t\\t\\t\\tWHERE t2.trid = wpml_translations.trid\\n\\t\\t\\t\\tAND t2.language_code = 'es'\\n                AND (\\n                    p.post_status = 'publish' OR p.post_status = 'private' OR \\n                    ( p.post_type='attachment' AND p.post_status = 'inherit' )\\n                )\\n\\t\\t\\t) = 0 ) ) \\n\\t\\t\\t\\t) ) AND wp_posts.post_type  IN ('post','page','attachment','wp_block','wp_template','wp_template_part','wp_navigation','state','partner-resource','cart','public-resource','articles','staff-bio','training','testimonials' )  ) OR wp_posts.post_type  NOT  IN ('post','page','attachment','wp_block','wp_template','wp_template_part','wp_navigation','state','partner-resource','cart','public-resource','articles','staff-bio','training','testimonials' )  )\\n\\t\\t\\t\\t\\t GROUP BY wp_posts.ID\\n\\t\\t\\t\\t\\t ORDER BY wp_posts.post_date DESC\\n\\t\\t\\t\\t\\t LIMIT 0, 8\",\"posts\":[{\"ID\":41240,\"post_author\":\"532\",\"post_date\":\"2026-03-19 11:42:03\",\"post_date_gmt\":\"2026-03-19 16:42:03\",\"post_content\":\"\",\"post_title\":\"Un legado m\\u00e1s all\\u00e1 de la p\\u00e9rdida\",\"post_excerpt\":\"Las vastas distancias, el clima riguroso y las complejas l\\u00edneas jurisdiccionales complican la b\\u00fasqueda de justicia para los MMIP en Alaska, mientras un padre en duelo lucha para asegurar que cada vida sea vista y escuchada.\",\"post_status\":\"publish\",\"comment_status\":\"closed\",\"ping_status\":\"closed\",\"post_password\":\"\",\"post_name\":\"un-legado-mas-alla-de-la-perdida\",\"to_ping\":\"\",\"pinged\":\"\",\"post_modified\":\"2026-03-19 11:42:03\",\"post_modified_gmt\":\"2026-03-19 16:42:03\",\"post_content_filtered\":\"\",\"post_parent\":0,\"guid\":\"https:\\\/\\\/amberadvocate.org\\\/?articles=un-legado-mas-alla-de-la-perdida\",\"menu_order\":0,\"post_type\":\"articles\",\"post_mime_type\":\"\",\"comment_count\":\"0\",\"filter\":\"raw\",\"relevanssi_light_data\":\"\"},{\"ID\":39806,\"post_author\":\"532\",\"post_date\":\"2025-12-03 14:20:45\",\"post_date_gmt\":\"2025-12-03 20:20:45\",\"post_content\":\"\",\"post_title\":\"Detectives del caso, pasados y presentes: Amber Hagerman 'No muri\\u00f3 en vano' y 'Nuestro objetivo es obtener justicia'\",\"post_excerpt\":\"Tres d\\u00e9cadas despu\\u00e9s de que el secuestro de Amber Hagerman en 1996 inspirara la Alerta AMBER\\n, su caso sigue sin resolverse. Hablamos con los principales investigadores, pasados y presentes, sobre la implacable b\\u00fasqueda de justicia. \",\"post_status\":\"publish\",\"comment_status\":\"closed\",\"ping_status\":\"closed\",\"post_password\":\"\",\"post_name\":\"detectives-del-caso-pasados-y-presentes-amber-hagerman-no-murio-en-vano-y-nuestro-objetivo-es-obtener-justicia\",\"to_ping\":\"\",\"pinged\":\"\",\"post_modified\":\"2026-01-12 18:25:41\",\"post_modified_gmt\":\"2026-01-13 00:25:41\",\"post_content_filtered\":\"\",\"post_parent\":0,\"guid\":\"https:\\\/\\\/amberadvocate.org\\\/?articles=detectives-del-caso-pasados-y-presentes-amber-hagerman-no-murio-en-vano-y-nuestro-objetivo-es-obtener-justicia\",\"menu_order\":0,\"post_type\":\"articles\",\"post_mime_type\":\"\",\"comment_count\":\"0\",\"filter\":\"raw\",\"relevanssi_light_data\":\"\"},{\"ID\":39808,\"post_author\":\"682\",\"post_date\":\"2025-12-02 13:41:56\",\"post_date_gmt\":\"2025-12-02 19:41:56\",\"post_content\":\"\",\"post_title\":\"El legado de Amber: Cronolog\\u00eda\",\"post_excerpt\":\"El programa AMBER Alert moviliza a las comunidades para encontrar a ni\\u00f1os secuestrados. Al difundir detalles urgentes a trav\\u00e9s de la televisi\\u00f3n, la radio, las se\\u00f1ales de las autopistas y los tel\\u00e9fonos m\\u00f3viles, el sistema aprovecha el poder p\\u00fablico para traerlos a casa de forma segura. Miles de ni\\u00f1os han sido rescatados gracias a este sistema. Esta cronolog\\u00eda destaca los acontecimientos significativos de las \\u00faltimas tres d\\u00e9cadas.   \",\"post_status\":\"publish\",\"comment_status\":\"closed\",\"ping_status\":\"closed\",\"post_password\":\"\",\"post_name\":\"el-legado-de-amber-cronologia\",\"to_ping\":\"\",\"pinged\":\"\",\"post_modified\":\"2026-01-12 18:24:56\",\"post_modified_gmt\":\"2026-01-13 00:24:56\",\"post_content_filtered\":\"\",\"post_parent\":0,\"guid\":\"https:\\\/\\\/amberadvocate.org\\\/?articles=el-legado-de-amber-cronologia\",\"menu_order\":0,\"post_type\":\"articles\",\"post_mime_type\":\"\",\"comment_count\":\"0\",\"filter\":\"raw\",\"relevanssi_light_data\":\"\"},{\"ID\":39811,\"post_author\":\"532\",\"post_date\":\"2025-11-24 15:57:59\",\"post_date_gmt\":\"2025-11-24 21:57:59\",\"post_content\":\"\",\"post_title\":\"Lecciones generales del caso de Amber Hagerman\",\"post_excerpt\":\"Treinta a\\u00f1os despu\\u00e9s de su secuestro y asesinato, el \\nlegado de Amber Hagerman es el sistema de Alerta AMBER, que ha salvado miles de vidas j\\u00f3venes gracias a la planificaci\\u00f3n anticipada, el trabajo en equipo, el uso de recursos, la participaci\\u00f3n de los medios de comunicaci\\u00f3n y m\\u00e1s de los organismos encargados de hacer cumplir la ley.\",\"post_status\":\"publish\",\"comment_status\":\"closed\",\"ping_status\":\"closed\",\"post_password\":\"\",\"post_name\":\"lecciones-generales-del-caso-de-amber-hagerman\",\"to_ping\":\"\",\"pinged\":\"\",\"post_modified\":\"2026-03-18 08:32:00\",\"post_modified_gmt\":\"2026-03-18 13:32:00\",\"post_content_filtered\":\"\",\"post_parent\":0,\"guid\":\"https:\\\/\\\/amberadvocate.org\\\/?articles=lecciones-generales-del-caso-de-amber-hagerman\",\"menu_order\":0,\"post_type\":\"articles\",\"post_mime_type\":\"\",\"comment_count\":\"0\",\"filter\":\"raw\",\"relevanssi_light_data\":\"\"},{\"ID\":38219,\"post_author\":\"682\",\"post_date\":\"2025-09-19 10:19:11\",\"post_date_gmt\":\"2025-09-19 15:19:11\",\"post_content\":\"\",\"post_title\":\"Reinicio inteligente de CART\",\"post_excerpt\":\"La capacitaci\\u00f3n del equipo de respuesta a la sustracci\\u00f3n de menores vuelve a lo b\\u00e1sico para obtener una f\\u00f3rmula ganadora.\",\"post_status\":\"publish\",\"comment_status\":\"closed\",\"ping_status\":\"closed\",\"post_password\":\"\",\"post_name\":\"reinicio-inteligente-de-cart\",\"to_ping\":\"\",\"pinged\":\"\",\"post_modified\":\"2026-03-18 09:19:44\",\"post_modified_gmt\":\"2026-03-18 14:19:44\",\"post_content_filtered\":\"\",\"post_parent\":0,\"guid\":\"https:\\\/\\\/amberadvocate.org\\\/back-issues\\\/reinicio-inteligente-de-cart\\\/\",\"menu_order\":0,\"post_type\":\"articles\",\"post_mime_type\":\"\",\"comment_count\":\"0\",\"filter\":\"raw\",\"relevanssi_light_data\":\"\"},{\"ID\":38186,\"post_author\":\"532\",\"post_date\":\"2025-09-08 12:58:29\",\"post_date_gmt\":\"2025-09-08 17:58:29\",\"post_content\":\"\",\"post_title\":\"Vecina del norte\",\"post_excerpt\":\"Jos\\u00e9e Melanson, veterana de la Real Polic\\u00eda Montada de Canad\\u00e1, est\\u00e1 a la vanguardia de una colaboraci\\u00f3n para seguir fortaleciendo el Programa AMBER Alert.\",\"post_status\":\"publish\",\"comment_status\":\"closed\",\"ping_status\":\"closed\",\"post_password\":\"\",\"post_name\":\"vecina-del-norte\",\"to_ping\":\"\",\"pinged\":\"\",\"post_modified\":\"2026-01-13 17:37:27\",\"post_modified_gmt\":\"2026-01-13 23:37:27\",\"post_content_filtered\":\"\",\"post_parent\":0,\"guid\":\"https:\\\/\\\/amberadvocate.org\\\/back-issues\\\/vecina-del-norte\\\/\",\"menu_order\":0,\"post_type\":\"articles\",\"post_mime_type\":\"\",\"comment_count\":\"0\",\"filter\":\"raw\",\"relevanssi_light_data\":\"\"},{\"ID\":38195,\"post_author\":\"532\",\"post_date\":\"2025-09-08 11:37:46\",\"post_date_gmt\":\"2025-09-08 16:37:46\",\"post_content\":\"\",\"post_title\":\"Un rescate conmovedor\",\"post_excerpt\":\"Cuando se emiti\\u00f3 una Alerta AMBER para un beb\\u00e9 que ten\\u00eda programada una cirug\\u00eda card\\u00edaca al d\\u00eda siguiente, el p\\u00fablico se moviliz\\u00f3 para ayudar a localizar al ni\\u00f1o de forma segura.\",\"post_status\":\"publish\",\"comment_status\":\"closed\",\"ping_status\":\"closed\",\"post_password\":\"\",\"post_name\":\"un-rescate-conmovedor\",\"to_ping\":\"\",\"pinged\":\"\",\"post_modified\":\"2026-01-13 17:37:29\",\"post_modified_gmt\":\"2026-01-13 23:37:29\",\"post_content_filtered\":\"\",\"post_parent\":0,\"guid\":\"https:\\\/\\\/amberadvocate.org\\\/back-issues\\\/un-rescate-conmovedor\\\/\",\"menu_order\":0,\"post_type\":\"articles\",\"post_mime_type\":\"\",\"comment_count\":\"0\",\"filter\":\"raw\",\"relevanssi_light_data\":\"\"},{\"ID\":38212,\"post_author\":\"532\",\"post_date\":\"2025-07-09 15:54:29\",\"post_date_gmt\":\"2025-07-09 20:54:29\",\"post_content\":\"\",\"post_title\":\"Misi\\u00f3n: rescate\",\"post_excerpt\":\"Una innovadora operaci\\u00f3n de rescate en el norte del estado de Nueva York localiza a m\\u00e1s de 60 ni\\u00f1os desaparecidos y demuestra el poder de las agencias que se unen por un objetivo com\\u00fan.\",\"post_status\":\"publish\",\"comment_status\":\"closed\",\"ping_status\":\"closed\",\"post_password\":\"\",\"post_name\":\"mision-rescate\",\"to_ping\":\"\",\"pinged\":\"\",\"post_modified\":\"2026-01-13 17:44:05\",\"post_modified_gmt\":\"2026-01-13 23:44:05\",\"post_content_filtered\":\"\",\"post_parent\":0,\"guid\":\"https:\\\/\\\/amberadvocate.org\\\/back-issues\\\/mision-rescate\\\/\",\"menu_order\":0,\"post_type\":\"articles\",\"post_mime_type\":\"\",\"comment_count\":\"0\",\"filter\":\"raw\",\"relevanssi_light_data\":\"\"}],\"post_count\":8,\"current_post\":-1,\"before_loop\":true,\"in_the_loop\":false,\"post\":{\"ID\":41240,\"post_author\":\"532\",\"post_date\":\"2026-03-19 11:42:03\",\"post_date_gmt\":\"2026-03-19 16:42:03\",\"post_content\":\"\",\"post_title\":\"Un legado m\\u00e1s all\\u00e1 de la p\\u00e9rdida\",\"post_excerpt\":\"Las vastas distancias, el clima riguroso y las complejas l\\u00edneas jurisdiccionales complican la b\\u00fasqueda de justicia para los MMIP en Alaska, mientras un padre en duelo lucha para asegurar que cada vida sea vista y escuchada.\",\"post_status\":\"publish\",\"comment_status\":\"closed\",\"ping_status\":\"closed\",\"post_password\":\"\",\"post_name\":\"un-legado-mas-alla-de-la-perdida\",\"to_ping\":\"\",\"pinged\":\"\",\"post_modified\":\"2026-03-19 11:42:03\",\"post_modified_gmt\":\"2026-03-19 16:42:03\",\"post_content_filtered\":\"\",\"post_parent\":0,\"guid\":\"https:\\\/\\\/amberadvocate.org\\\/?articles=un-legado-mas-alla-de-la-perdida\",\"menu_order\":0,\"post_type\":\"articles\",\"post_mime_type\":\"\",\"comment_count\":\"0\",\"filter\":\"raw\",\"relevanssi_light_data\":\"\"},\"comment_count\":0,\"current_comment\":-1,\"found_posts\":36,\"max_num_pages\":5,\"max_num_comment_pages\":0,\"is_single\":false,\"is_preview\":false,\"is_page\":false,\"is_archive\":false,\"is_date\":false,\"is_year\":false,\"is_month\":false,\"is_day\":false,\"is_time\":false,\"is_author\":false,\"is_category\":false,\"is_tag\":false,\"is_tax\":false,\"is_search\":false,\"is_feed\":false,\"is_comment_feed\":false,\"is_trackback\":false,\"is_home\":true,\"is_privacy_policy\":false,\"is_404\":false,\"is_embed\":false,\"is_paged\":false,\"is_admin\":false,\"is_attachment\":false,\"is_singular\":false,\"is_robots\":false,\"is_favicon\":false,\"is_posts_page\":false,\"is_post_type_archive\":false,\"thumbnails_cached\":false}<\/script>    <div id=\"aa-post-loop-widget-69f39a25d2a91\"class=\"aa-post-loop-widget aa-post-loop-container aa-owl-caoursel owl-carousel aa-post-loop-3-col-layout aa-3col-container\" \n        data-layout=\"aa-post-loop-3-col-layout\" \n        data-arrows=\"true\"\n        data-autoplay=\"false\"><div class=\"aa-card left-align\">\n  <div class=\"aa-card-header\">\n    <div class=\"aa-card-img\" style=\" background-image:url('https:\/\/amberadvocate.org\/wp-content\/uploads\/2026\/03\/Ashley-Johnson-Barr-and-gravesite.jpg');\" alt=\"Un legado m\u00e1s all\u00e1 de la p\u00e9rdida\"><\/div> \n  <\/div>\n  <div class=\"aa-card-body\">\n    <div class=\"aa-card-title\">Un legado m\u00e1s all\u00e1 de la p\u00e9rdida<\/div>\n    <div class=\"aa-card-copy-and-btn-stretch-height-wrapper\">\n      <p>Las vastas distancias, el clima riguroso y las complejas l\u00edneas jurisdiccionales complican la b\u00fasqueda de justicia para los MMIP en Alaska, mientras un padre en duelo lucha para asegurar que...<\/p>      \n      <div class=\"aa-card-btn-wrapper\">\n        <a class=\"btn sm blue\" href=\"https:\/\/amberadvocate.org\/es\/?articles=un-legado-mas-alla-de-la-perdida\"  aria-label=\"Un legado m\u00e1s all\u00e1 de la p\u00e9rdida\">Learn More<\/a>\n      <\/div>\n    <\/div>\n\n  <\/div>\n<\/div><div class=\"aa-card left-align\">\n  <div class=\"aa-card-header\">\n    <div class=\"aa-card-img\" style=\" background-image:url('https:\/\/amberadvocate.org\/wp-content\/uploads\/2025\/12\/AMBER-collage.png');\" alt=\"Detectives del caso, pasados y presentes: Amber Hagerman &#039;No muri\u00f3 en vano&#039; y &#039;Nuestro objetivo es obtener justicia&#039;\"><\/div> \n  <\/div>\n  <div class=\"aa-card-body\">\n    <div class=\"aa-card-title\">Detectives del caso, pasados y presentes: Amber Hagerman 'No muri\u00f3 en vano' y 'Nuestro objetivo es obtener justicia'<\/div>\n    <div class=\"aa-card-copy-and-btn-stretch-height-wrapper\">\n      <p>Tres d\u00e9cadas despu\u00e9s de que el secuestro de Amber Hagerman en 1996 inspirara la Alerta AMBER , su caso sigue sin resolverse. Hablamos con los principales investigadores, pasados y presentes,...<\/p>      \n      <div class=\"aa-card-btn-wrapper\">\n        <a class=\"btn sm blue\" href=\"https:\/\/amberadvocate.org\/es\/?articles=detectives-del-caso-pasados-y-presentes-amber-hagerman-no-murio-en-vano-y-nuestro-objetivo-es-obtener-justicia\"  aria-label=\"Detectives del caso, pasados y presentes: Amber Hagerman &#039;No muri\u00f3 en vano&#039; y &#039;Nuestro objetivo es obtener justicia&#039;\">Learn More<\/a>\n      <\/div>\n    <\/div>\n\n  <\/div>\n<\/div><div class=\"aa-card left-align\">\n  <div class=\"aa-card-header\">\n    <div class=\"aa-card-img\" style=\" background-image:url('https:\/\/amberadvocate.org\/wp-content\/uploads\/2025\/10\/AMBER-Alert-TikTok.jpg');\" alt=\"El legado de Amber: Cronolog\u00eda\"><\/div> \n  <\/div>\n  <div class=\"aa-card-body\">\n    <div class=\"aa-card-title\">El legado de Amber: Cronolog\u00eda<\/div>\n    <div class=\"aa-card-copy-and-btn-stretch-height-wrapper\">\n      <p>El programa AMBER Alert moviliza a las comunidades para encontrar a ni\u00f1os secuestrados. Al difundir detalles urgentes a trav\u00e9s de la televisi\u00f3n, la radio, las se\u00f1ales de las autopistas y...<\/p>      \n      <div class=\"aa-card-btn-wrapper\">\n        <a class=\"btn sm blue\" href=\"https:\/\/amberadvocate.org\/es\/?articles=el-legado-de-amber-cronologia\"  aria-label=\"El legado de Amber: Cronolog\u00eda\">Learn More<\/a>\n      <\/div>\n    <\/div>\n\n  <\/div>\n<\/div><div class=\"aa-card left-align\">\n  <div class=\"aa-card-header\">\n    <div class=\"aa-card-img\" style=\" background-image:url('https:\/\/amberadvocate.org\/wp-content\/uploads\/2025\/11\/Amber-Hagerman-with-brother-Ricky.jpeg');\" alt=\"Lecciones generales del caso de Amber Hagerman\"><\/div> \n  <\/div>\n  <div class=\"aa-card-body\">\n    <div class=\"aa-card-title\">Lecciones generales del caso de Amber Hagerman<\/div>\n    <div class=\"aa-card-copy-and-btn-stretch-height-wrapper\">\n      <p>Treinta a\u00f1os despu\u00e9s de su secuestro y asesinato, el legado de Amber Hagerman es el sistema de Alerta AMBER, que ha salvado miles de vidas j\u00f3venes gracias a la planificaci\u00f3n...<\/p>      \n      <div class=\"aa-card-btn-wrapper\">\n        <a class=\"btn sm blue\" href=\"https:\/\/amberadvocate.org\/es\/?articles=lecciones-generales-del-caso-de-amber-hagerman\"  aria-label=\"Lecciones generales del caso de Amber Hagerman\">Learn More<\/a>\n      <\/div>\n    <\/div>\n\n  <\/div>\n<\/div><div class=\"aa-card left-align\">\n  <div class=\"aa-card-header\">\n    <div class=\"aa-card-img\" style=\" background-image:url('https:\/\/amberadvocate.org\/wp-content\/uploads\/2025\/09\/CART-Cert-3-1.jpg');\" alt=\"Reinicio inteligente de CART\"><\/div> \n  <\/div>\n  <div class=\"aa-card-body\">\n    <div class=\"aa-card-title\">Reinicio inteligente de CART<\/div>\n    <div class=\"aa-card-copy-and-btn-stretch-height-wrapper\">\n      <p>La capacitaci\u00f3n del equipo de respuesta a la sustracci\u00f3n de menores vuelve a lo b\u00e1sico para obtener una f\u00f3rmula ganadora.<\/p>      \n      <div class=\"aa-card-btn-wrapper\">\n        <a class=\"btn sm blue\" href=\"https:\/\/amberadvocate.org\/es\/?articles=reinicio-inteligente-de-cart\"  aria-label=\"Reinicio inteligente de CART\">Learn More<\/a>\n      <\/div>\n    <\/div>\n\n  <\/div>\n<\/div><div class=\"aa-card left-align\">\n  <div class=\"aa-card-header\">\n    <div class=\"aa-card-img\" style=\" background-image:url('https:\/\/amberadvocate.org\/wp-content\/uploads\/2025\/09\/RCMP-2025-0730-MC-011_1-scaled.jpeg');\" alt=\"Vecina del norte\"><\/div> \n  <\/div>\n  <div class=\"aa-card-body\">\n    <div class=\"aa-card-title\">Vecina del norte<\/div>\n    <div class=\"aa-card-copy-and-btn-stretch-height-wrapper\">\n      <p>Jos\u00e9e Melanson, veterana de la Real Polic\u00eda Montada de Canad\u00e1, est\u00e1 a la vanguardia de una colaboraci\u00f3n para seguir fortaleciendo el Programa AMBER Alert.<\/p>      \n      <div class=\"aa-card-btn-wrapper\">\n        <a class=\"btn sm blue\" href=\"https:\/\/amberadvocate.org\/es\/?articles=vecina-del-norte\"  aria-label=\"Vecina del norte\">Learn More<\/a>\n      <\/div>\n    <\/div>\n\n  <\/div>\n<\/div><div class=\"aa-card left-align\">\n  <div class=\"aa-card-header\">\n    <div class=\"aa-card-img\" style=\" background-image:url('https:\/\/amberadvocate.org\/wp-content\/uploads\/2025\/09\/Staff-photo-illustration.jpg');\" alt=\"Un rescate conmovedor\"><\/div> \n  <\/div>\n  <div class=\"aa-card-body\">\n    <div class=\"aa-card-title\">Un rescate conmovedor<\/div>\n    <div class=\"aa-card-copy-and-btn-stretch-height-wrapper\">\n      <p>Cuando se emiti\u00f3 una Alerta AMBER para un beb\u00e9 que ten\u00eda programada una cirug\u00eda card\u00edaca al d\u00eda siguiente, el p\u00fablico se moviliz\u00f3 para ayudar a localizar al ni\u00f1o de forma...<\/p>      \n      <div class=\"aa-card-btn-wrapper\">\n        <a class=\"btn sm blue\" href=\"https:\/\/amberadvocate.org\/es\/?articles=un-rescate-conmovedor\"  aria-label=\"Un rescate conmovedor\">Learn More<\/a>\n      <\/div>\n    <\/div>\n\n  <\/div>\n<\/div><div class=\"aa-card left-align\">\n  <div class=\"aa-card-header\">\n    <div class=\"aa-card-img\" style=\" background-image:url('https:\/\/amberadvocate.org\/wp-content\/uploads\/2025\/07\/Capital-Region-Missing-Child-Rescue-Operation-79.jpg');\" alt=\"Misi\u00f3n: rescate\"><\/div> \n  <\/div>\n  <div class=\"aa-card-body\">\n    <div class=\"aa-card-title\">Misi\u00f3n: rescate<\/div>\n    <div class=\"aa-card-copy-and-btn-stretch-height-wrapper\">\n      <p>Una innovadora operaci\u00f3n de rescate en el norte del estado de Nueva York localiza a m\u00e1s de 60 ni\u00f1os desaparecidos y demuestra el poder de las agencias que se unen...<\/p>      \n      <div class=\"aa-card-btn-wrapper\">\n        <a class=\"btn sm blue\" href=\"https:\/\/amberadvocate.org\/es\/?articles=mision-rescate\"  aria-label=\"Misi\u00f3n: rescate\">Learn More<\/a>\n      <\/div>\n    <\/div>\n\n  <\/div>\n<\/div><\/div> <!-- end .aa-post-loop-container -->\n<\/div><\/div><\/div><\/div><div id=\"pg-29573-4\"  class=\"panel-grid panel-no-style\" ><div id=\"pgc-29573-4-0\"  class=\"panel-grid-cell\" ><div id=\"panel-29573-4-0-0\" class=\"so-panel widget widget_button-widget panel-first-child panel-last-child\" data-index=\"7\" ><div\n\t\t\t\n\t\t\tclass=\"so-widget-button-widget so-widget-button-widget-default-d75171398898-29573\"\n\t\t\t\n\t\t>\n<a href=\"https:\/\/amberadvocate.org\/magazine\/web-exclusives\/\" class=\"btn sm  full blue\" target=\"_blank\" aria-label=\"M\u00e1s noticias:&lt;br&gt;exclusivas web \u2014 opens in a new tab\">M\u00e1s noticias:<br>exclusivas web<\/a><\/div><\/div><\/div><div id=\"pgc-29573-4-1\"  class=\"panel-grid-cell\" ><div id=\"panel-29573-4-1-0\" class=\"so-panel widget widget_button-widget panel-first-child panel-last-child\" data-index=\"8\" ><div\n\t\t\t\n\t\t\tclass=\"so-widget-button-widget so-widget-button-widget-default-d75171398898-29573\"\n\t\t\t\n\t\t>\n<a href=\"\/amber-alert-network\/amber-alert-in-action\/#\" class=\"btn sm  full orange\"  aria-label=\"M\u00e1s noticias:&lt;br&gt;Alerta AMBER en acci\u00f3n\">M\u00e1s noticias:<br>Alerta AMBER en acci\u00f3n<\/a><\/div><\/div><\/div><\/div><div id=\"pg-29573-5\"  class=\"panel-grid panel-has-style\" ><div class=\"panel-row-style panel-row-style-for-29573-5\" ><div id=\"pgc-29573-5-0\"  class=\"panel-grid-cell\" ><div id=\"panel-29573-5-0-0\" class=\"so-panel widget widget_title-widget panel-first-child\" data-index=\"9\" ><div\n\t\t\t\n\t\t\tclass=\"so-widget-title-widget so-widget-title-widget-default-d75171398898-29573\"\n\t\t\t\n\t\t>\n<!-- AA Title Widget debug: name=AA Widget ID_55714932165a5f6ea6549c967565705: title | title=\"Featured Resources\" -->\n\r\n<div class=\"aa-title-widget-container\">\r\n\t<div class=\"aa-title-widget-title\">\r\n\t\t<h2 class=\"default center-align\">Recursos destacados<\/h2>\t<\/div>\r\n\t<div class=\"aa-title-widget-subtitle subhead default center-align\">\r\n\t\t\t<\/div>\r\n<\/div>\r\n\t\t\t\r\n\r\n<\/div><\/div><div id=\"panel-29573-5-0-1\" class=\"so-panel widget widget_aa-card-widget panel-last-child\" data-index=\"10\" ><div\n\t\t\t\n\t\t\tclass=\"so-widget-aa-card-widget so-widget-aa-card-widget-default-d75171398898-29573\"\n\t\t\t\n\t\t>\n  \n<div id=\"aa-card-widget-69f39a25d9444\" class=\"aa-card-widget aa-carousel-card-container aa-owl-caoursel owl-carousel\">\n\n      <!-- AA CARD WIDGET ITEM 1 -->\n  <div class=\"aa-card align-left\" role=\"article\" aria-labelledby=\"card-title-1\">\n          <div class=\"aa-card-header\">\n        <div class=\"aa-card-img\" style=\"background-image:url('https:\/\/amberadvocate.org\/wp-content\/uploads\/2024\/10\/COVER-THUMBNAIL_CART_IMPLEMENTATION_GUIDE_2024.png'); background-position: center center;\" aria-hidden=\"true\">\n          <!-- <img decoding=\"async\" src=\"\" alt=\"Cuando tu hijo ha desaparecido: Gu\u00eda de supervivencia familiar\">         -->\n                  <\/div> \n      <\/div>\n          <div class=\"aa-card-body \">\n              <h4 id=\"card-title-1\" class=\"aa-card-title\">Cuando tu hijo ha desaparecido: Gu\u00eda de supervivencia familiar<\/h4>\n                    <h5 class=\"aa-card-subtitle\">A Guide to CART Program Components and Implementation<\/h5>\n            <div class=\"aa-card-copy-and-btn-stretch-height-wrapper\">    \n        <p><!-- always load this p tag -->\n          Cuando tu hijo desaparece, tu mente se llena de preguntas: qu\u00e9 hacer, cu\u00e1ndo hacerlo y c\u00f3mo hacerlo.\nEs abrumador.\nNosotros lo comprendemos.\nHemos pasado por ello.\nHemos dise\u00f1ado esta publicaci\u00f3n para ayudarte a dar cada paso necesario, ponerte en contacto con las personas adecuadas y saber c\u00f3mo seguir adelante.            <\/p>\n                  <div class=\"aa-card-btn-wrapper\">\n            <a class=\"btn sm blue\" href=\"https:\/\/amberadvocate.org\/wp-content\/uploads\/2024\/10\/CART_IMPLEMENTATION_GUIDE_2024.pdf\" target=\"_blank\" rel=\"noopener noreferrer\" aria-label=\"Cuando tu hijo ha desaparecido: Gu\u00eda de supervivencia familiar \u2014 opens in a new tab\"  >\n              Ver recurso  \n            <\/a>\n          <\/div>\n              <\/div> <!-- end aa-card-copy-and-btn-stretch-height-wrapper -->\n    <\/div><!-- end aa-card-body -->\n    <div class=\"aa-card-footer\">\n    <\/div> <!-- end aa-card-footer -->\n  <\/div>\n  <!-- END AA CARD WIDGET ITEM 1 -->\n      <!-- AA CARD WIDGET ITEM 2 -->\n  <div class=\"aa-card align-left\" role=\"article\" aria-labelledby=\"card-title-2\">\n          <div class=\"aa-card-header\">\n        <div class=\"aa-card-img\" style=\"background-image:url('https:\/\/amberadvocate.org\/wp-content\/uploads\/2024\/10\/COVER-THUMBNAIL_CART_CERTIFICATION_GUIDE_2024.png'); background-position: center center;\" aria-hidden=\"true\">\n          <!-- <img decoding=\"async\" src=\"\" alt=\"Revista AMBER Advocate\">         -->\n                  <\/div> \n      <\/div>\n          <div class=\"aa-card-body \">\n              <h4 id=\"card-title-2\" class=\"aa-card-title\">Revista AMBER Advocate<\/h4>\n                    <h5 class=\"aa-card-subtitle\">\u00daltimo n\u00famero<\/h5>\n            <div class=\"aa-card-copy-and-btn-stretch-height-wrapper\">    \n        <p><!-- always load this p tag -->\n          Nuestro tercer n\u00famero de 2024 se centra en \"Familias Reunidas\": Padres y hermanos de ni\u00f1os desaparecidos que se reunieron con motivo del D\u00eda Nacional de los Ni\u00f1os Desaparecidos de este a\u00f1o para debatir c\u00f3mo ayudar a otras familias que experimentan la angustia y la determinaci\u00f3n que se sienten cuando desaparece un hijo.\nLee esta y otras historias fant\u00e1sticas en el nuevo n\u00famero de hoy.           <\/p>\n                  <div class=\"aa-card-btn-wrapper\">\n            <a class=\"btn sm blue\" href=\"https:\/\/amberadvocate.org\/wp-content\/uploads\/2024\/10\/CART_CERTIFICATION_GUIDE_2024.pdf\" target=\"_blank\" rel=\"noopener noreferrer\" aria-label=\"Revista AMBER Advocate \u2014 opens in a new tab\"  >\n              Ver recurso  \n            <\/a>\n          <\/div>\n              <\/div> <!-- end aa-card-copy-and-btn-stretch-height-wrapper -->\n    <\/div><!-- end aa-card-body -->\n    <div class=\"aa-card-footer\">\n    <\/div> <!-- end aa-card-footer -->\n  <\/div>\n  <!-- END AA CARD WIDGET ITEM 2 -->\n      <!-- AA CARD WIDGET ITEM 3 -->\n  <div class=\"aa-card align-left\" role=\"article\" aria-labelledby=\"card-title-3\">\n          <div class=\"aa-card-header\">\n        <div class=\"aa-card-img\" style=\"background-image:url('https:\/\/amberadvocate.org\/wp-content\/uploads\/2024\/10\/sib-guide-cover-thumbnail-cropped.png'); background-position: center center;\" aria-hidden=\"true\">\n          <!-- <img decoding=\"async\" src=\"\" alt=\"Buenas pr\u00e1cticas de la Alerta AMBER para los Oficiales de Informaci\u00f3n P\u00fablica (PIO)\">         -->\n                  <\/div> \n      <\/div>\n          <div class=\"aa-card-body \">\n              <h4 id=\"card-title-3\" class=\"aa-card-title\">Buenas pr\u00e1cticas de la Alerta AMBER para los Oficiales de Informaci\u00f3n P\u00fablica (PIO)<\/h4>\n                    <h5 class=\"aa-card-subtitle\">2nd Edition | 2024<\/h5>\n            <div class=\"aa-card-copy-and-btn-stretch-height-wrapper\">    \n        <p><!-- always load this p tag -->\n          Recomendaciones de buenas pr\u00e1cticas y otras consideraciones importantes para los Agentes de Informaci\u00f3n P\u00fablica a la hora de trabajar eficazmente con los medios de comunicaci\u00f3n en casos de desaparici\u00f3n y sustracci\u00f3n de menores en peligro        <\/p>\n                  <div class=\"aa-card-btn-wrapper\">\n            <a class=\"btn sm blue\" href=\"https:\/\/amberadvocate.org\/wp-content\/uploads\/2024\/10\/FINAL_2024_SIBLING_GUIDE_508_APPROVED.pdf\" target=\"_blank\" rel=\"noopener noreferrer\" aria-label=\"Buenas pr\u00e1cticas de la Alerta AMBER para los Oficiales de Informaci\u00f3n P\u00fablica (PIO) \u2014 opens in a new tab\"  >\n              Ver recurso  \n            <\/a>\n          <\/div>\n              <\/div> <!-- end aa-card-copy-and-btn-stretch-height-wrapper -->\n    <\/div><!-- end aa-card-body -->\n    <div class=\"aa-card-footer\">\n    <\/div> <!-- end aa-card-footer -->\n  <\/div>\n  <!-- END AA CARD WIDGET ITEM 3 -->\n      <!-- AA CARD WIDGET ITEM 4 -->\n  <div class=\"aa-card align-left\" role=\"article\" aria-labelledby=\"card-title-4\">\n          <div class=\"aa-card-header\">\n        <div class=\"aa-card-img\" style=\"background-image:url('https:\/\/amberadvocate.org\/wp-content\/uploads\/2024\/04\/Family-Survival-Guide-cover-higher-res.jpg'); background-position: center center;\" aria-hidden=\"true\">\n          <!-- <img decoding=\"async\" src=\"\" alt=\"Gu\u00eda de buenas pr\u00e1cticas de la Alerta AMBER\">         -->\n                  <\/div> \n      <\/div>\n          <div class=\"aa-card-body \">\n              <h4 id=\"card-title-4\" class=\"aa-card-title\">Gu\u00eda de buenas pr\u00e1cticas de la Alerta AMBER<\/h4>\n                    <h5 class=\"aa-card-subtitle\">A Guide to Help Families Get the Help Needed<\/h5>\n            <div class=\"aa-card-copy-and-btn-stretch-height-wrapper\">    \n        <p><!-- always load this p tag -->\n          Directrices y consideraciones importantes para reforzar y mejorar continuamente los Programas de Alerta AMBER        <\/p>\n                  <div class=\"aa-card-btn-wrapper\">\n            <a class=\"btn sm blue\" href=\"https:\/\/familysurvival.amberadvocate.org\" target=\"_blank\" rel=\"noopener noreferrer\" aria-label=\"Gu\u00eda de buenas pr\u00e1cticas de la Alerta AMBER \u2014 opens in a new tab\"  >\n              Ver recurso  \n            <\/a>\n          <\/div>\n              <\/div> <!-- end aa-card-copy-and-btn-stretch-height-wrapper -->\n    <\/div><!-- end aa-card-body -->\n    <div class=\"aa-card-footer\">\n    <\/div> <!-- end aa-card-footer -->\n  <\/div>\n  <!-- END AA CARD WIDGET ITEM 4 -->\n      <!-- AA CARD WIDGET ITEM 5 -->\n  <div class=\"aa-card align-left\" role=\"article\" aria-labelledby=\"card-title-5\">\n          <div class=\"aa-card-header\">\n        <div class=\"aa-card-img\" style=\"background-image:url('https:\/\/amberadvocate.org\/wp-content\/uploads\/2024\/05\/Screenshot-2024-03-26-at-1.12.34\u202fPM-1.png'); background-position: center center;\" aria-hidden=\"true\">\n          <!-- <img decoding=\"async\" src=\"\" alt=\"Gu\u00eda de campo para funcionarios encargados de hacer cumplir la ley\">         -->\n                  <\/div> \n      <\/div>\n          <div class=\"aa-card-body \">\n              <h4 id=\"card-title-5\" class=\"aa-card-title\">Gu\u00eda de campo para funcionarios encargados de hacer cumplir la ley<\/h4>\n                    <h5 class=\"aa-card-subtitle\">Working Effectively with the Media When a Child is Missing<\/h5>\n            <div class=\"aa-card-copy-and-btn-stretch-height-wrapper\">    \n        <p><!-- always load this p tag -->\n          Proporciona informaci\u00f3n de alto nivel sobre la respuesta investigadora de las fuerzas de seguridad en relaci\u00f3n con incidentes de ni\u00f1os desaparecidos y secuestrados en peligro, y el Proceso de Alerta AMBER.        <\/p>\n                  <div class=\"aa-card-btn-wrapper\">\n            <a class=\"btn sm blue\" href=\"https:\/\/amberadvocate.org\/wp-content\/uploads\/2021\/03\/AATTAP_MEDIA-PIO_BEST-PRACTICES-GUIDE_2020.pdf\" target=\"_blank\" rel=\"noopener noreferrer\" aria-label=\"Gu\u00eda de campo para funcionarios encargados de hacer cumplir la ley \u2014 opens in a new tab\"  >\n              Ver recurso  \n            <\/a>\n          <\/div>\n              <\/div> <!-- end aa-card-copy-and-btn-stretch-height-wrapper -->\n    <\/div><!-- end aa-card-body -->\n    <div class=\"aa-card-footer\">\n    <\/div> <!-- end aa-card-footer -->\n  <\/div>\n  <!-- END AA CARD WIDGET ITEM 5 -->\n      <!-- AA CARD WIDGET ITEM 6 -->\n  <div class=\"aa-card align-left\" role=\"article\" aria-labelledby=\"card-title-6\">\n          <div class=\"aa-card-header\">\n        <div class=\"aa-card-img\" style=\"background-image:url('https:\/\/amberadvocate.org\/wp-content\/uploads\/2024\/05\/AABPG_thumb1.png'); background-position: bottom center;\" aria-hidden=\"true\">\n          <!-- <img decoding=\"async\" src=\"\" alt=\"Hoja informativa 2023: Programa de Formaci\u00f3n y Asistencia T\u00e9cnica sobre la Alerta AMBER\">         -->\n                  <\/div> \n      <\/div>\n          <div class=\"aa-card-body \">\n              <h4 id=\"card-title-6\" class=\"aa-card-title\">Hoja informativa 2023: Programa de Formaci\u00f3n y Asistencia T\u00e9cnica sobre la Alerta AMBER<\/h4>\n                    <h5 class=\"aa-card-subtitle\">A Resource for AMBER Alert Programs<\/h5>\n            <div class=\"aa-card-copy-and-btn-stretch-height-wrapper\">    \n        <p><!-- always load this p tag -->\n          Aspectos destacados del trabajo de la AATTAP a 30 de septiembre de 2023        <\/p>\n                  <div class=\"aa-card-btn-wrapper\">\n            <a class=\"btn sm blue\" href=\"https:\/\/amberadvocate.org\/wp-content\/uploads\/2019\/04\/AMBER-ALERT-BEST-PRACTICES-GUIDE_FINAL_OJJDP-APPROVED_4-15-2019.pdf\" target=\"_blank\" rel=\"noopener noreferrer\" aria-label=\"Hoja informativa 2023: Programa de Formaci\u00f3n y Asistencia T\u00e9cnica sobre la Alerta AMBER \u2014 opens in a new tab\"  >\n              Ver recurso  \n            <\/a>\n          <\/div>\n              <\/div> <!-- end aa-card-copy-and-btn-stretch-height-wrapper -->\n    <\/div><!-- end aa-card-body -->\n    <div class=\"aa-card-footer\">\n    <\/div> <!-- end aa-card-footer -->\n  <\/div>\n  <!-- END AA CARD WIDGET ITEM 6 -->\n      <!-- AA CARD WIDGET ITEM 7 -->\n  <div class=\"aa-card align-left\" role=\"article\" aria-labelledby=\"card-title-7\">\n          <div class=\"aa-card-header\">\n        <div class=\"aa-card-img\" style=\"background-image:url('https:\/\/amberadvocate.org\/wp-content\/uploads\/2024\/05\/AALEFG_Thumb1.png'); background-position: center center;\" aria-hidden=\"true\">\n          <!-- <img decoding=\"async\" src=\"\" alt=\"Hoja informativa 2023: Iniciativa Alerta AMBER en el Pa\u00eds Indio\">         -->\n                  <\/div> \n      <\/div>\n          <div class=\"aa-card-body \">\n              <h4 id=\"card-title-7\" class=\"aa-card-title\">Hoja informativa 2023: Iniciativa Alerta AMBER en el Pa\u00eds Indio<\/h4>\n                    <h5 class=\"aa-card-subtitle\">A Resource for Law Enforcement When a Child is Missing<\/h5>\n            <div class=\"aa-card-copy-and-btn-stretch-height-wrapper\">    \n        <p><!-- always load this p tag -->\n          Aspectos destacados de la iniciativa AIIC a 30 de septiembre de 2023        <\/p>\n                  <div class=\"aa-card-btn-wrapper\">\n            <a class=\"btn sm blue\" href=\"https:\/\/amberadvocate.org\/wp-content\/uploads\/2019\/06\/AATTAP_LE_FIELD_RESPONSE_GUIDE_2019.pdf\" target=\"_blank\" rel=\"noopener noreferrer\" aria-label=\"Hoja informativa 2023: Iniciativa Alerta AMBER en el Pa\u00eds Indio \u2014 opens in a new tab\"  >\n              Ver recurso  \n            <\/a>\n          <\/div>\n              <\/div> <!-- end aa-card-copy-and-btn-stretch-height-wrapper -->\n    <\/div><!-- end aa-card-body -->\n    <div class=\"aa-card-footer\">\n    <\/div> <!-- end aa-card-footer -->\n  <\/div>\n  <!-- END AA CARD WIDGET ITEM 7 -->\n  \n<\/div><\/div><\/div><\/div><\/div><\/div><div id=\"pg-29573-6\"  class=\"panel-grid panel-no-style\" ><div id=\"pgc-29573-6-0\"  class=\"panel-grid-cell panel-grid-cell-empty\" ><\/div><div id=\"pgc-29573-6-1\"  class=\"panel-grid-cell panel-grid-cell-mobile-last\" ><div id=\"panel-29573-6-1-0\" class=\"so-panel widget widget_button-widget panel-first-child panel-last-child\" data-index=\"11\" ><div\n\t\t\t\n\t\t\tclass=\"so-widget-button-widget so-widget-button-widget-default-d75171398898-29573\"\n\t\t\t\n\t\t>\n<a href=\"https:\/\/amberadvocate.org\/resources\/amber-alert-resources\/#\" class=\"btn sm  full orange\"  aria-label=\"Nuestros recursos:&lt;br&gt;M\u00e1s informaci\u00f3n\">Nuestros recursos:<br>M\u00e1s informaci\u00f3n<\/a><\/div><\/div><\/div><div id=\"pgc-29573-6-2\"  class=\"panel-grid-cell panel-grid-cell-empty\" ><\/div><\/div><div id=\"pg-29573-7\"  class=\"panel-grid panel-has-style\" ><div class=\"panel-row-style panel-row-style-for-29573-7\" ><div id=\"pgc-29573-7-0\"  class=\"panel-grid-cell\" ><div id=\"panel-29573-7-0-0\" class=\"so-panel widget widget_title-widget panel-first-child\" data-index=\"12\" ><div\n\t\t\t\n\t\t\tclass=\"so-widget-title-widget so-widget-title-widget-default-d75171398898-29573\"\n\t\t\t\n\t\t>\n<!-- AA Title Widget debug: name=AA Widget ID_61595219965a5f6c26ba64123396420: title | title=\"What participants are telling us about their training experiences\" -->\n\r\n<div class=\"aa-title-widget-container\">\r\n\t<div class=\"aa-title-widget-title\">\r\n\t\t<h2 class=\"default center-align\">Pr\u00f3ximos cursos de formaci\u00f3n abiertos a la inscripci\u00f3n<\/h2>\t<\/div>\r\n\t<div class=\"aa-title-widget-subtitle subhead default center-align\">\r\n\t\t\t<\/div>\r\n<\/div>\r\n\t\t\t\r\n\r\n<\/div><\/div><div\n\t\t\t\n\t\t\tclass=\"so-widget-aa-post-loop-widget so-widget-aa-post-loop-widget-default-d75171398898-29573\"\n\t\t\t\n\t\t><script>var aaPostLoopJs = {\"query\":{\"orderby\":\"date\",\"post_type\":[\"testimonials\"],\"order\":\"ASC\",\"posts_per_page\":\"15\",\"post_status\":\"publish\"},\"query_vars\":{\"orderby\":\"date\",\"post_type\":[\"testimonials\"],\"order\":\"ASC\",\"posts_per_page\":15,\"post_status\":\"publish\",\"error\":\"\",\"m\":\"\",\"p\":0,\"post_parent\":\"\",\"subpost\":\"\",\"subpost_id\":\"\",\"attachment\":\"\",\"attachment_id\":0,\"name\":\"\",\"pagename\":\"\",\"page_id\":0,\"second\":\"\",\"minute\":\"\",\"hour\":\"\",\"day\":0,\"monthnum\":0,\"year\":0,\"w\":0,\"category_name\":\"\",\"tag\":\"\",\"cat\":\"\",\"tag_id\":\"\",\"author\":\"\",\"author_name\":\"\",\"feed\":\"\",\"tb\":\"\",\"paged\":0,\"meta_key\":\"\",\"meta_value\":\"\",\"preview\":\"\",\"s\":\"\",\"sentence\":\"\",\"title\":\"\",\"fields\":\"all\",\"menu_order\":\"\",\"embed\":\"\",\"category__in\":[],\"category__not_in\":[],\"category__and\":[],\"post__in\":[],\"post__not_in\":[],\"post_name__in\":[],\"tag__in\":[],\"tag__not_in\":[],\"tag__and\":[],\"tag_slug__in\":[],\"tag_slug__and\":[],\"post_parent__in\":[],\"post_parent__not_in\":[],\"author__in\":[],\"author__not_in\":[],\"search_columns\":[],\"meta_query\":[],\"ignore_sticky_posts\":false,\"suppress_filters\":false,\"cache_results\":true,\"update_post_term_cache\":true,\"update_menu_item_cache\":false,\"lazy_load_term_meta\":true,\"update_post_meta_cache\":true,\"nopaging\":false,\"comments_per_page\":\"50\",\"no_found_rows\":false},\"tax_query\":{\"queries\":[],\"relation\":\"AND\",\"queried_terms\":[],\"primary_table\":\"wp_posts\",\"primary_id_column\":\"ID\"},\"meta_query\":{\"queries\":[],\"relation\":null,\"meta_table\":null,\"meta_id_column\":null,\"primary_table\":null,\"primary_id_column\":null},\"date_query\":false,\"request\":\"SELECT SQL_CALC_FOUND_ROWS  wp_posts.*\\n\\t\\t\\t\\t\\t FROM wp_posts  LEFT  JOIN wp_icl_translations wpml_translations\\n\\t\\t\\t\\t\\t\\t\\tON wp_posts.ID = wpml_translations.element_id\\n\\t\\t\\t\\t\\t\\t\\t\\tAND wpml_translations.element_type = CONCAT('post_', wp_posts.post_type) \\n\\t\\t\\t\\t\\t WHERE 1=1  AND wp_posts.post_type = 'testimonials' AND ((wp_posts.post_status = 'publish')) AND ( ( ( wpml_translations.language_code = 'es' OR (\\n\\t\\t\\t\\t\\twpml_translations.language_code = 'en'\\n\\t\\t\\t\\t\\tAND wp_posts.post_type IN ( 'attachment' )\\n\\t\\t\\t\\t\\tAND ( ( \\n\\t\\t\\t( SELECT COUNT(element_id)\\n\\t\\t\\t  FROM wp_icl_translations\\n\\t\\t\\t  WHERE trid = wpml_translations.trid\\n\\t\\t\\t  AND language_code = 'es'\\n\\t\\t\\t) = 0\\n\\t\\t\\t ) OR ( \\n\\t\\t\\t( SELECT COUNT(element_id)\\n\\t\\t\\t\\tFROM wp_icl_translations t2\\n\\t\\t\\t\\tJOIN wp_posts p ON p.id = t2.element_id\\n\\t\\t\\t\\tWHERE t2.trid = wpml_translations.trid\\n\\t\\t\\t\\tAND t2.language_code = 'es'\\n                AND (\\n                    p.post_status = 'publish' OR p.post_status = 'private' OR \\n                    ( p.post_type='attachment' AND p.post_status = 'inherit' )\\n                )\\n\\t\\t\\t) = 0 ) ) \\n\\t\\t\\t\\t) ) AND wp_posts.post_type  IN ('post','page','attachment','wp_block','wp_template','wp_template_part','wp_navigation','state','partner-resource','cart','public-resource','articles','staff-bio','training','testimonials' )  ) OR wp_posts.post_type  NOT  IN ('post','page','attachment','wp_block','wp_template','wp_template_part','wp_navigation','state','partner-resource','cart','public-resource','articles','staff-bio','training','testimonials' )  )\\n\\t\\t\\t\\t\\t \\n\\t\\t\\t\\t\\t ORDER BY wp_posts.post_date ASC\\n\\t\\t\\t\\t\\t LIMIT 0, 15\",\"posts\":[{\"ID\":31466,\"post_author\":\"10\",\"post_date\":\"2024-08-26 13:26:20\",\"post_date_gmt\":\"2024-08-26 18:26:20\",\"post_content\":\"\",\"post_title\":\"Formaci\\u00f3n del Equipo de Respuesta a la Sustracci\\u00f3n de Menores (CART) | 3-5 de mayo de 2024 | Ciudad de Panam\\u00e1, FL\",\"post_excerpt\":\"\",\"post_status\":\"publish\",\"comment_status\":\"closed\",\"ping_status\":\"closed\",\"post_password\":\"\",\"post_name\":\"formacion-del-equipo-de-respuesta-a-la-sustraccion-de-menores-cart-3-5-de-mayo-de-2024-ciudad-de-panama-fl\",\"to_ping\":\"\",\"pinged\":\"\",\"post_modified\":\"2024-08-26 13:26:20\",\"post_modified_gmt\":\"2024-08-26 18:26:20\",\"post_content_filtered\":\"\",\"post_parent\":0,\"guid\":\"https:\\\/\\\/amberadvocate.org\\\/testimonials\\\/formacion-del-equipo-de-respuesta-a-la-sustraccion-de-menores-cart-3-5-de-mayo-de-2024-ciudad-de-panama-fl\\\/\",\"menu_order\":0,\"post_type\":\"testimonials\",\"post_mime_type\":\"\",\"comment_count\":\"0\",\"filter\":\"raw\",\"relevanssi_light_data\":\"\"},{\"ID\":31465,\"post_author\":\"10\",\"post_date\":\"2024-08-26 13:27:30\",\"post_date_gmt\":\"2024-08-26 18:27:30\",\"post_content\":\"\",\"post_title\":\"Voces de las estrategias y t\\u00e1cticas de respuesta inicial al responder a eventos de capacitaci\\u00f3n sobre incidentes de ni\\u00f1os desaparecidos\",\"post_excerpt\":\"\",\"post_status\":\"publish\",\"comment_status\":\"closed\",\"ping_status\":\"closed\",\"post_password\":\"\",\"post_name\":\"estrategias-y-tacticas-de-respuesta-inicial-ante-incidentes-de-menores-desaparecidos-16-de-mayo-de-2024-elkton-md\",\"to_ping\":\"\",\"pinged\":\"\",\"post_modified\":\"2026-04-01 16:06:33\",\"post_modified_gmt\":\"2026-04-01 21:06:33\",\"post_content_filtered\":\"\",\"post_parent\":0,\"guid\":\"https:\\\/\\\/amberadvocate.org\\\/testimonials\\\/estrategias-y-tacticas-de-respuesta-inicial-ante-incidentes-de-menores-desaparecidos-16-de-mayo-de-2024-elkton-md\\\/\",\"menu_order\":0,\"post_type\":\"testimonials\",\"post_mime_type\":\"\",\"comment_count\":\"0\",\"filter\":\"raw\",\"relevanssi_light_data\":\"\"},{\"ID\":31464,\"post_author\":\"10\",\"post_date\":\"2024-08-26 13:28:50\",\"post_date_gmt\":\"2024-08-26 18:28:50\",\"post_content\":\"\",\"post_title\":\"Formaci\\u00f3n del Equipo de Respuesta a la Sustracci\\u00f3n de Menores (CART) | 19-21 de mayo de 2024 | Fish Creek, WI\",\"post_excerpt\":\"\",\"post_status\":\"publish\",\"comment_status\":\"closed\",\"ping_status\":\"closed\",\"post_password\":\"\",\"post_name\":\"formacion-del-equipo-de-respuesta-a-la-sustraccion-de-menores-cart-19-21-de-mayo-de-2024-fish-creek-wi\",\"to_ping\":\"\",\"pinged\":\"\",\"post_modified\":\"2024-08-26 13:28:50\",\"post_modified_gmt\":\"2024-08-26 18:28:50\",\"post_content_filtered\":\"\",\"post_parent\":0,\"guid\":\"https:\\\/\\\/amberadvocate.org\\\/testimonials\\\/formacion-del-equipo-de-respuesta-a-la-sustraccion-de-menores-cart-19-21-de-mayo-de-2024-fish-creek-wi\\\/\",\"menu_order\":0,\"post_type\":\"testimonials\",\"post_mime_type\":\"\",\"comment_count\":\"0\",\"filter\":\"raw\",\"relevanssi_light_data\":\"\"},{\"ID\":31463,\"post_author\":\"532\",\"post_date\":\"2024-09-25 16:23:52\",\"post_date_gmt\":\"2024-09-25 21:23:52\",\"post_content\":\"\",\"post_title\":\"Voces de casos no resueltos de personas desaparecidas en eventos de capacitaci\\u00f3n en aldeas nativas de Alaska\",\"post_excerpt\":\"\",\"post_status\":\"publish\",\"comment_status\":\"closed\",\"ping_status\":\"closed\",\"post_password\":\"\",\"post_name\":\"casos-no-resueltos-de-personas-desaparecidas-en-pueblos-nativos-de-alaska-2-3-de-abril-de-2024-sutton-ak\",\"to_ping\":\"\",\"pinged\":\"\",\"post_modified\":\"2025-10-23 15:37:46\",\"post_modified_gmt\":\"2025-10-23 20:37:46\",\"post_content_filtered\":\"\",\"post_parent\":0,\"guid\":\"https:\\\/\\\/amberadvocate.org\\\/testimonials\\\/casos-no-resueltos-de-personas-desaparecidas-en-pueblos-nativos-de-alaska-2-3-de-abril-de-2024-sutton-ak\\\/\",\"menu_order\":0,\"post_type\":\"testimonials\",\"post_mime_type\":\"\",\"comment_count\":\"0\",\"filter\":\"raw\",\"relevanssi_light_data\":\"\"},{\"ID\":31462,\"post_author\":\"532\",\"post_date\":\"2024-09-25 16:31:46\",\"post_date_gmt\":\"2024-09-25 21:31:46\",\"post_content\":\"\",\"post_title\":\"Tr\\u00e1fico sexual de menores para primeros intervinientes | 19 de abril de 2024 | Dover, PA\",\"post_excerpt\":\"\",\"post_status\":\"publish\",\"comment_status\":\"closed\",\"ping_status\":\"closed\",\"post_password\":\"\",\"post_name\":\"trafico-sexual-de-menores-para-primeros-intervinientes-19-de-abril-de-2024-dover-pa\",\"to_ping\":\"\",\"pinged\":\"\",\"post_modified\":\"2024-09-25 16:31:46\",\"post_modified_gmt\":\"2024-09-25 21:31:46\",\"post_content_filtered\":\"\",\"post_parent\":0,\"guid\":\"https:\\\/\\\/amberadvocate.org\\\/testimonials\\\/trafico-sexual-de-menores-para-primeros-intervinientes-19-de-abril-de-2024-dover-pa\\\/\",\"menu_order\":0,\"post_type\":\"testimonials\",\"post_mime_type\":\"\",\"comment_count\":\"0\",\"filter\":\"raw\",\"relevanssi_light_data\":\"\"},{\"ID\":31461,\"post_author\":\"532\",\"post_date\":\"2024-09-25 16:39:57\",\"post_date_gmt\":\"2024-09-25 21:39:57\",\"post_content\":\"\",\"post_title\":\"Voces de las operaciones de b\\u00fasqueda y rastreo en eventos de capacitaci\\u00f3n sobre investigaciones de secuestro de menores\",\"post_excerpt\":\"\",\"post_status\":\"publish\",\"comment_status\":\"closed\",\"ping_status\":\"closed\",\"post_password\":\"\",\"post_name\":\"operaciones-de-busqueda-y-sondeo-en-investigaciones-de-sustraccion-de-menores-15-16-de-mayo-de-2024-huron-oh\",\"to_ping\":\"\",\"pinged\":\"\",\"post_modified\":\"2026-03-31 14:19:21\",\"post_modified_gmt\":\"2026-03-31 19:19:21\",\"post_content_filtered\":\"\",\"post_parent\":0,\"guid\":\"https:\\\/\\\/amberadvocate.org\\\/testimonials\\\/operaciones-de-busqueda-y-sondeo-en-investigaciones-de-sustraccion-de-menores-15-16-de-mayo-de-2024-huron-oh\\\/\",\"menu_order\":0,\"post_type\":\"testimonials\",\"post_mime_type\":\"\",\"comment_count\":\"0\",\"filter\":\"raw\",\"relevanssi_light_data\":\"\"},{\"ID\":31460,\"post_author\":\"532\",\"post_date\":\"2024-09-25 16:48:57\",\"post_date_gmt\":\"2024-09-25 21:48:57\",\"post_content\":\"\",\"post_title\":\"Ejercicio de mesa sobre sustracci\\u00f3n de menores | 4 de abril de 2024 | Pleasant Grove, UT\",\"post_excerpt\":\"\",\"post_status\":\"publish\",\"comment_status\":\"closed\",\"ping_status\":\"closed\",\"post_password\":\"\",\"post_name\":\"ejercicio-de-mesa-sobre-sustraccion-de-menores-4-de-abril-de-2024-pleasant-grove-ut\",\"to_ping\":\"\",\"pinged\":\"\",\"post_modified\":\"2024-09-25 16:48:57\",\"post_modified_gmt\":\"2024-09-25 21:48:57\",\"post_content_filtered\":\"\",\"post_parent\":0,\"guid\":\"https:\\\/\\\/amberadvocate.org\\\/testimonials\\\/ejercicio-de-mesa-sobre-sustraccion-de-menores-4-de-abril-de-2024-pleasant-grove-ut\\\/\",\"menu_order\":0,\"post_type\":\"testimonials\",\"post_mime_type\":\"\",\"comment_count\":\"0\",\"filter\":\"raw\",\"relevanssi_light_data\":\"\"},{\"ID\":31459,\"post_author\":\"532\",\"post_date\":\"2024-09-25 17:03:26\",\"post_date_gmt\":\"2024-09-25 22:03:26\",\"post_content\":\"\",\"post_title\":\"Voces de los eventos de formaci\\u00f3n sobre las mejores pr\\u00e1cticas para la activaci\\u00f3n de la Alerta AMBER\",\"post_excerpt\":\"\",\"post_status\":\"publish\",\"comment_status\":\"closed\",\"ping_status\":\"closed\",\"post_password\":\"\",\"post_name\":\"mejores-practicas-de-activacion-de-la-alerta-amber-30-de-abril-de-2024-pearland-tx\",\"to_ping\":\"\",\"pinged\":\"\",\"post_modified\":\"2026-03-31 14:40:15\",\"post_modified_gmt\":\"2026-03-31 19:40:15\",\"post_content_filtered\":\"\",\"post_parent\":0,\"guid\":\"https:\\\/\\\/amberadvocate.org\\\/testimonials\\\/mejores-practicas-de-activacion-de-la-alerta-amber-30-de-abril-de-2024-pearland-tx\\\/\",\"menu_order\":0,\"post_type\":\"testimonials\",\"post_mime_type\":\"\",\"comment_count\":\"0\",\"filter\":\"raw\",\"relevanssi_light_data\":\"\"},{\"ID\":31458,\"post_author\":\"532\",\"post_date\":\"2024-09-27 13:10:32\",\"post_date_gmt\":\"2024-09-27 18:10:32\",\"post_content\":\"\",\"post_title\":\"Introducci\\u00f3n a los Equipos de Respuesta a la Sustracci\\u00f3n de Menores (CART), Formaci\\u00f3n virtual en directo dirigida por un instructor con Argentina | 5 de junio de 2024\",\"post_excerpt\":\"\",\"post_status\":\"publish\",\"comment_status\":\"closed\",\"ping_status\":\"closed\",\"post_password\":\"\",\"post_name\":\"introduccion-a-los-equipos-de-respuesta-a-la-sustraccion-de-menores-cart-formacion-virtual-en-directo-dirigida-por-un-instructor-con-argentina-5-de-junio-de-2024\",\"to_ping\":\"\",\"pinged\":\"\",\"post_modified\":\"2024-09-27 13:10:32\",\"post_modified_gmt\":\"2024-09-27 18:10:32\",\"post_content_filtered\":\"\",\"post_parent\":0,\"guid\":\"https:\\\/\\\/amberadvocate.org\\\/testimonials\\\/introduccion-a-los-equipos-de-respuesta-a-la-sustraccion-de-menores-cart-formacion-virtual-en-directo-dirigida-por-un-instructor-con-argentina-5-de-junio-de-2024\\\/\",\"menu_order\":0,\"post_type\":\"testimonials\",\"post_mime_type\":\"\",\"comment_count\":\"0\",\"filter\":\"raw\",\"relevanssi_light_data\":\"\"},{\"ID\":31457,\"post_author\":\"532\",\"post_date\":\"2024-09-27 16:19:12\",\"post_date_gmt\":\"2024-09-27 21:19:12\",\"post_content\":\"\",\"post_title\":\"Tr\\u00e1fico sexual de menores para primeros intervinientes | 12 de junio de 2024 | Catawissa, PA\",\"post_excerpt\":\"\",\"post_status\":\"publish\",\"comment_status\":\"closed\",\"ping_status\":\"closed\",\"post_password\":\"\",\"post_name\":\"trafico-sexual-de-menores-para-primeros-intervinientes-12-de-junio-de-2024-catawissa-pa\",\"to_ping\":\"\",\"pinged\":\"\",\"post_modified\":\"2024-09-27 16:19:12\",\"post_modified_gmt\":\"2024-09-27 21:19:12\",\"post_content_filtered\":\"\",\"post_parent\":0,\"guid\":\"https:\\\/\\\/amberadvocate.org\\\/testimonials\\\/trafico-sexual-de-menores-para-primeros-intervinientes-12-de-junio-de-2024-catawissa-pa\\\/\",\"menu_order\":0,\"post_type\":\"testimonials\",\"post_mime_type\":\"\",\"comment_count\":\"0\",\"filter\":\"raw\",\"relevanssi_light_data\":\"\"},{\"ID\":31456,\"post_author\":\"532\",\"post_date\":\"2024-09-30 16:10:56\",\"post_date_gmt\":\"2024-09-30 21:10:56\",\"post_content\":\"\",\"post_title\":\"Equipo de Respuesta a la Sustracci\\u00f3n de Menores (CART) | 29-31 mayo | Orlando, FL\",\"post_excerpt\":\"\",\"post_status\":\"publish\",\"comment_status\":\"closed\",\"ping_status\":\"closed\",\"post_password\":\"\",\"post_name\":\"equipo-de-respuesta-a-la-sustraccion-de-menores-cart-29-31-mayo-orlando-fl\",\"to_ping\":\"\",\"pinged\":\"\",\"post_modified\":\"2024-09-30 16:10:56\",\"post_modified_gmt\":\"2024-09-30 21:10:56\",\"post_content_filtered\":\"\",\"post_parent\":0,\"guid\":\"https:\\\/\\\/amberadvocate.org\\\/testimonials\\\/equipo-de-respuesta-a-la-sustraccion-de-menores-cart-29-31-mayo-orlando-fl\\\/\",\"menu_order\":0,\"post_type\":\"testimonials\",\"post_mime_type\":\"\",\"comment_count\":\"0\",\"filter\":\"raw\",\"relevanssi_light_data\":\"\"},{\"ID\":31455,\"post_author\":\"532\",\"post_date\":\"2024-10-17 12:00:15\",\"post_date_gmt\":\"2024-10-17 17:00:15\",\"post_content\":\"\",\"post_title\":\"Testimonios de los eventos de formaci\\u00f3n del Equipo de Respuesta ante el Secuestro de Ni\\u00f1os (CART)\",\"post_excerpt\":\"\",\"post_status\":\"publish\",\"comment_status\":\"closed\",\"ping_status\":\"closed\",\"post_password\":\"\",\"post_name\":\"equipo-de-respuesta-a-la-sustraccion-de-menores-cart-17-19-de-junio-modesto-ca\",\"to_ping\":\"\",\"pinged\":\"\",\"post_modified\":\"2026-03-31 14:40:03\",\"post_modified_gmt\":\"2026-03-31 19:40:03\",\"post_content_filtered\":\"\",\"post_parent\":0,\"guid\":\"https:\\\/\\\/amberadvocate.org\\\/testimonials\\\/equipo-de-respuesta-a-la-sustraccion-de-menores-cart-17-19-de-junio-modesto-ca\\\/\",\"menu_order\":0,\"post_type\":\"testimonials\",\"post_mime_type\":\"\",\"comment_count\":\"0\",\"filter\":\"raw\",\"relevanssi_light_data\":\"\"},{\"ID\":38163,\"post_author\":\"532\",\"post_date\":\"2024-10-17 13:10:25\",\"post_date_gmt\":\"2024-10-17 18:10:25\",\"post_content\":\"\",\"post_title\":\"Voces de las telecomunicaciones. Mejores pr\\u00e1cticas para eventos de capacitaci\\u00f3n sobre ni\\u00f1os desaparecidos y secuestrados.\",\"post_excerpt\":\"\",\"post_status\":\"publish\",\"comment_status\":\"closed\",\"ping_status\":\"closed\",\"post_password\":\"\",\"post_name\":\"voces-de-las-telecomunicaciones-mejores-practicas-para-eventos-de-capacitacion-sobre-ninos-desaparecidos-y-secuestrados\",\"to_ping\":\"\",\"pinged\":\"\",\"post_modified\":\"2026-04-21 17:42:24\",\"post_modified_gmt\":\"2026-04-21 22:42:24\",\"post_content_filtered\":\"\",\"post_parent\":0,\"guid\":\"https:\\\/\\\/amberadvocate.org\\\/testimonials\\\/voces-de-las-telecomunicaciones-mejores-practicas-para-eventos-de-capacitacion-sobre-ninos-desaparecidos-y-secuestrados\\\/\",\"menu_order\":0,\"post_type\":\"testimonials\",\"post_mime_type\":\"\",\"comment_count\":\"0\",\"filter\":\"raw\",\"relevanssi_light_data\":\"\"},{\"ID\":38140,\"post_author\":\"532\",\"post_date\":\"2024-10-17 13:16:36\",\"post_date_gmt\":\"2024-10-17 18:16:36\",\"post_content\":\"\",\"post_title\":\"Voces de la trata de ni\\u00f1os con fines de explotaci\\u00f3n sexual para eventos de capacitaci\\u00f3n de personal de primera respuesta\",\"post_excerpt\":\"\",\"post_status\":\"publish\",\"comment_status\":\"closed\",\"ping_status\":\"closed\",\"post_password\":\"\",\"post_name\":\"voces-de-la-trata-de-ninos-con-fines-de-explotacion-sexual-para-eventos-de-capacitacion-de-personal-de-primera-respuesta\",\"to_ping\":\"\",\"pinged\":\"\",\"post_modified\":\"2026-03-31 13:42:32\",\"post_modified_gmt\":\"2026-03-31 18:42:32\",\"post_content_filtered\":\"\",\"post_parent\":0,\"guid\":\"https:\\\/\\\/amberadvocate.org\\\/testimonials\\\/voces-de-la-trata-de-ninos-con-fines-de-explotacion-sexual-para-eventos-de-capacitacion-de-personal-de-primera-respuesta\\\/\",\"menu_order\":0,\"post_type\":\"testimonials\",\"post_mime_type\":\"\",\"comment_count\":\"0\",\"filter\":\"raw\",\"relevanssi_light_data\":\"\"},{\"ID\":38160,\"post_author\":\"532\",\"post_date\":\"2024-10-24 12:57:42\",\"post_date_gmt\":\"2024-10-24 17:57:42\",\"post_content\":\"\",\"post_title\":\"Voces de los eventos de capacitaci\\u00f3n sobre ejercicios te\\u00f3ricos de secuestro de menores (CATE)\",\"post_excerpt\":\"\",\"post_status\":\"publish\",\"comment_status\":\"closed\",\"ping_status\":\"closed\",\"post_password\":\"\",\"post_name\":\"voces-de-los-eventos-de-capacitacion-sobre-ejercicios-teoricos-de-secuestro-de-menores-cate\",\"to_ping\":\"\",\"pinged\":\"\",\"post_modified\":\"2026-04-20 17:12:07\",\"post_modified_gmt\":\"2026-04-20 22:12:07\",\"post_content_filtered\":\"\",\"post_parent\":0,\"guid\":\"https:\\\/\\\/amberadvocate.org\\\/testimonials\\\/voces-de-los-eventos-de-capacitacion-sobre-ejercicios-teoricos-de-secuestro-de-menores-cate\\\/\",\"menu_order\":0,\"post_type\":\"testimonials\",\"post_mime_type\":\"\",\"comment_count\":\"0\",\"filter\":\"raw\",\"relevanssi_light_data\":\"\"}],\"post_count\":15,\"current_post\":-1,\"before_loop\":true,\"in_the_loop\":false,\"post\":{\"ID\":31466,\"post_author\":\"10\",\"post_date\":\"2024-08-26 13:26:20\",\"post_date_gmt\":\"2024-08-26 18:26:20\",\"post_content\":\"\",\"post_title\":\"Formaci\\u00f3n del Equipo de Respuesta a la Sustracci\\u00f3n de Menores (CART) | 3-5 de mayo de 2024 | Ciudad de Panam\\u00e1, FL\",\"post_excerpt\":\"\",\"post_status\":\"publish\",\"comment_status\":\"closed\",\"ping_status\":\"closed\",\"post_password\":\"\",\"post_name\":\"formacion-del-equipo-de-respuesta-a-la-sustraccion-de-menores-cart-3-5-de-mayo-de-2024-ciudad-de-panama-fl\",\"to_ping\":\"\",\"pinged\":\"\",\"post_modified\":\"2024-08-26 13:26:20\",\"post_modified_gmt\":\"2024-08-26 18:26:20\",\"post_content_filtered\":\"\",\"post_parent\":0,\"guid\":\"https:\\\/\\\/amberadvocate.org\\\/testimonials\\\/formacion-del-equipo-de-respuesta-a-la-sustraccion-de-menores-cart-3-5-de-mayo-de-2024-ciudad-de-panama-fl\\\/\",\"menu_order\":0,\"post_type\":\"testimonials\",\"post_mime_type\":\"\",\"comment_count\":\"0\",\"filter\":\"raw\",\"relevanssi_light_data\":\"\"},\"comment_count\":0,\"current_comment\":-1,\"found_posts\":17,\"max_num_pages\":2,\"max_num_comment_pages\":0,\"is_single\":false,\"is_preview\":false,\"is_page\":false,\"is_archive\":false,\"is_date\":false,\"is_year\":false,\"is_month\":false,\"is_day\":false,\"is_time\":false,\"is_author\":false,\"is_category\":false,\"is_tag\":false,\"is_tax\":false,\"is_search\":false,\"is_feed\":false,\"is_comment_feed\":false,\"is_trackback\":false,\"is_home\":true,\"is_privacy_policy\":false,\"is_404\":false,\"is_embed\":false,\"is_paged\":false,\"is_admin\":false,\"is_attachment\":false,\"is_singular\":false,\"is_robots\":false,\"is_favicon\":false,\"is_posts_page\":false,\"is_post_type_archive\":false,\"thumbnails_cached\":false}<\/script>    <div id=\"aa-post-loop-widget-69f39a25db181\"class=\"aa-post-loop-widget aa-post-loop-container aa-owl-caoursel owl-carousel aa-post-loop-1-col-layout \" \n        data-layout=\"aa-post-loop-1-col-layout\" \n        data-arrows=\"true\"\n        data-autoplay=\"true\"><div class=\"aa-testimonial-slide aa-card\" role=\"article\" aria-labelledby=\"card-title-1\">\n    <!-- card left -->\n     <div class=\"testimonial-slide-left\">\n        <div class=\"aa-testimonial-slide-header\">\n            <h4 id=\"card-title-1\" class=\"aa-testimonial-slide-title\">Formaci\u00f3n del Equipo de Respuesta a la Sustracci\u00f3n de Menores (CART) | 3-5 de mayo de 2024 | Ciudad de Panam\u00e1, FL<\/h4>\n        <\/div>\n        <div class=\"aa-testimonial-slide-body \">\n            <div class=\"aa-card-copy-and-btn-stretch-height-wrapper\">\n                <p><p>\"Algunos de los mejores presentadores que he visto. Nos mantuvieron comprometidos y estaban incre\u00edblemente bien informados\".<\/p>\n<p>\"Los instructores eran claramente expertos en sus campos. Hicieron que los temas dif\u00edciles fueran f\u00e1ciles de asimilar. Eran entretenidos y atractivos. Una de las mejores formaciones a las que he tenido el placer de asistir\".<\/p>\n<\/p>                <div class=\"aa-testimonial-slide-btn-wrapper\">\n                    <a target=\"_blank\" aria-label=\"Formaci\u00f3n del Equipo de Respuesta a la Sustracci\u00f3n de Menores (CART) | 3-5 de mayo de 2024 | Ciudad de Panam\u00e1, FL \u2014 opens in a new tab\" class=\"btn sm blue\" href=\"\">\n                        M\u00c1S INFORMACI\u00d3N SOBRE LAS OPCIONES DE FORMACI\u00d3N DE AATTAP                    <\/a>\n                <\/div>\n            <\/div>\n        <\/div><!-- end aa-testimonial-slide-body -->\n     <\/div> <!-- end card left -->\n    <!-- card right -->\n    <div class=\"testimonial-slide-right\">\n        <div class=\"aa-testimonial-slide-image\">\n            <img decoding=\"async\" src=\"https:\/\/amberadvocate.org\/wp-content\/uploads\/2024\/05\/CART_Collage1.png\" alt=\"Formaci\u00f3n del Equipo de Respuesta a la Sustracci\u00f3n de Menores (CART) | 3-5 de mayo de 2024 | Ciudad de Panam\u00e1, FL\"\/>        <\/div>\n    <\/div> <!-- end card right -->\n    <!-- <div id=\"orange-bar-' . esc_attr($aa_post_loop_widget_id) . '\" class=\"orange-bar\"><\/div> -->\n<\/div><div class=\"aa-testimonial-slide aa-card\" role=\"article\" aria-labelledby=\"card-title-1\">\n    <!-- card left -->\n     <div class=\"testimonial-slide-left\">\n        <div class=\"aa-testimonial-slide-header\">\n            <h4 id=\"card-title-1\" class=\"aa-testimonial-slide-title\">Voces de las estrategias y t\u00e1cticas de respuesta inicial al responder a eventos de capacitaci\u00f3n sobre incidentes de ni\u00f1os desaparecidos<\/h4>\n        <\/div>\n        <div class=\"aa-testimonial-slide-body \">\n            <div class=\"aa-card-copy-and-btn-stretch-height-wrapper\">\n                <p><p>\u00abEl testimonio de la superviviente al inicio de la jornada fue muy revelador y mostr\u00f3 una perspectiva que las fuerzas del orden rara vez obtienen\u00bb.<\/p>\n<p>\u201cSu amplia experiencia en la investigaci\u00f3n de casos de menores desaparecidos ha aportado una gran cantidad de conocimientos pr\u00e1cticos y pertinentes que ser\u00e1n inestimables en las futuras investigaciones que pueda encontrar\u201d.<\/p>\n<p>\u201cLa presentaci\u00f3n result\u00f3 desgarradora como padre, pero profundamente informativa desde la perspectiva de un agente de polic\u00eda\u201d.<\/p>\n<p>\u00a0<\/p>\n<\/p>                <div class=\"aa-testimonial-slide-btn-wrapper\">\n                    <a target=\"_blank\" aria-label=\"Voces de las estrategias y t\u00e1cticas de respuesta inicial al responder a eventos de capacitaci\u00f3n sobre incidentes de ni\u00f1os desaparecidos \u2014 opens in a new tab\" class=\"btn sm blue\" href=\"\">\n                        M\u00c1S INFORMACI\u00d3N SOBRE LAS OPCIONES DE FORMACI\u00d3N DE AATTAP                    <\/a>\n                <\/div>\n            <\/div>\n        <\/div><!-- end aa-testimonial-slide-body -->\n     <\/div> <!-- end card left -->\n    <!-- card right -->\n    <div class=\"testimonial-slide-right\">\n        <div class=\"aa-testimonial-slide-image\">\n            <img decoding=\"async\" src=\"https:\/\/amberadvocate.org\/wp-content\/uploads\/2024\/05\/CST_FR_THUMBNAIL-scaled-1.jpg\" alt=\"Voces de las estrategias y t\u00e1cticas de respuesta inicial al responder a eventos de capacitaci\u00f3n sobre incidentes de ni\u00f1os desaparecidos\"\/>        <\/div>\n    <\/div> <!-- end card right -->\n    <!-- <div id=\"orange-bar-' . esc_attr($aa_post_loop_widget_id) . '\" class=\"orange-bar\"><\/div> -->\n<\/div><div class=\"aa-testimonial-slide aa-card\" role=\"article\" aria-labelledby=\"card-title-1\">\n    <!-- card left -->\n     <div class=\"testimonial-slide-left\">\n        <div class=\"aa-testimonial-slide-header\">\n            <h4 id=\"card-title-1\" class=\"aa-testimonial-slide-title\">Formaci\u00f3n del Equipo de Respuesta a la Sustracci\u00f3n de Menores (CART) | 19-21 de mayo de 2024 | Fish Creek, WI<\/h4>\n        <\/div>\n        <div class=\"aa-testimonial-slide-body \">\n            <div class=\"aa-card-copy-and-btn-stretch-height-wrapper\">\n                <p><p>\"La escala de los problemas que hay que abordar y resolver es enorme. Esta clase me abri\u00f3 la mente m\u00e1s all\u00e1 de lo que pod\u00eda imaginar. Gracias por todo vuestro tiempo y esfuerzo\".<\/p>\n<p>\"La formaci\u00f3n fue muy beneficiosa para comprender lo que puede encontrarse un miembro del equipo CART y las expectativas de trabajar en esa capacidad\".<\/p>\n<p>\"Fue estupendo ver cu\u00e1ntas piezas m\u00f3viles se necesitan para llevar a cabo eficazmente una investigaci\u00f3n sobre sustracci\u00f3n o desaparici\u00f3n de menores\".<\/p>\n<\/p>                <div class=\"aa-testimonial-slide-btn-wrapper\">\n                    <a target=\"_blank\" aria-label=\"Formaci\u00f3n del Equipo de Respuesta a la Sustracci\u00f3n de Menores (CART) | 19-21 de mayo de 2024 | Fish Creek, WI \u2014 opens in a new tab\" class=\"btn sm blue\" href=\"\">\n                        M\u00c1S INFORMACI\u00d3N SOBRE LAS OPCIONES DE FORMACI\u00d3N DE AATTAP                    <\/a>\n                <\/div>\n            <\/div>\n        <\/div><!-- end aa-testimonial-slide-body -->\n     <\/div> <!-- end card left -->\n    <!-- card right -->\n    <div class=\"testimonial-slide-right\">\n        <div class=\"aa-testimonial-slide-image\">\n            <img decoding=\"async\" src=\"https:\/\/amberadvocate.org\/wp-content\/uploads\/2024\/05\/CART_Collage1.png\" alt=\"Formaci\u00f3n del Equipo de Respuesta a la Sustracci\u00f3n de Menores (CART) | 19-21 de mayo de 2024 | Fish Creek, WI\"\/>        <\/div>\n    <\/div> <!-- end card right -->\n    <!-- <div id=\"orange-bar-' . esc_attr($aa_post_loop_widget_id) . '\" class=\"orange-bar\"><\/div> -->\n<\/div><div class=\"aa-testimonial-slide aa-card\" role=\"article\" aria-labelledby=\"card-title-1\">\n    <!-- card left -->\n     <div class=\"testimonial-slide-left\">\n        <div class=\"aa-testimonial-slide-header\">\n            <h4 id=\"card-title-1\" class=\"aa-testimonial-slide-title\">Voces de casos no resueltos de personas desaparecidas en eventos de capacitaci\u00f3n en aldeas nativas de Alaska<\/h4>\n        <\/div>\n        <div class=\"aa-testimonial-slide-body \">\n            <div class=\"aa-card-copy-and-btn-stretch-height-wrapper\">\n                <p><p>\"Fue agradable y gratificante que profesionales tan inteligentes, capaces y conocedores salieran del campo al aula para ayudar a presentar informaci\u00f3n vital a este grupo de personas inteligentes y apasionadas. Fueron un par de d\u00edas atractivos e informativos en los que estoy agradecido de haber podido participar.\"<\/p>\n<p>\"Los instructores son incre\u00edblemente respetuosos y pacientes y nunca se mostraron condescendientes. Gente encantadora\".<\/p>\n<p>\"Grandes presentaciones interactivas. Instructores atractivos con conocimientos expertos\".<\/p>\n<\/p>                <div class=\"aa-testimonial-slide-btn-wrapper\">\n                    <a target=\"_blank\" aria-label=\"Voces de casos no resueltos de personas desaparecidas en eventos de capacitaci\u00f3n en aldeas nativas de Alaska \u2014 opens in a new tab\" class=\"btn sm blue\" href=\"\">\n                        Saber m\u00e1s                    <\/a>\n                <\/div>\n            <\/div>\n        <\/div><!-- end aa-testimonial-slide-body -->\n     <\/div> <!-- end card left -->\n    <!-- card right -->\n    <div class=\"testimonial-slide-right\">\n        <div class=\"aa-testimonial-slide-image\">\n            <img decoding=\"async\" src=\"https:\/\/amberadvocate.org\/wp-content\/uploads\/2024\/09\/UMPANV-thumb.jpg\" alt=\"Voces de casos no resueltos de personas desaparecidas en eventos de capacitaci\u00f3n en aldeas nativas de Alaska\"\/>        <\/div>\n    <\/div> <!-- end card right -->\n    <!-- <div id=\"orange-bar-' . esc_attr($aa_post_loop_widget_id) . '\" class=\"orange-bar\"><\/div> -->\n<\/div><div class=\"aa-testimonial-slide aa-card\" role=\"article\" aria-labelledby=\"card-title-1\">\n    <!-- card left -->\n     <div class=\"testimonial-slide-left\">\n        <div class=\"aa-testimonial-slide-header\">\n            <h4 id=\"card-title-1\" class=\"aa-testimonial-slide-title\">Tr\u00e1fico sexual de menores para primeros intervinientes | 19 de abril de 2024 | Dover, PA<\/h4>\n        <\/div>\n        <div class=\"aa-testimonial-slide-body \">\n            <div class=\"aa-card-copy-and-btn-stretch-height-wrapper\">\n                <p><p>\"Los presentadores estaban bien informados y realmente intentaron implicar a los participantes\".<\/p>\n<p>\"La formaci\u00f3n mejor\u00f3 mi comprensi\u00f3n de lo que hay que buscar y de las preguntas que hay que hacer al hablar con las v\u00edctimas\".<\/p>\n<p>\"Me gust\u00f3 el debate en grupo y los muchos grupos diferentes con los que pudimos hablar durante la formaci\u00f3n\".<\/p>\n<p>\"Me siento m\u00e1s seguro haciendo las preguntas adecuadas y buscando las se\u00f1ales adecuadas que indiquen TSC\".<\/p>\n<\/p>                <div class=\"aa-testimonial-slide-btn-wrapper\">\n                    <a target=\"_blank\" aria-label=\"Tr\u00e1fico sexual de menores para primeros intervinientes | 19 de abril de 2024 | Dover, PA \u2014 opens in a new tab\" class=\"btn sm blue\" href=\"\">\n                        Saber m\u00e1s                    <\/a>\n                <\/div>\n            <\/div>\n        <\/div><!-- end aa-testimonial-slide-body -->\n     <\/div> <!-- end card left -->\n    <!-- card right -->\n    <div class=\"testimonial-slide-right\">\n        <div class=\"aa-testimonial-slide-image\">\n            <img decoding=\"async\" src=\"https:\/\/amberadvocate.org\/wp-content\/uploads\/2024\/05\/CST_FR_THUMBNAIL.jpg\" alt=\"Tr\u00e1fico sexual de menores para primeros intervinientes | 19 de abril de 2024 | Dover, PA\"\/>        <\/div>\n    <\/div> <!-- end card right -->\n    <!-- <div id=\"orange-bar-' . esc_attr($aa_post_loop_widget_id) . '\" class=\"orange-bar\"><\/div> -->\n<\/div><div class=\"aa-testimonial-slide aa-card\" role=\"article\" aria-labelledby=\"card-title-1\">\n    <!-- card left -->\n     <div class=\"testimonial-slide-left\">\n        <div class=\"aa-testimonial-slide-header\">\n            <h4 id=\"card-title-1\" class=\"aa-testimonial-slide-title\">Voces de las operaciones de b\u00fasqueda y rastreo en eventos de capacitaci\u00f3n sobre investigaciones de secuestro de menores<\/h4>\n        <\/div>\n        <div class=\"aa-testimonial-slide-body \">\n            <div class=\"aa-card-copy-and-btn-stretch-height-wrapper\">\n                <p><p>\"La formaci\u00f3n me proporcion\u00f3 informaci\u00f3n actualizada sobre este tema que puedo incorporar a mis tareas habituales, as\u00ed como a la instrucci\u00f3n de la academia de polic\u00eda\".<\/p>\n<p>\u201cEsta formaci\u00f3n ha sido muy informativa. Implementaremos esta t\u00e9cnica de rastreo en nuestro departamento\u201d.<\/p>\n<p>\"La clase proporcion\u00f3 conocimientos y previsi\u00f3n para anticipar los retos a los que puede enfrentarse mi agencia\".<\/p>\n<\/p>                <div class=\"aa-testimonial-slide-btn-wrapper\">\n                    <a target=\"_blank\" aria-label=\"Voces de las operaciones de b\u00fasqueda y rastreo en eventos de capacitaci\u00f3n sobre investigaciones de secuestro de menores \u2014 opens in a new tab\" class=\"btn sm blue\" href=\"\">\n                        Saber m\u00e1s                    <\/a>\n                <\/div>\n            <\/div>\n        <\/div><!-- end aa-testimonial-slide-body -->\n     <\/div> <!-- end card left -->\n    <!-- card right -->\n    <div class=\"testimonial-slide-right\">\n        <div class=\"aa-testimonial-slide-image\">\n            <img decoding=\"async\" src=\"https:\/\/amberadvocate.org\/wp-content\/uploads\/2024\/05\/search-field-thumb-1-scaled-1.jpg\" alt=\"Voces de las operaciones de b\u00fasqueda y rastreo en eventos de capacitaci\u00f3n sobre investigaciones de secuestro de menores\"\/>        <\/div>\n    <\/div> <!-- end card right -->\n    <!-- <div id=\"orange-bar-' . esc_attr($aa_post_loop_widget_id) . '\" class=\"orange-bar\"><\/div> -->\n<\/div><div class=\"aa-testimonial-slide aa-card\" role=\"article\" aria-labelledby=\"card-title-1\">\n    <!-- card left -->\n     <div class=\"testimonial-slide-left\">\n        <div class=\"aa-testimonial-slide-header\">\n            <h4 id=\"card-title-1\" class=\"aa-testimonial-slide-title\">Ejercicio de mesa sobre sustracci\u00f3n de menores | 4 de abril de 2024 | Pleasant Grove, UT<\/h4>\n        <\/div>\n        <div class=\"aa-testimonial-slide-body \">\n            <div class=\"aa-card-copy-and-btn-stretch-height-wrapper\">\n                <p><p>\"Disfrut\u00e9 de la conversaci\u00f3n colaborativa de todos los asistentes. Cada participante aport\u00f3 su propia \u00e1rea de conocimiento para contribuir al debate general, lo que permiti\u00f3 un enfoque cohesionado de la resoluci\u00f3n de problemas.\"<\/p>\n<p>\"Apreci\u00e9 los conocimientos y la experiencia de los instructores, que nos permitieron a todos como grupo llegar a<br> con buenas ideas y nos instruyeron cuando necesitamos tomar medidas como equipo de la CART\".<\/p>\n<p>\"Me gust\u00f3 el hecho de que todos tuvi\u00e9ramos que participar en la formaci\u00f3n. Tambi\u00e9n me encant\u00f3 que el presentador tuviera mucha experiencia que compartir\".<\/p>\n<\/p>                <div class=\"aa-testimonial-slide-btn-wrapper\">\n                    <a target=\"_blank\" aria-label=\"Ejercicio de mesa sobre sustracci\u00f3n de menores | 4 de abril de 2024 | Pleasant Grove, UT \u2014 opens in a new tab\" class=\"btn sm blue\" href=\"\">\n                        Saber m\u00e1s                    <\/a>\n                <\/div>\n            <\/div>\n        <\/div><!-- end aa-testimonial-slide-body -->\n     <\/div> <!-- end card left -->\n    <!-- card right -->\n    <div class=\"testimonial-slide-right\">\n        <div class=\"aa-testimonial-slide-image\">\n            <img decoding=\"async\" src=\"https:\/\/amberadvocate.org\/wp-content\/uploads\/2022\/11\/CATE_Nov-2022-scaled.jpg\" alt=\"Ejercicio de mesa sobre sustracci\u00f3n de menores | 4 de abril de 2024 | Pleasant Grove, UT\"\/>        <\/div>\n    <\/div> <!-- end card right -->\n    <!-- <div id=\"orange-bar-' . esc_attr($aa_post_loop_widget_id) . '\" class=\"orange-bar\"><\/div> -->\n<\/div><div class=\"aa-testimonial-slide aa-card\" role=\"article\" aria-labelledby=\"card-title-1\">\n    <!-- card left -->\n     <div class=\"testimonial-slide-left\">\n        <div class=\"aa-testimonial-slide-header\">\n            <h4 id=\"card-title-1\" class=\"aa-testimonial-slide-title\">Voces de los eventos de formaci\u00f3n sobre las mejores pr\u00e1cticas para la activaci\u00f3n de la Alerta AMBER<\/h4>\n        <\/div>\n        <div class=\"aa-testimonial-slide-body \">\n            <div class=\"aa-card-copy-and-btn-stretch-height-wrapper\">\n                <p><p>\"Los presentadores estaban muy bien informados y presentaron la formaci\u00f3n de forma que mantuvieron la atenci\u00f3n de los asistentes. Toda la informaci\u00f3n era valiosa\".<\/p>\n<p>\"Me gust\u00f3 aprender a entender los distintos tipos de alertas y saber cu\u00e1ndo utilizarlas para los distintos tipos de llamadas de ni\u00f1os\/personas desaparecidos\".<\/p>\n<p>\"Tengo una idea m\u00e1s clara de c\u00f3mo puedo ayudar a las unidades sobre el terreno a explicar mejor a los padres los pasos necesarios y otra informaci\u00f3n que necesitamos para emitir correctamente\".<\/p>\n<p>\"Me gust\u00f3 todo el compromiso de la clase, y lo \u00fatil que era la informaci\u00f3n, incluso para mi peque\u00f1a agencia\".<\/p>\n<\/p>                <div class=\"aa-testimonial-slide-btn-wrapper\">\n                    <a target=\"_blank\" aria-label=\"Voces de los eventos de formaci\u00f3n sobre las mejores pr\u00e1cticas para la activaci\u00f3n de la Alerta AMBER \u2014 opens in a new tab\" class=\"btn sm blue\" href=\"\">\n                        Saber m\u00e1s                    <\/a>\n                <\/div>\n            <\/div>\n        <\/div><!-- end aa-testimonial-slide-body -->\n     <\/div> <!-- end card left -->\n    <!-- card right -->\n    <div class=\"testimonial-slide-right\">\n        <div class=\"aa-testimonial-slide-image\">\n            <img decoding=\"async\" src=\"https:\/\/amberadvocate.org\/wp-content\/uploads\/2024\/09\/aaabp-thumb.jpg\" alt=\"Voces de los eventos de formaci\u00f3n sobre las mejores pr\u00e1cticas para la activaci\u00f3n de la Alerta AMBER\"\/>        <\/div>\n    <\/div> <!-- end card right -->\n    <!-- <div id=\"orange-bar-' . esc_attr($aa_post_loop_widget_id) . '\" class=\"orange-bar\"><\/div> -->\n<\/div><div class=\"aa-testimonial-slide aa-card\" role=\"article\" aria-labelledby=\"card-title-1\">\n    <!-- card left -->\n     <div class=\"testimonial-slide-left\">\n        <div class=\"aa-testimonial-slide-header\">\n            <h4 id=\"card-title-1\" class=\"aa-testimonial-slide-title\">Introducci\u00f3n a los Equipos de Respuesta a la Sustracci\u00f3n de Menores (CART), Formaci\u00f3n virtual en directo dirigida por un instructor con Argentina | 5 de junio de 2024<\/h4>\n        <\/div>\n        <div class=\"aa-testimonial-slide-body \">\n            <div class=\"aa-card-copy-and-btn-stretch-height-wrapper\">\n                <p><p class=\"Default\"><span style=\"font-size: 11.0pt\">\"Apreci\u00e9 la profesionalidad con la que se organiz\u00f3 la formaci\u00f3n, el entorno utilizado, la traducci\u00f3n simult\u00e1nea, la calidad de los ponentes y su claridad.\"<\/span><\/p>\n<p class=\"Default\"><span style=\"font-size: 11.0pt\">\"El curso de formaci\u00f3n me pareci\u00f3 estupendo. La calidad y claridad de las presentaciones, las historias de los familiares y los estudios y res\u00famenes de casos, todo ello demostr\u00f3 la calidad del curso de formaci\u00f3n.\"<\/span><\/p>\n<p class=\"Default\"><span style=\"font-size: 11.0pt\">\"Excelente curso de formaci\u00f3n. Muy completo y profesional. Se trat\u00f3 mucha informaci\u00f3n y, sin embargo, \u00a1se mantuvo el inter\u00e9s y la atenci\u00f3n! Muchas gracias\".<\/span><\/p>\n<\/p>                <div class=\"aa-testimonial-slide-btn-wrapper\">\n                    <a target=\"_blank\" aria-label=\"Introducci\u00f3n a los Equipos de Respuesta a la Sustracci\u00f3n de Menores (CART), Formaci\u00f3n virtual en directo dirigida por un instructor con Argentina | 5 de junio de 2024 \u2014 opens in a new tab\" class=\"btn sm blue\" href=\"\">\n                        Saber m\u00e1s                    <\/a>\n                <\/div>\n            <\/div>\n        <\/div><!-- end aa-testimonial-slide-body -->\n     <\/div> <!-- end card left -->\n    <!-- card right -->\n    <div class=\"testimonial-slide-right\">\n        <div class=\"aa-testimonial-slide-image\">\n            <img decoding=\"async\" src=\"https:\/\/amberadvocate.org\/wp-content\/uploads\/2021\/03\/AdobeStock_370281197-scaled.jpeg\" alt=\"Introducci\u00f3n a los Equipos de Respuesta a la Sustracci\u00f3n de Menores (CART), Formaci\u00f3n virtual en directo dirigida por un instructor con Argentina | 5 de junio de 2024\"\/>        <\/div>\n    <\/div> <!-- end card right -->\n    <!-- <div id=\"orange-bar-' . esc_attr($aa_post_loop_widget_id) . '\" class=\"orange-bar\"><\/div> -->\n<\/div><div class=\"aa-testimonial-slide aa-card\" role=\"article\" aria-labelledby=\"card-title-1\">\n    <!-- card left -->\n     <div class=\"testimonial-slide-left\">\n        <div class=\"aa-testimonial-slide-header\">\n            <h4 id=\"card-title-1\" class=\"aa-testimonial-slide-title\">Tr\u00e1fico sexual de menores para primeros intervinientes | 12 de junio de 2024 | Catawissa, PA<\/h4>\n        <\/div>\n        <div class=\"aa-testimonial-slide-body \">\n            <div class=\"aa-card-copy-and-btn-stretch-height-wrapper\">\n                <p><p>\"Esta formaci\u00f3n fue incre\u00edblemente atractiva y llena de conocimientos y estrategias aplicables y pr\u00e1cticas para departamentos\/\u00e1reas de cualquier tama\u00f1o.\"<\/p>\n<p>\"Apreci\u00e9 la experiencia pr\u00e1ctica de los instructores. Est\u00e1 claro que han trabajado mucho y con \u00e9xito en la rama de las fuerzas de seguridad.\"<\/p>\n<p>\"Me sent\u00ed muy honrada de haber tenido la oportunidad de asistir a este curso. Aprend\u00ed much\u00edsimo. Todos los instructores eran profesionales, experimentados e interesantes. Gracias\".<\/p>\n<\/p>                <div class=\"aa-testimonial-slide-btn-wrapper\">\n                    <a target=\"_blank\" aria-label=\"Tr\u00e1fico sexual de menores para primeros intervinientes | 12 de junio de 2024 | Catawissa, PA \u2014 opens in a new tab\" class=\"btn sm blue\" href=\"\">\n                        Saber m\u00e1s                    <\/a>\n                <\/div>\n            <\/div>\n        <\/div><!-- end aa-testimonial-slide-body -->\n     <\/div> <!-- end card left -->\n    <!-- card right -->\n    <div class=\"testimonial-slide-right\">\n        <div class=\"aa-testimonial-slide-image\">\n            <img decoding=\"async\" src=\"https:\/\/amberadvocate.org\/wp-content\/uploads\/2024\/05\/CST_FR_THUMBNAIL.jpg\" alt=\"Tr\u00e1fico sexual de menores para primeros intervinientes | 12 de junio de 2024 | Catawissa, PA\"\/>        <\/div>\n    <\/div> <!-- end card right -->\n    <!-- <div id=\"orange-bar-' . esc_attr($aa_post_loop_widget_id) . '\" class=\"orange-bar\"><\/div> -->\n<\/div><div class=\"aa-testimonial-slide aa-card\" role=\"article\" aria-labelledby=\"card-title-1\">\n    <!-- card left -->\n     <div class=\"testimonial-slide-left\">\n        <div class=\"aa-testimonial-slide-header\">\n            <h4 id=\"card-title-1\" class=\"aa-testimonial-slide-title\">Equipo de Respuesta a la Sustracci\u00f3n de Menores (CART) | 29-31 mayo | Orlando, FL<\/h4>\n        <\/div>\n        <div class=\"aa-testimonial-slide-body \">\n            <div class=\"aa-card-copy-and-btn-stretch-height-wrapper\">\n                <p><p>\"Disfrut\u00e9 mucho de esta formaci\u00f3n. Aprend\u00ed mucho y todos los instructores son expertos y ofrecieron grandes presentaciones. Gracias\".<\/p>\n<p>\"Disfrut\u00e9 mucho de la clase y de la informaci\u00f3n. Los recursos son un factor enorme en casos como \u00e9ste. Pude obtener recursos incre\u00edbles que ayudar\u00e1n a mi agencia y a mi ciudad.\"<\/p>\n<p>\"Pondremos esta informaci\u00f3n en presentaciones para educar a futuros coordinadores CART y hablaremos con la gente de nuestra agencia sobre lo que hemos aprendido. Tambi\u00e9n pondremos en pr\u00e1ctica los nuevos recursos que aprendimos en la clase\".<\/p>\n<\/p>                <div class=\"aa-testimonial-slide-btn-wrapper\">\n                    <a target=\"_blank\" aria-label=\"Equipo de Respuesta a la Sustracci\u00f3n de Menores (CART) | 29-31 mayo | Orlando, FL \u2014 opens in a new tab\" class=\"btn sm blue\" href=\"\">\n                        Saber m\u00e1s                    <\/a>\n                <\/div>\n            <\/div>\n        <\/div><!-- end aa-testimonial-slide-body -->\n     <\/div> <!-- end card left -->\n    <!-- card right -->\n    <div class=\"testimonial-slide-right\">\n        <div class=\"aa-testimonial-slide-image\">\n            <img decoding=\"async\" src=\"https:\/\/amberadvocate.org\/wp-content\/uploads\/2024\/05\/cart-resources.jpg\" alt=\"Equipo de Respuesta a la Sustracci\u00f3n de Menores (CART) | 29-31 mayo | Orlando, FL\"\/>        <\/div>\n    <\/div> <!-- end card right -->\n    <!-- <div id=\"orange-bar-' . esc_attr($aa_post_loop_widget_id) . '\" class=\"orange-bar\"><\/div> -->\n<\/div><div class=\"aa-testimonial-slide aa-card\" role=\"article\" aria-labelledby=\"card-title-1\">\n    <!-- card left -->\n     <div class=\"testimonial-slide-left\">\n        <div class=\"aa-testimonial-slide-header\">\n            <h4 id=\"card-title-1\" class=\"aa-testimonial-slide-title\">Testimonios de los eventos de formaci\u00f3n del Equipo de Respuesta ante el Secuestro de Ni\u00f1os (CART)<\/h4>\n        <\/div>\n        <div class=\"aa-testimonial-slide-body \">\n            <div class=\"aa-card-copy-and-btn-stretch-height-wrapper\">\n                <p><p>\u00abSal\u00ed de la clase sinti\u00e9ndome m\u00e1s preparado y entusiasmado por iniciar nuestro propio equipo CART aqu\u00ed en Madison.\u00bb<\/p>\n<p>\u00abMe gust\u00f3 que la capacitaci\u00f3n de CART proporcionara relatos de la vida real que ofrecieran detalles desde el principio hasta el final en lo que respecta a los antecedentes, la familia, la investigaci\u00f3n y la resoluci\u00f3n. Me hizo comprender mejor ambas caras de la moneda: la familia\/v\u00edctima y la polic\u00eda\u00bb.<\/p>\n<p>\u00abLa cantidad de experiencia y conocimiento que tienen ambos instructores es notable. La forma en que ambos interactuaron con la clase y respaldaron todo con experiencia pr\u00e1ctica fue incre\u00edble.\u00bb<\/p>\n<p>\u00a0<\/p>\n<\/p>                <div class=\"aa-testimonial-slide-btn-wrapper\">\n                    <a target=\"_blank\" aria-label=\"Testimonios de los eventos de formaci\u00f3n del Equipo de Respuesta ante el Secuestro de Ni\u00f1os (CART) \u2014 opens in a new tab\" class=\"btn sm blue\" href=\"\">\n                        Saber m\u00e1s                    <\/a>\n                <\/div>\n            <\/div>\n        <\/div><!-- end aa-testimonial-slide-body -->\n     <\/div> <!-- end card left -->\n    <!-- card right -->\n    <div class=\"testimonial-slide-right\">\n        <div class=\"aa-testimonial-slide-image\">\n            <img decoding=\"async\" src=\"https:\/\/amberadvocate.org\/wp-content\/uploads\/2024\/05\/missing-child-1-scaled-1.jpg\" alt=\"Testimonios de los eventos de formaci\u00f3n del Equipo de Respuesta ante el Secuestro de Ni\u00f1os (CART)\"\/>        <\/div>\n    <\/div> <!-- end card right -->\n    <!-- <div id=\"orange-bar-' . esc_attr($aa_post_loop_widget_id) . '\" class=\"orange-bar\"><\/div> -->\n<\/div><div class=\"aa-testimonial-slide aa-card\" role=\"article\" aria-labelledby=\"card-title-1\">\n    <!-- card left -->\n     <div class=\"testimonial-slide-left\">\n        <div class=\"aa-testimonial-slide-header\">\n            <h4 id=\"card-title-1\" class=\"aa-testimonial-slide-title\">Voces de las telecomunicaciones. Mejores pr\u00e1cticas para eventos de capacitaci\u00f3n sobre ni\u00f1os desaparecidos y secuestrados.<\/h4>\n        <\/div>\n        <div class=\"aa-testimonial-slide-body \">\n            <div class=\"aa-card-copy-and-btn-stretch-height-wrapper\">\n                <p><p>\u201cEsto ha sido muy educativo; llevo 10 a\u00f1os en este campo y he aprendido much\u00edsimas cosas nuevas\u201d.<\/p>\n<p>\u201cMe han gustado mucho los ejemplos del mundo real. Con los v\u00eddeos y las grabaciones de audio, he podido identificarme y conectar mejor con la informaci\u00f3n\u201d.<\/p>\n<p>\u201cTodos ustedes demostraron tener much\u00edsimos conocimientos y resultaron muy amenos, algo que puede ser dif\u00edcil en una clase en l\u00ednea\u201d.<\/p>\n<p>\u201cTodas las preguntas de participaci\u00f3n fueron excelentes. Me encant\u00f3 ver a todo el mundo responder y hablar entre s\u00ed\u201d.<\/p>\n<p>\u201cEl hecho de que se centrara realmente en la parte del despacho de radio. Me aport\u00f3 nuevas perspectivas sobre c\u00f3mo abordar las cosas\u201d.<\/p>\n<p>\u00a0<\/p>\n<p>\u00a0<\/p>\n<\/p>                <div class=\"aa-testimonial-slide-btn-wrapper\">\n                    <a target=\"_blank\" aria-label=\"Voces de las telecomunicaciones. Mejores pr\u00e1cticas para eventos de capacitaci\u00f3n sobre ni\u00f1os desaparecidos y secuestrados. \u2014 opens in a new tab\" class=\"btn sm blue\" href=\"\">\n                        Saber m\u00e1s                    <\/a>\n                <\/div>\n            <\/div>\n        <\/div><!-- end aa-testimonial-slide-body -->\n     <\/div> <!-- end card left -->\n    <!-- card right -->\n    <div class=\"testimonial-slide-right\">\n        <div class=\"aa-testimonial-slide-image\">\n            <img decoding=\"async\" src=\"https:\/\/amberadvocate.org\/wp-content\/uploads\/2026\/02\/911-Telecommunicator-LOIL.png\" alt=\"Voces de las telecomunicaciones. Mejores pr\u00e1cticas para eventos de capacitaci\u00f3n sobre ni\u00f1os desaparecidos y secuestrados.\"\/>        <\/div>\n    <\/div> <!-- end card right -->\n    <!-- <div id=\"orange-bar-' . esc_attr($aa_post_loop_widget_id) . '\" class=\"orange-bar\"><\/div> -->\n<\/div><div class=\"aa-testimonial-slide aa-card\" role=\"article\" aria-labelledby=\"card-title-1\">\n    <!-- card left -->\n     <div class=\"testimonial-slide-left\">\n        <div class=\"aa-testimonial-slide-header\">\n            <h4 id=\"card-title-1\" class=\"aa-testimonial-slide-title\">Voces de la trata de ni\u00f1os con fines de explotaci\u00f3n sexual para eventos de capacitaci\u00f3n de personal de primera respuesta<\/h4>\n        <\/div>\n        <div class=\"aa-testimonial-slide-body \">\n            <div class=\"aa-card-copy-and-btn-stretch-height-wrapper\">\n                <p><p><span data-path-to-node=\"1,0,1,0\"><span class=\"citation-185\">\"Pas\u00e9 6 a\u00f1os en la oficina, fui ascendido y ahora soy supervisor de patrulla. <\/span><\/span><span data-path-to-node=\"1,0,1,3\"><span class=\"citation-184\">Creo que las agencias podr\u00edan beneficiarse si los agentes de patrulla recibieran esta formaci\u00f3n para tener una mejor idea de qu\u00e9 buscar, ya que ellos son la fuente de informaci\u00f3n.\"<\/span><\/span><\/p>\n<p>\u00abComo nuevo capit\u00e1n, dirigir\u00e9 las operaciones de trata de personas. Este curso me ha ayudado a obtener una base de informaci\u00f3n para lograrlo\u00bb.<\/p>\n<p>\"Los ejemplos reales de casos fueron de un valor incalculable. Escuchar el testimonio de Jessika fue inspirador.\"<\/p>\n<p>\u00a0<\/p>\n<\/p>                <div class=\"aa-testimonial-slide-btn-wrapper\">\n                    <a target=\"_blank\" aria-label=\"Voces de la trata de ni\u00f1os con fines de explotaci\u00f3n sexual para eventos de capacitaci\u00f3n de personal de primera respuesta \u2014 opens in a new tab\" class=\"btn sm blue\" href=\"\">\n                        Saber m\u00e1s                    <\/a>\n                <\/div>\n            <\/div>\n        <\/div><!-- end aa-testimonial-slide-body -->\n     <\/div> <!-- end card left -->\n    <!-- card right -->\n    <div class=\"testimonial-slide-right\">\n        <div class=\"aa-testimonial-slide-image\">\n            <img decoding=\"async\" src=\"https:\/\/amberadvocate.org\/wp-content\/uploads\/2024\/05\/teen-1.png\" alt=\"Voces de la trata de ni\u00f1os con fines de explotaci\u00f3n sexual para eventos de capacitaci\u00f3n de personal de primera respuesta\"\/>        <\/div>\n    <\/div> <!-- end card right -->\n    <!-- <div id=\"orange-bar-' . esc_attr($aa_post_loop_widget_id) . '\" class=\"orange-bar\"><\/div> -->\n<\/div><div class=\"aa-testimonial-slide aa-card\" role=\"article\" aria-labelledby=\"card-title-1\">\n    <!-- card left -->\n     <div class=\"testimonial-slide-left\">\n        <div class=\"aa-testimonial-slide-header\">\n            <h4 id=\"card-title-1\" class=\"aa-testimonial-slide-title\">Voces de los eventos de capacitaci\u00f3n sobre ejercicios te\u00f3ricos de secuestro de menores (CATE)<\/h4>\n        <\/div>\n        <div class=\"aa-testimonial-slide-body \">\n            <div class=\"aa-card-copy-and-btn-stretch-height-wrapper\">\n                <p><p>\u00abComo veterano con 30 a\u00f1os de servicio en el departamento del sheriff local, me impresion\u00f3 mucho el conocimiento del facilitador del taller sobre estos temas\u00bb<\/p>\n<p>\u201cYa hemos fijado una fecha de reuni\u00f3n con nuestro enlace tribal en la oficina del sheriff para revisar los esquemas de pol\u00edticas, el MOU y la formaci\u00f3n adicional en este campo.\u201d<\/p>\n<p>\u00abLa desgarradora historia de una madre que perdi\u00f3 a su hijo realmente consolid\u00f3 el valor de aumentar nuestra eficacia colectiva en la lucha contra el secuestro de menores. Fue extraordinariamente valiente e inspiradora al contar su historia\u00bb<\/p>\n<p>\u00a0<\/p>\n<p>\u00a0<\/p>\n<\/p>                <div class=\"aa-testimonial-slide-btn-wrapper\">\n                    <a target=\"_blank\" aria-label=\"Voces de los eventos de capacitaci\u00f3n sobre ejercicios te\u00f3ricos de secuestro de menores (CATE) \u2014 opens in a new tab\" class=\"btn sm blue\" href=\"\">\n                        Saber m\u00e1s                    <\/a>\n                <\/div>\n            <\/div>\n        <\/div><!-- end aa-testimonial-slide-body -->\n     <\/div> <!-- end card left -->\n    <!-- card right -->\n    <div class=\"testimonial-slide-right\">\n        <div class=\"aa-testimonial-slide-image\">\n            <img decoding=\"async\" src=\"https:\/\/amberadvocate.org\/wp-content\/uploads\/2022\/11\/CATE_Nov-2022-scaled.jpg\" alt=\"Voces de los eventos de capacitaci\u00f3n sobre ejercicios te\u00f3ricos de secuestro de menores (CATE)\"\/>        <\/div>\n    <\/div> <!-- end card right -->\n    <!-- <div id=\"orange-bar-' . esc_attr($aa_post_loop_widget_id) . '\" class=\"orange-bar\"><\/div> -->\n<\/div><\/div> <!-- end .aa-post-loop-container -->\n<button id=\"toggle-autoplay-aa-post-loop-widget-69f39a25db181\" class=\"toggle-autoplay-button\"aria-label=\"Toggle autoplay for slider\">\n            <i class=\"fa fa-pause\"><\/i> <!-- Initial state is pause if autoplay is enabled -->\n          <\/button><\/div><\/div><\/div><\/div><div id=\"pg-29573-8\"  class=\"panel-grid panel-has-style\" ><div class=\"siteorigin-panels-stretch panel-row-style panel-row-style-for-29573-8\" data-stretch-type=\"full\" ><div id=\"pgc-29573-8-0\"  class=\"panel-grid-cell\" ><div id=\"panel-29573-8-0-0\" class=\"so-panel widget widget_aa-count-up-widget panel-first-child panel-last-child\" data-index=\"14\" ><div\n\t\t\t\n\t\t\tclass=\"so-widget-aa-count-up-widget so-widget-aa-count-up-widget-default-d75171398898-29573\"\n\t\t\t\n\t\t><div class=\"uuCountUp\" id=\"uu-count-up-184368816665ffa0c8cd79f602273486\"><\/div>\n\n\n\n\n\n\n\n\n\n\n\n\n\n<\/div><\/div><\/div><div id=\"pgc-29573-8-1\"  class=\"panel-grid-cell\" ><div class=\"panel-cell-style panel-cell-style-for-29573-8-1\" ><div id=\"panel-29573-8-1-0\" class=\"so-panel widget widget_sow-editor panel-first-child panel-last-child\" data-index=\"15\" ><div\n\t\t\t\n\t\t\tclass=\"so-widget-sow-editor so-widget-sow-editor-base\"\n\t\t\t\n\t\t>\n<div class=\"siteorigin-widget-tinymce textwidget\">\n\t<h2 style=\"text-align: center;\"><span style=\"color: #ffffff;\">NI\u00d1OS RECUPERADOS SANOS Y SALVOS CON LA AYUDA DE ALERTA \u00c1MBAR<\/span><\/h2>\n<p style=\"text-align: center; margin-bottom: 0px;\"><span style=\"color: #ffffff;\">A partir del 18 de diciembre de 2025<\/span><\/p>\n<\/div>\n<\/div><\/div><\/div><\/div><\/div><\/div><div id=\"pg-29573-9\"  class=\"panel-grid panel-has-style\" ><div class=\"aa-card panel-row-style panel-row-style-for-29573-9\" ><div id=\"pgc-29573-9-0\"  class=\"panel-grid-cell\" ><div id=\"panel-29573-9-0-0\" class=\"so-panel widget widget_siteorigin-panels-builder panel-first-child panel-last-child\" data-index=\"16\" ><div id=\"pl-w6930539cc7d22\"  class=\"panel-layout\" ><div id=\"pg-w6930539cc7d22-0\"  class=\"panel-grid panel-no-style\" ><div id=\"pgc-w6930539cc7d22-0-0\"  class=\"panel-grid-cell\" ><div id=\"panel-w6930539cc7d22-0-0-0\" class=\"so-panel widget widget_media_image panel-first-child panel-last-child\" data-index=\"0\" ><img decoding=\"async\" src=\"https:\/\/amberadvocate.org\/wp-content\/uploads\/2024\/05\/alert-1.svg\" class=\"image wp-image-25892  attachment-full size-full\" alt=\"\" style=\"max-width: 100%; height: auto;\" \/><\/div><\/div><div id=\"pgc-w6930539cc7d22-0-1\"  class=\"panel-grid-cell\" ><div id=\"panel-w6930539cc7d22-0-1-0\" class=\"so-panel widget widget_sow-editor panel-first-child panel-last-child\" data-index=\"1\" ><div class=\"panel-widget-style panel-widget-style-for-w6930539cc7d22-0-1-0\" ><div\n\t\t\t\n\t\t\tclass=\"so-widget-sow-editor so-widget-sow-editor-base\"\n\t\t\t\n\t\t>\n<div class=\"siteorigin-widget-tinymce textwidget\">\n\t<h2 style=\"text-align: center;\">PARA INFORMAR DE UN NI\u00d1O DESAPARECIDO, SECUESTRADO O EN PELIGRO:<\/h2>\n<h2 style=\"text-align: center;\">LLAMA INMEDIATAMENTE AL 911<\/h2>\n<hr>\n<h4>Despu\u00e9s de llamar al 911, tambi\u00e9n puedes ponerte en contacto con el Centro Nacional para Menores Desaparecidos y Explotados para obtener ayuda adicional en:<\/h4>\n<h3><strong>1-800-THE-LOST<\/strong><\/h3>\n<h4>No podemos aceptar denuncias de ni\u00f1os desaparecidos sobre consultas a trav\u00e9s de este sitio web. Para buscar o encontrar informaci\u00f3n sobre ni\u00f1os desaparecidos actualmente, visita<\/h4>\n<p><a href=\"https:\/\/www.missingkids.org\/gethelpnow\/amber\" target=\"_blank\" rel=\"noopener\">https:\/\/www.missingkids.org\/gethelpnow\/amber<\/a><\/p>\n<\/div>\n<\/div><\/div><\/div><\/div><\/div><\/div><\/div><\/div><\/div><\/div><\/div>","protected":false},"excerpt":{"rendered":"<p>El Defensor AMBER P\u00e1gina Web Oficial del Programa de Formaci\u00f3n y Asistencia T\u00e9cnica de la Alerta AMBER Una iniciativa del Departamento de Justicia de EE.UU. Revista AMBER Advocate: N\u00famero actual Formaci\u00f3n Oportunidades de formaci\u00f3n presencial y en l\u00edneaSaber m\u00e1sCARTProgramas del Equipo de Respuesta a la Sustracci\u00f3n de MenoresSaber m\u00e1sRecursosAlerta AMBER y recursos de protecci\u00f3n de [&hellip;]<\/p>\n","protected":false},"author":10,"featured_media":0,"parent":0,"menu_order":-1,"comment_status":"closed","ping_status":"closed","template":"","meta":{"_bbp_topic_count":0,"_bbp_reply_count":0,"_bbp_total_topic_count":0,"_bbp_total_reply_count":0,"_bbp_voice_count":0,"_bbp_anonymous_reply_count":0,"_bbp_topic_count_hidden":0,"_bbp_reply_count_hidden":0,"_bbp_forum_subforum_count":0,"_analytify_skip_tracking":false,"footnotes":"[Spanish] "},"class_list":["post-29573","page","type-page","status-publish","hentry"],"meta_box":{"aa_theme_enable_blocks_editor":"0","aa_theme_featured_img_position":""},"publishpress_future_workflow_manual_trigger":{"enabledWorkflows":[]},"_links":{"self":[{"href":"https:\/\/amberadvocate.org\/es\/wp-json\/wp\/v2\/pages\/29573","targetHints":{"allow":["GET"]}}],"collection":[{"href":"https:\/\/amberadvocate.org\/es\/wp-json\/wp\/v2\/pages"}],"about":[{"href":"https:\/\/amberadvocate.org\/es\/wp-json\/wp\/v2\/types\/page"}],"author":[{"embeddable":true,"href":"https:\/\/amberadvocate.org\/es\/wp-json\/wp\/v2\/users\/10"}],"replies":[{"embeddable":true,"href":"https:\/\/amberadvocate.org\/es\/wp-json\/wp\/v2\/comments?post=29573"}],"version-history":[{"count":0,"href":"https:\/\/amberadvocate.org\/es\/wp-json\/wp\/v2\/pages\/29573\/revisions"}],"wp:attachment":[{"href":"https:\/\/amberadvocate.org\/es\/wp-json\/wp\/v2\/media?parent=29573"}],"curies":[{"name":"wp","href":"https:\/\/api.w.org\/{rel}","templated":true}]}}